{"id":40825,"date":"2026-09-03T16:26:26","date_gmt":"2026-09-03T16:26:26","guid":{"rendered":"https:\/\/arr.pt\/property\/vertice\/"},"modified":"2026-09-03T16:26:26","modified_gmt":"2026-09-03T16:26:26","slug":"vertice","status":"publish","type":"property","link":"https:\/\/arr.pt\/pt\/property\/vertice\/","title":{"rendered":"Vertice"},"content":{"rendered":"<p>\u0416\u0438\u043b\u043e\u0439 \u043a\u043e\u043c\u043f\u043b\u0435\u043a\u0441 Vertice \u0440\u0430\u0441\u043f\u043e\u043b\u043e\u0436\u0435\u043d \u0432 Areeiro, Lisboa. \u0414\u043e\u0441\u0442\u0443\u043f\u043d\u044b \u0442\u0438\u043f\u043e\u043b\u043e\u0433\u0438\u0438 T2, T3, T4, T5. \u0426\u0435\u043d\u044b \u043d\u0430\u0447\u0438\u043d\u0430\u044e\u0442\u0441\u044f \u043e\u0442 \u20ac750.000.<\/p>","protected":false},"excerpt":{"rendered":"<p>\u0416\u0438\u043b\u043e\u0439 \u043a\u043e\u043c\u043f\u043b\u0435\u043a\u0441 Vertice \u0440\u0430\u0441\u043f\u043e\u043b\u043e\u0436\u0435\u043d \u0432 Areeiro, Lisboa. \u0414\u043e\u0441\u0442\u0443\u043f\u043d\u044b \u0442\u0438\u043f\u043e\u043b\u043e\u0433\u0438\u0438 T2, T3, T4, T5. \u0426\u0435\u043d\u044b \u043d\u0430\u0447\u0438\u043d\u0430\u044e\u0442\u0441\u044f \u043e\u0442 \u20ac750.000.<\/p>","protected":false},"author":1,"featured_media":40826,"parent":0,"menu_order":0,"template":"","property_type":[209],"property_status":[232],"property_feature":[],"property_label":[],"property_city":[23],"class_list":["post-40825","property","type-property","status-publish","has-post-thumbnail","hentry","property_type-new","property_status-sale","property_city-lisboa"],"aioseo_notices":[],"aioseo_head":"\n\t\t<!-- All in One SEO 5.0.1.1 - aioseo.com -->\n\t<meta name=\"description\" content=\"\u0416\u0438\u043b\u043e\u0439 \u043a\u043e\u043c\u043f\u043b\u0435\u043a\u0441 Vertice \u0440\u0430\u0441\u043f\u043e\u043b\u043e\u0436\u0435\u043d \u0432 Areeiro, Lisboa. \u0414\u043e\u0441\u0442\u0443\u043f\u043d\u044b \u0442\u0438\u043f\u043e\u043b\u043e\u0433\u0438\u0438 T2, T3, T4, T5. \u0426\u0435\u043d\u044b \u043d\u0430\u0447\u0438\u043d\u0430\u044e\u0442\u0441\u044f \u043e\u0442 \u20ac750.000.\" \/>\n\t<meta name=\"robots\" content=\"max-image-preview:large\" \/>\n\t<meta name=\"author\" content=\"arr\"\/>\n\t<link rel=\"canonical\" href=\"https:\/\/arr.pt\/pt\/property\/vertice\/\" \/>\n\t<meta name=\"generator\" content=\"All in One SEO (AIOSEO) 5.0.1.1\" \/>\n\t\t<meta property=\"og:locale\" content=\"pt_PT\" \/>\n\t\t<meta property=\"og:site_name\" content=\"\u041d\u0435\u0434\u0432\u0438\u0436\u0438\u043c\u043e\u0441\u0442\u044c \u0432 \u041f\u043e\u0440\u0442\u0443\u0433\u0430\u043b\u0438\u0438 -\" \/>\n\t\t<meta property=\"og:type\" content=\"article\" \/>\n\t\t<meta property=\"og:title\" content=\"Vertice - \u041d\u0435\u0434\u0432\u0438\u0436\u0438\u043c\u043e\u0441\u0442\u044c \u0432 \u041f\u043e\u0440\u0442\u0443\u0433\u0430\u043b\u0438\u0438\" \/>\n\t\t<meta property=\"og:description\" content=\"\u0416\u0438\u043b\u043e\u0439 \u043a\u043e\u043c\u043f\u043b\u0435\u043a\u0441 Vertice \u0440\u0430\u0441\u043f\u043e\u043b\u043e\u0436\u0435\u043d \u0432 Areeiro, Lisboa. \u0414\u043e\u0441\u0442\u0443\u043f\u043d\u044b \u0442\u0438\u043f\u043e\u043b\u043e\u0433\u0438\u0438 T2, T3, T4, T5. \u0426\u0435\u043d\u044b \u043d\u0430\u0447\u0438\u043d\u0430\u044e\u0442\u0441\u044f \u043e\u0442 \u20ac750.000.\" \/>\n\t\t<meta property=\"og:url\" content=\"https:\/\/arr.pt\/pt\/property\/vertice\/\" \/>\n\t\t<meta property=\"og:image\" content=\"https:\/\/arr.pt\/wp-content\/uploads\/2022\/01\/logo.svg\" \/>\n\t\t<meta property=\"og:image:secure_url\" content=\"https:\/\/arr.pt\/wp-content\/uploads\/2022\/01\/logo.svg\" \/>\n\t\t<meta property=\"og:image:width\" content=\"432\" \/>\n\t\t<meta property=\"og:image:height\" content=\"140\" \/>\n\t\t<meta property=\"article:published_time\" content=\"2026-09-03T16:26:26+00:00\" \/>\n\t\t<meta property=\"article:modified_time\" content=\"2026-09-03T16:26:26+00:00\" \/>\n\t\t<meta property=\"article:publisher\" content=\"https:\/\/www.facebook.com\/arr.portugal\" \/>\n\t\t<meta name=\"twitter:card\" content=\"summary\" \/>\n\t\t<meta name=\"twitter:site\" content=\"@arrpt2\" \/>\n\t\t<meta name=\"twitter:title\" content=\"Vertice - \u041d\u0435\u0434\u0432\u0438\u0436\u0438\u043c\u043e\u0441\u0442\u044c \u0432 \u041f\u043e\u0440\u0442\u0443\u0433\u0430\u043b\u0438\u0438\" \/>\n\t\t<meta name=\"twitter:description\" content=\"\u0416\u0438\u043b\u043e\u0439 \u043a\u043e\u043c\u043f\u043b\u0435\u043a\u0441 Vertice \u0440\u0430\u0441\u043f\u043e\u043b\u043e\u0436\u0435\u043d \u0432 Areeiro, Lisboa. \u0414\u043e\u0441\u0442\u0443\u043f\u043d\u044b \u0442\u0438\u043f\u043e\u043b\u043e\u0433\u0438\u0438 T2, T3, T4, T5. \u0426\u0435\u043d\u044b \u043d\u0430\u0447\u0438\u043d\u0430\u044e\u0442\u0441\u044f \u043e\u0442 \u20ac750.000.\" \/>\n\t\t<meta name=\"twitter:creator\" content=\"@arrpt2\" \/>\n\t\t<meta name=\"twitter:image\" content=\"https:\/\/arr.pt\/wp-content\/uploads\/2022\/01\/logo.svg\" \/>\n\t\t<script type=\"application\/ld+json\" class=\"aioseo-schema\">\n\t\t\t{\"@context\":\"https:\\\/\\\/schema.org\",\"@graph\":[{\"@type\":\"ApartmentComplex\",\"@id\":\"https:\\\/\\\/arr.pt\\\/pt\\\/property\\\/vertice\\\/#property\",\"name\":\"Vertice\",\"url\":\"https:\\\/\\\/arr.pt\\\/pt\\\/property\\\/vertice\\\/\",\"mainEntityOfPage\":{\"@id\":\"https:\\\/\\\/arr.pt\\\/pt\\\/property\\\/vertice\\\/#webpage\"},\"description\":\"\\u0416\\u0438\\u043b\\u043e\\u0439 \\u043a\\u043e\\u043c\\u043f\\u043b\\u0435\\u043a\\u0441 Vertice \\u0440\\u0430\\u0441\\u043f\\u043e\\u043b\\u043e\\u0436\\u0435\\u043d \\u0432 Areeiro, Lisboa. \\u0414\\u043e\\u0441\\u0442\\u0443\\u043f\\u043d\\u044b \\u0442\\u0438\\u043f\\u043e\\u043b\\u043e\\u0433\\u0438\\u0438 T2, T3, T4, T5. \\u0426\\u0435\\u043d\\u044b \\u043d\\u0430\\u0447\\u0438\\u043d\\u0430\\u044e\\u0442\\u0441\\u044f \\u043e\\u0442 \\u20ac750.000.\",\"image\":\"https:\\\/\\\/arr.pt\\\/wp-content\\\/uploads\\\/2026\\\/09\\\/sava-vertice-gallery-ce67c639970f.jpg\",\"address\":{\"@type\":\"PostalAddress\",\"addressCountry\":\"PT\",\"addressLocality\":\"Lisboa\"}},{\"@type\":\"BreadcrumbList\",\"@id\":\"https:\\\/\\\/arr.pt\\\/pt\\\/property\\\/vertice\\\/#breadcrumblist\",\"itemListElement\":[{\"@type\":\"ListItem\",\"@id\":\"https:\\\/\\\/arr.pt\\\/pt#listItem\",\"position\":1,\"name\":\"\\u0413\\u043b\\u0430\\u0432\\u043d\\u0430\\u044f\",\"item\":\"https:\\\/\\\/arr.pt\\\/pt\",\"nextItem\":{\"@type\":\"ListItem\",\"@id\":\"https:\\\/\\\/arr.pt\\\/pt\\\/property\\\/#listItem\",\"name\":\"Propriedades\"}},{\"@type\":\"ListItem\",\"@id\":\"https:\\\/\\\/arr.pt\\\/pt\\\/property\\\/#listItem\",\"position\":2,\"name\":\"Propriedades\",\"item\":\"https:\\\/\\\/arr.pt\\\/pt\\\/property\\\/\",\"nextItem\":{\"@type\":\"ListItem\",\"@id\":\"https:\\\/\\\/arr.pt\\\/pt\\\/property_type\\\/new\\\/#listItem\",\"name\":\"\\u041d\\u043e\\u0432\\u043e\\u0441\\u0442\\u0440\\u043e\\u0439\\u043a\\u0430\"},\"previousItem\":{\"@type\":\"ListItem\",\"@id\":\"https:\\\/\\\/arr.pt\\\/pt#listItem\",\"name\":\"\\u0413\\u043b\\u0430\\u0432\\u043d\\u0430\\u044f\"}},{\"@type\":\"ListItem\",\"@id\":\"https:\\\/\\\/arr.pt\\\/pt\\\/property_type\\\/new\\\/#listItem\",\"position\":3,\"name\":\"\\u041d\\u043e\\u0432\\u043e\\u0441\\u0442\\u0440\\u043e\\u0439\\u043a\\u0430\",\"item\":\"https:\\\/\\\/arr.pt\\\/pt\\\/property_type\\\/new\\\/\",\"nextItem\":{\"@type\":\"ListItem\",\"@id\":\"https:\\\/\\\/arr.pt\\\/pt\\\/property\\\/vertice\\\/#listItem\",\"name\":\"Vertice\"},\"previousItem\":{\"@type\":\"ListItem\",\"@id\":\"https:\\\/\\\/arr.pt\\\/pt\\\/property\\\/#listItem\",\"name\":\"Propriedades\"}},{\"@type\":\"ListItem\",\"@id\":\"https:\\\/\\\/arr.pt\\\/pt\\\/property\\\/vertice\\\/#listItem\",\"position\":4,\"name\":\"Vertice\",\"previousItem\":{\"@type\":\"ListItem\",\"@id\":\"https:\\\/\\\/arr.pt\\\/pt\\\/property_type\\\/new\\\/#listItem\",\"name\":\"\\u041d\\u043e\\u0432\\u043e\\u0441\\u0442\\u0440\\u043e\\u0439\\u043a\\u0430\"}}]},{\"@type\":\"Offer\",\"@id\":\"https:\\\/\\\/arr.pt\\\/pt\\\/property\\\/vertice\\\/#offer\",\"url\":\"https:\\\/\\\/arr.pt\\\/pt\\\/property\\\/vertice\\\/\",\"priceCurrency\":\"EUR\",\"businessFunction\":\"https:\\\/\\\/purl.org\\\/goodrelations\\\/v1#Sell\",\"seller\":{\"@id\":\"https:\\\/\\\/arr.pt\\\/#organization\"},\"offeredBy\":{\"@id\":\"https:\\\/\\\/arr.pt\\\/#organization\"},\"itemOffered\":{\"@id\":\"https:\\\/\\\/arr.pt\\\/pt\\\/property\\\/vertice\\\/#property\"}},{\"@type\":\"RealEstateAgent\",\"@id\":\"https:\\\/\\\/arr.pt\\\/#organization\",\"name\":\"ARR\",\"description\":\"Ag\\u00eancia de media\\u00e7\\u00e3o imobili\\u00e1ria e intermedi\\u00e1rio de cr\\u00e9dito em Portugal.\",\"url\":\"https:\\\/\\\/arr.pt\\\/\",\"email\":\"ola@arr.pt\",\"telephone\":\"+351911755010\",\"logo\":{\"@type\":\"ImageObject\",\"@id\":\"https:\\\/\\\/arr.pt\\\/#logo\",\"url\":\"https:\\\/\\\/arr.pt\\\/wp-content\\\/uploads\\\/2022\\\/01\\\/logo.svg\",\"width\":432,\"height\":140},\"image\":{\"@id\":\"https:\\\/\\\/arr.pt\\\/#logo\"},\"sameAs\":[\"https:\\\/\\\/www.facebook.com\\\/arr.portugal\",\"https:\\\/\\\/twitter.com\\\/arrpt2\",\"https:\\\/\\\/www.instagram.com\\\/arr.portugal\\\/\"],\"legalName\":\"Segredos Pr\\u00f3speros, Unipessoal Lda\",\"taxID\":\"517557851\",\"currenciesAccepted\":\"EUR\",\"knowsLanguage\":[\"pt-PT\",\"en-GB\",\"ru-RU\"],\"areaServed\":{\"@type\":\"Country\",\"name\":\"Portugal\"},\"address\":{\"@type\":\"PostalAddress\",\"streetAddress\":\"Rua Eduardo Coelho, 66, 1.\\u00ba F\",\"postalCode\":\"1200-164\",\"addressLocality\":\"Lisboa\",\"addressCountry\":\"PT\"},\"contactPoint\":{\"@type\":\"ContactPoint\",\"telephone\":\"+351911755010\",\"email\":\"ola@arr.pt\",\"contactType\":\"customer service\",\"availableLanguage\":[\"Portuguese\",\"English\",\"Russian\"]},\"identifier\":{\"@type\":\"PropertyValue\",\"propertyID\":\"AMI\",\"value\":\"22515\"}},{\"@type\":\"RealEstateListing\",\"@id\":\"https:\\\/\\\/arr.pt\\\/pt\\\/property\\\/vertice\\\/#webpage\",\"url\":\"https:\\\/\\\/arr.pt\\\/pt\\\/property\\\/vertice\\\/\",\"name\":\"Vertice - \\u041d\\u0435\\u0434\\u0432\\u0438\\u0436\\u0438\\u043c\\u043e\\u0441\\u0442\\u044c \\u0432 \\u041f\\u043e\\u0440\\u0442\\u0443\\u0433\\u0430\\u043b\\u0438\\u0438\",\"description\":\"\\u0416\\u0438\\u043b\\u043e\\u0439 \\u043a\\u043e\\u043c\\u043f\\u043b\\u0435\\u043a\\u0441 Vertice \\u0440\\u0430\\u0441\\u043f\\u043e\\u043b\\u043e\\u0436\\u0435\\u043d \\u0432 Areeiro, Lisboa. \\u0414\\u043e\\u0441\\u0442\\u0443\\u043f\\u043d\\u044b \\u0442\\u0438\\u043f\\u043e\\u043b\\u043e\\u0433\\u0438\\u0438 T2, T3, T4, T5. \\u0426\\u0435\\u043d\\u044b \\u043d\\u0430\\u0447\\u0438\\u043d\\u0430\\u044e\\u0442\\u0441\\u044f \\u043e\\u0442 \\u20ac750.000.\",\"inLanguage\":\"pt-PT\",\"isPartOf\":{\"@id\":\"https:\\\/\\\/arr.pt\\\/pt\\\/#website\"},\"breadcrumb\":{\"@id\":\"https:\\\/\\\/arr.pt\\\/pt\\\/property\\\/vertice\\\/#breadcrumblist\"},\"author\":{\"@id\":\"https:\\\/\\\/arr.pt\\\/#organization\"},\"creator\":{\"@id\":\"https:\\\/\\\/arr.pt\\\/#organization\"},\"image\":{\"@type\":\"ImageObject\",\"url\":\"https:\\\/\\\/arr.pt\\\/wp-content\\\/uploads\\\/2026\\\/09\\\/sava-vertice-gallery-ce67c639970f.jpg\",\"@id\":\"https:\\\/\\\/arr.pt\\\/pt\\\/property\\\/vertice\\\/#mainImage\",\"width\":1365,\"height\":1024},\"primaryImageOfPage\":{\"@id\":\"https:\\\/\\\/arr.pt\\\/pt\\\/property\\\/vertice\\\/#mainImage\"},\"datePublished\":\"2026-09-03T16:26:26+00:00\",\"dateModified\":\"2026-09-03T16:26:26+00:00\",\"datePosted\":\"2026-09-03T16:26:26+00:00\",\"mainEntity\":{\"@id\":\"https:\\\/\\\/arr.pt\\\/pt\\\/property\\\/vertice\\\/#property\"},\"about\":{\"@id\":\"https:\\\/\\\/arr.pt\\\/pt\\\/property\\\/vertice\\\/#property\"},\"offers\":{\"@id\":\"https:\\\/\\\/arr.pt\\\/pt\\\/property\\\/vertice\\\/#offer\"},\"publisher\":{\"@id\":\"https:\\\/\\\/arr.pt\\\/#organization\"},\"provider\":{\"@id\":\"https:\\\/\\\/arr.pt\\\/#organization\"}},{\"@type\":\"WebSite\",\"@id\":\"https:\\\/\\\/arr.pt\\\/pt\\\/#website\",\"url\":\"https:\\\/\\\/arr.pt\\\/pt\\\/\",\"name\":\"\\u041d\\u0435\\u0434\\u0432\\u0438\\u0436\\u0438\\u043c\\u043e\\u0441\\u0442\\u044c \\u0432 \\u041f\\u043e\\u0440\\u0442\\u0443\\u0433\\u0430\\u043b\\u0438\\u0438\",\"inLanguage\":\"pt-PT\",\"publisher\":{\"@id\":\"https:\\\/\\\/arr.pt\\\/#organization\"}}]}\n\t\t<\/script>\n\t\t<!-- All in One SEO -->\n\n","aioseo_head_json":{"title":"Vertice - Imobili\u00e1rio em Portugal","description":"\u0416\u0438\u043b\u043e\u0439 \u043a\u043e\u043c\u043f\u043b\u0435\u043a\u0441 Vertice \u0440\u0430\u0441\u043f\u043e\u043b\u043e\u0436\u0435\u043d \u0432 Areeiro, Lisboa. \u0414\u043e\u0441\u0442\u0443\u043f\u043d\u044b \u0442\u0438\u043f\u043e\u043b\u043e\u0433\u0438\u0438 T2, T3, T4, T5. \u0426\u0435\u043d\u044b \u043d\u0430\u0447\u0438\u043d\u0430\u044e\u0442\u0441\u044f \u043e\u0442 \u20ac750.000.","canonical_url":"https:\/\/arr.pt\/pt\/property\/vertice\/","robots":"max-image-preview:large","keywords":"","webmasterTools":{"miscellaneous":""},"schema":{"@context":"https:\/\/schema.org","@graph":[{"@type":"ApartmentComplex","@id":"https:\/\/arr.pt\/pt\/property\/vertice\/#property","name":"Vertice","url":"https:\/\/arr.pt\/pt\/property\/vertice\/","mainEntityOfPage":{"@id":"https:\/\/arr.pt\/pt\/property\/vertice\/#webpage"},"description":"\u0416\u0438\u043b\u043e\u0439 \u043a\u043e\u043c\u043f\u043b\u0435\u043a\u0441 Vertice \u0440\u0430\u0441\u043f\u043e\u043b\u043e\u0436\u0435\u043d \u0432 Areeiro, Lisboa. \u0414\u043e\u0441\u0442\u0443\u043f\u043d\u044b \u0442\u0438\u043f\u043e\u043b\u043e\u0433\u0438\u0438 T2, T3, T4, T5. \u0426\u0435\u043d\u044b \u043d\u0430\u0447\u0438\u043d\u0430\u044e\u0442\u0441\u044f \u043e\u0442 \u20ac750.000.","image":"https:\/\/arr.pt\/wp-content\/uploads\/2026\/09\/sava-vertice-gallery-ce67c639970f.jpg","address":{"@type":"PostalAddress","addressCountry":"PT","addressLocality":"Lisboa"}},{"@type":"BreadcrumbList","@id":"https:\/\/arr.pt\/pt\/property\/vertice\/#breadcrumblist","itemListElement":[{"@type":"ListItem","@id":"https:\/\/arr.pt\/pt#listItem","position":1,"name":"\u0413\u043b\u0430\u0432\u043d\u0430\u044f","item":"https:\/\/arr.pt\/pt","nextItem":{"@type":"ListItem","@id":"https:\/\/arr.pt\/pt\/property\/#listItem","name":"Propriedades"}},{"@type":"ListItem","@id":"https:\/\/arr.pt\/pt\/property\/#listItem","position":2,"name":"Propriedades","item":"https:\/\/arr.pt\/pt\/property\/","nextItem":{"@type":"ListItem","@id":"https:\/\/arr.pt\/pt\/property_type\/new\/#listItem","name":"\u041d\u043e\u0432\u043e\u0441\u0442\u0440\u043e\u0439\u043a\u0430"},"previousItem":{"@type":"ListItem","@id":"https:\/\/arr.pt\/pt#listItem","name":"\u0413\u043b\u0430\u0432\u043d\u0430\u044f"}},{"@type":"ListItem","@id":"https:\/\/arr.pt\/pt\/property_type\/new\/#listItem","position":3,"name":"\u041d\u043e\u0432\u043e\u0441\u0442\u0440\u043e\u0439\u043a\u0430","item":"https:\/\/arr.pt\/pt\/property_type\/new\/","nextItem":{"@type":"ListItem","@id":"https:\/\/arr.pt\/pt\/property\/vertice\/#listItem","name":"Vertice"},"previousItem":{"@type":"ListItem","@id":"https:\/\/arr.pt\/pt\/property\/#listItem","name":"Propriedades"}},{"@type":"ListItem","@id":"https:\/\/arr.pt\/pt\/property\/vertice\/#listItem","position":4,"name":"Vertice","previousItem":{"@type":"ListItem","@id":"https:\/\/arr.pt\/pt\/property_type\/new\/#listItem","name":"\u041d\u043e\u0432\u043e\u0441\u0442\u0440\u043e\u0439\u043a\u0430"}}]},{"@type":"Offer","@id":"https:\/\/arr.pt\/pt\/property\/vertice\/#offer","url":"https:\/\/arr.pt\/pt\/property\/vertice\/","priceCurrency":"EUR","businessFunction":"https:\/\/purl.org\/goodrelations\/v1#Sell","seller":{"@id":"https:\/\/arr.pt\/#organization"},"offeredBy":{"@id":"https:\/\/arr.pt\/#organization"},"itemOffered":{"@id":"https:\/\/arr.pt\/pt\/property\/vertice\/#property"}},{"@type":"RealEstateAgent","@id":"https:\/\/arr.pt\/#organization","name":"ARR","description":"Ag\u00eancia de media\u00e7\u00e3o imobili\u00e1ria e intermedi\u00e1rio de cr\u00e9dito em Portugal.","url":"https:\/\/arr.pt\/","email":"ola@arr.pt","telephone":"+351911755010","logo":{"@type":"ImageObject","@id":"https:\/\/arr.pt\/#logo","url":"https:\/\/arr.pt\/wp-content\/uploads\/2022\/01\/logo.svg","width":432,"height":140},"image":{"@id":"https:\/\/arr.pt\/#logo"},"sameAs":["https:\/\/www.facebook.com\/arr.portugal","https:\/\/twitter.com\/arrpt2","https:\/\/www.instagram.com\/arr.portugal\/"],"legalName":"Segredos Pr\u00f3speros, Unipessoal Lda","taxID":"517557851","currenciesAccepted":"EUR","knowsLanguage":["pt-PT","en-GB","ru-RU"],"areaServed":{"@type":"Country","name":"Portugal"},"address":{"@type":"PostalAddress","streetAddress":"Rua Eduardo Coelho, 66, 1.\u00ba F","postalCode":"1200-164","addressLocality":"Lisboa","addressCountry":"PT"},"contactPoint":{"@type":"ContactPoint","telephone":"+351911755010","email":"ola@arr.pt","contactType":"customer service","availableLanguage":["Portuguese","English","Russian"]},"identifier":{"@type":"PropertyValue","propertyID":"AMI","value":"22515"}},{"@type":"RealEstateListing","@id":"https:\/\/arr.pt\/pt\/property\/vertice\/#webpage","url":"https:\/\/arr.pt\/pt\/property\/vertice\/","name":"Vertice - \u041d\u0435\u0434\u0432\u0438\u0436\u0438\u043c\u043e\u0441\u0442\u044c \u0432 \u041f\u043e\u0440\u0442\u0443\u0433\u0430\u043b\u0438\u0438","description":"\u0416\u0438\u043b\u043e\u0439 \u043a\u043e\u043c\u043f\u043b\u0435\u043a\u0441 Vertice \u0440\u0430\u0441\u043f\u043e\u043b\u043e\u0436\u0435\u043d \u0432 Areeiro, Lisboa. \u0414\u043e\u0441\u0442\u0443\u043f\u043d\u044b \u0442\u0438\u043f\u043e\u043b\u043e\u0433\u0438\u0438 T2, T3, T4, T5. \u0426\u0435\u043d\u044b \u043d\u0430\u0447\u0438\u043d\u0430\u044e\u0442\u0441\u044f \u043e\u0442 \u20ac750.000.","inLanguage":"pt-PT","isPartOf":{"@id":"https:\/\/arr.pt\/pt\/#website"},"breadcrumb":{"@id":"https:\/\/arr.pt\/pt\/property\/vertice\/#breadcrumblist"},"author":{"@id":"https:\/\/arr.pt\/#organization"},"creator":{"@id":"https:\/\/arr.pt\/#organization"},"image":{"@type":"ImageObject","url":"https:\/\/arr.pt\/wp-content\/uploads\/2026\/09\/sava-vertice-gallery-ce67c639970f.jpg","@id":"https:\/\/arr.pt\/pt\/property\/vertice\/#mainImage","width":1365,"height":1024},"primaryImageOfPage":{"@id":"https:\/\/arr.pt\/pt\/property\/vertice\/#mainImage"},"datePublished":"2026-09-03T16:26:26+00:00","dateModified":"2026-09-03T16:26:26+00:00","datePosted":"2026-09-03T16:26:26+00:00","mainEntity":{"@id":"https:\/\/arr.pt\/pt\/property\/vertice\/#property"},"about":{"@id":"https:\/\/arr.pt\/pt\/property\/vertice\/#property"},"offers":{"@id":"https:\/\/arr.pt\/pt\/property\/vertice\/#offer"},"publisher":{"@id":"https:\/\/arr.pt\/#organization"},"provider":{"@id":"https:\/\/arr.pt\/#organization"}},{"@type":"WebSite","@id":"https:\/\/arr.pt\/pt\/#website","url":"https:\/\/arr.pt\/pt\/","name":"\u041d\u0435\u0434\u0432\u0438\u0436\u0438\u043c\u043e\u0441\u0442\u044c \u0432 \u041f\u043e\u0440\u0442\u0443\u0433\u0430\u043b\u0438\u0438","inLanguage":"pt-PT","publisher":{"@id":"https:\/\/arr.pt\/#organization"}}]},"og:locale":"pt_PT","og:site_name":"\u041d\u0435\u0434\u0432\u0438\u0436\u0438\u043c\u043e\u0441\u0442\u044c \u0432 \u041f\u043e\u0440\u0442\u0443\u0433\u0430\u043b\u0438\u0438 -","og:type":"article","og:title":"Vertice - \u041d\u0435\u0434\u0432\u0438\u0436\u0438\u043c\u043e\u0441\u0442\u044c \u0432 \u041f\u043e\u0440\u0442\u0443\u0433\u0430\u043b\u0438\u0438","og:description":"\u0416\u0438\u043b\u043e\u0439 \u043a\u043e\u043c\u043f\u043b\u0435\u043a\u0441 Vertice \u0440\u0430\u0441\u043f\u043e\u043b\u043e\u0436\u0435\u043d \u0432 Areeiro, Lisboa. \u0414\u043e\u0441\u0442\u0443\u043f\u043d\u044b \u0442\u0438\u043f\u043e\u043b\u043e\u0433\u0438\u0438 T2, T3, T4, T5. \u0426\u0435\u043d\u044b \u043d\u0430\u0447\u0438\u043d\u0430\u044e\u0442\u0441\u044f \u043e\u0442 \u20ac750.000.","og:url":"https:\/\/arr.pt\/pt\/property\/vertice\/","og:image":"https:\/\/arr.pt\/wp-content\/uploads\/2022\/01\/logo.svg","og:image:secure_url":"https:\/\/arr.pt\/wp-content\/uploads\/2022\/01\/logo.svg","og:image:width":432,"og:image:height":140,"article:published_time":"2026-09-03T16:26:26+00:00","article:modified_time":"2026-09-03T16:26:26+00:00","article:publisher":"https:\/\/www.facebook.com\/arr.portugal","twitter:card":"summary","twitter:site":"@arrpt2","twitter:title":"Vertice - \u041d\u0435\u0434\u0432\u0438\u0436\u0438\u043c\u043e\u0441\u0442\u044c \u0432 \u041f\u043e\u0440\u0442\u0443\u0433\u0430\u043b\u0438\u0438","twitter:description":"\u0416\u0438\u043b\u043e\u0439 \u043a\u043e\u043c\u043f\u043b\u0435\u043a\u0441 Vertice \u0440\u0430\u0441\u043f\u043e\u043b\u043e\u0436\u0435\u043d \u0432 Areeiro, Lisboa. \u0414\u043e\u0441\u0442\u0443\u043f\u043d\u044b \u0442\u0438\u043f\u043e\u043b\u043e\u0433\u0438\u0438 T2, T3, T4, T5. \u0426\u0435\u043d\u044b \u043d\u0430\u0447\u0438\u043d\u0430\u044e\u0442\u0441\u044f \u043e\u0442 \u20ac750.000.","twitter:creator":"@arrpt2","twitter:image":"https:\/\/arr.pt\/wp-content\/uploads\/2022\/01\/logo.svg"},"aioseo_meta_data":[],"aioseo_breadcrumb":"<div class=\"aioseo-breadcrumbs\"><span class=\"aioseo-breadcrumb\">\n\t\t\t<a href=\"https:\/\/arr.pt\/pt\" title=\"\u0413\u043b\u0430\u0432\u043d\u0430\u044f\">\u0413\u043b\u0430\u0432\u043d\u0430\u044f<\/a>\n\t\t<\/span><span class=\"aioseo-breadcrumb-separator\">&raquo;<\/span><span class=\"aioseo-breadcrumb\">\n\t\t\t<a href=\"https:\/\/arr.pt\/pt\/property\/\" title=\"Propriedades\">Propriedades<\/a>\n\t\t<\/span><span class=\"aioseo-breadcrumb-separator\">&raquo;<\/span><span class=\"aioseo-breadcrumb\">\n\t\t\t<a href=\"https:\/\/arr.pt\/pt\/property_type\/new\/\" title=\"\u041d\u043e\u0432\u043e\u0441\u0442\u0440\u043e\u0439\u043a\u0430\">\u041d\u043e\u0432\u043e\u0441\u0442\u0440\u043e\u0439\u043a\u0430<\/a>\n\t\t<\/span><span class=\"aioseo-breadcrumb-separator\">&raquo;<\/span><span class=\"aioseo-breadcrumb\">\n\t\t\tVertice\n\t\t<\/span><\/div>","aioseo_breadcrumb_json":[{"label":"\u0413\u043b\u0430\u0432\u043d\u0430\u044f","link":"https:\/\/arr.pt\/pt"},{"label":"Propriedades","link":"https:\/\/arr.pt\/pt\/property\/"},{"label":"\u041d\u043e\u0432\u043e\u0441\u0442\u0440\u043e\u0439\u043a\u0430","link":"https:\/\/arr.pt\/pt\/property_type\/new\/"},{"label":"Vertice","link":"https:\/\/arr.pt\/pt\/property\/vertice\/"}],"property_meta":{"fave_agent_display_option":["agency_info"],"fave_property_agency":["18866"],"fave_featured":["0"],"houzez_featured_listing_date":[""],"fave_property_map_address":["Areeiro, Lisboa"],"fave_property_address":["Areeiro"],"fave_property_location":["38.74394580,-9.14385596"],"houzez_geolocation_lat":["38.74394580"],"houzez_geolocation_long":["-9.14385596"],"fave_property_year":["2026"],"_thumbnail_id":["40826"],"_sava_arr_static_imported":["1"],"_sava_arr_project_id":["176"],"_sava_arr_managed":["1"],"fave_property_price":["T2 \u043e\u0442 \u20ac750.000"],"floor_plans":["a:25:{i:0;a:8:{s:15:\"fave_plan_title\";s:6:\"T2 302\";s:15:\"fave_plan_rooms\";s:1:\"2\";s:19:\"fave_plan_bathrooms\";s:3:\"2.0\";s:15:\"fave_plan_price\";s:9:\"750000.00\";s:23:\"fave_plan_price_postfix\";s:0:\"\";s:14:\"fave_plan_size\";s:10:\"102.00 m\u00b2\";s:15:\"fave_plan_image\";s:76:\"https:\/\/arr.pt\/wp-content\/uploads\/2026\/09\/sava-vertice-plan-90c74f86b9dd.pdf\";s:21:\"fave_plan_description\";s:0:\"\";}i:1;a:8:{s:15:\"fave_plan_title\";s:6:\"T2 303\";s:15:\"fave_plan_rooms\";s:1:\"2\";s:19:\"fave_plan_bathrooms\";s:3:\"2.0\";s:15:\"fave_plan_price\";s:9:\"795000.00\";s:23:\"fave_plan_price_postfix\";s:0:\"\";s:14:\"fave_plan_size\";s:10:\"117.00 m\u00b2\";s:15:\"fave_plan_image\";s:76:\"https:\/\/arr.pt\/wp-content\/uploads\/2026\/09\/sava-vertice-plan-61573fa35da2.pdf\";s:21:\"fave_plan_description\";s:0:\"\";}i:2;a:8:{s:15:\"fave_plan_title\";s:6:\"T2 532\";s:15:\"fave_plan_rooms\";s:1:\"2\";s:19:\"fave_plan_bathrooms\";s:3:\"2.0\";s:15:\"fave_plan_price\";s:9:\"815000.00\";s:23:\"fave_plan_price_postfix\";s:0:\"\";s:14:\"fave_plan_size\";s:10:\"105.00 m\u00b2\";s:15:\"fave_plan_image\";s:76:\"https:\/\/arr.pt\/wp-content\/uploads\/2026\/09\/sava-vertice-plan-a6a117f6797f.pdf\";s:21:\"fave_plan_description\";s:0:\"\";}i:3;a:8:{s:15:\"fave_plan_title\";s:6:\"T2 511\";s:15:\"fave_plan_rooms\";s:1:\"2\";s:19:\"fave_plan_bathrooms\";s:3:\"2.0\";s:15:\"fave_plan_price\";s:9:\"825000.00\";s:23:\"fave_plan_price_postfix\";s:0:\"\";s:14:\"fave_plan_size\";s:10:\"121.00 m\u00b2\";s:15:\"fave_plan_image\";s:76:\"https:\/\/arr.pt\/wp-content\/uploads\/2026\/09\/sava-vertice-plan-e3e64f85f0f6.pdf\";s:21:\"fave_plan_description\";s:0:\"\";}i:4;a:8:{s:15:\"fave_plan_title\";s:6:\"T2 102\";s:15:\"fave_plan_rooms\";s:1:\"2\";s:19:\"fave_plan_bathrooms\";s:3:\"2.0\";s:15:\"fave_plan_price\";s:9:\"835000.00\";s:23:\"fave_plan_price_postfix\";s:0:\"\";s:14:\"fave_plan_size\";s:10:\"111.00 m\u00b2\";s:15:\"fave_plan_image\";s:76:\"https:\/\/arr.pt\/wp-content\/uploads\/2026\/09\/sava-vertice-plan-4d96d50322af.pdf\";s:21:\"fave_plan_description\";s:0:\"\";}i:5;a:8:{s:15:\"fave_plan_title\";s:6:\"T2 201\";s:15:\"fave_plan_rooms\";s:1:\"2\";s:19:\"fave_plan_bathrooms\";s:3:\"2.0\";s:15:\"fave_plan_price\";s:9:\"835000.00\";s:23:\"fave_plan_price_postfix\";s:0:\"\";s:14:\"fave_plan_size\";s:10:\"111.00 m\u00b2\";s:15:\"fave_plan_image\";s:76:\"https:\/\/arr.pt\/wp-content\/uploads\/2026\/09\/sava-vertice-plan-0af30a10e232.pdf\";s:21:\"fave_plan_description\";s:0:\"\";}i:6;a:8:{s:15:\"fave_plan_title\";s:6:\"T2 204\";s:15:\"fave_plan_rooms\";s:1:\"2\";s:19:\"fave_plan_bathrooms\";s:3:\"2.0\";s:15:\"fave_plan_price\";s:9:\"840000.00\";s:23:\"fave_plan_price_postfix\";s:0:\"\";s:14:\"fave_plan_size\";s:10:\"114.00 m\u00b2\";s:15:\"fave_plan_image\";s:76:\"https:\/\/arr.pt\/wp-content\/uploads\/2026\/09\/sava-vertice-plan-ec7ca4430f98.pdf\";s:21:\"fave_plan_description\";s:0:\"\";}i:7;a:8:{s:15:\"fave_plan_title\";s:6:\"T2 552\";s:15:\"fave_plan_rooms\";s:1:\"2\";s:19:\"fave_plan_bathrooms\";s:3:\"2.0\";s:15:\"fave_plan_price\";s:9:\"845000.00\";s:23:\"fave_plan_price_postfix\";s:0:\"\";s:14:\"fave_plan_size\";s:10:\"105.00 m\u00b2\";s:15:\"fave_plan_image\";s:76:\"https:\/\/arr.pt\/wp-content\/uploads\/2026\/09\/sava-vertice-plan-183cadd5862e.pdf\";s:21:\"fave_plan_description\";s:0:\"\";}i:8;a:8:{s:15:\"fave_plan_title\";s:6:\"T2 353\";s:15:\"fave_plan_rooms\";s:1:\"2\";s:19:\"fave_plan_bathrooms\";s:3:\"2.0\";s:15:\"fave_plan_price\";s:9:\"850000.00\";s:23:\"fave_plan_price_postfix\";s:0:\"\";s:14:\"fave_plan_size\";s:10:\"110.00 m\u00b2\";s:15:\"fave_plan_image\";s:76:\"https:\/\/arr.pt\/wp-content\/uploads\/2026\/09\/sava-vertice-plan-63960cda2bf5.pdf\";s:21:\"fave_plan_description\";s:0:\"\";}i:9;a:8:{s:15:\"fave_plan_title\";s:6:\"T2 402\";s:15:\"fave_plan_rooms\";s:1:\"2\";s:19:\"fave_plan_bathrooms\";s:3:\"2.0\";s:15:\"fave_plan_price\";s:9:\"870000.00\";s:23:\"fave_plan_price_postfix\";s:0:\"\";s:14:\"fave_plan_size\";s:10:\"115.00 m\u00b2\";s:15:\"fave_plan_image\";s:76:\"https:\/\/arr.pt\/wp-content\/uploads\/2026\/09\/sava-vertice-plan-95c4ed7bd80f.pdf\";s:21:\"fave_plan_description\";s:0:\"\";}i:10;a:8:{s:15:\"fave_plan_title\";s:6:\"T2 503\";s:15:\"fave_plan_rooms\";s:1:\"2\";s:19:\"fave_plan_bathrooms\";s:3:\"2.0\";s:15:\"fave_plan_price\";s:9:\"875000.00\";s:23:\"fave_plan_price_postfix\";s:0:\"\";s:14:\"fave_plan_size\";s:10:\"130.00 m\u00b2\";s:15:\"fave_plan_image\";s:76:\"https:\/\/arr.pt\/wp-content\/uploads\/2026\/09\/sava-vertice-plan-516df5c4b545.pdf\";s:21:\"fave_plan_description\";s:0:\"\";}i:11;a:8:{s:15:\"fave_plan_title\";s:6:\"T3 414\";s:15:\"fave_plan_rooms\";s:1:\"3\";s:19:\"fave_plan_bathrooms\";s:3:\"4.0\";s:15:\"fave_plan_price\";s:10:\"1150000.00\";s:23:\"fave_plan_price_postfix\";s:0:\"\";s:14:\"fave_plan_size\";s:10:\"150.00 m\u00b2\";s:15:\"fave_plan_image\";s:76:\"https:\/\/arr.pt\/wp-content\/uploads\/2026\/09\/sava-vertice-plan-2239e28761b6.pdf\";s:21:\"fave_plan_description\";s:0:\"\";}i:12;a:8:{s:15:\"fave_plan_title\";s:6:\"T3 422\";s:15:\"fave_plan_rooms\";s:1:\"3\";s:19:\"fave_plan_bathrooms\";s:3:\"4.0\";s:15:\"fave_plan_price\";s:10:\"1190000.00\";s:23:\"fave_plan_price_postfix\";s:0:\"\";s:14:\"fave_plan_size\";s:10:\"139.00 m\u00b2\";s:15:\"fave_plan_image\";s:76:\"https:\/\/arr.pt\/wp-content\/uploads\/2026\/09\/sava-vertice-plan-e6bbf2a10f0c.pdf\";s:21:\"fave_plan_description\";s:0:\"\";}i:13;a:8:{s:15:\"fave_plan_title\";s:6:\"T3 432\";s:15:\"fave_plan_rooms\";s:1:\"3\";s:19:\"fave_plan_bathrooms\";s:3:\"4.0\";s:15:\"fave_plan_price\";s:10:\"1210000.00\";s:23:\"fave_plan_price_postfix\";s:0:\"\";s:14:\"fave_plan_size\";s:10:\"139.00 m\u00b2\";s:15:\"fave_plan_image\";s:76:\"https:\/\/arr.pt\/wp-content\/uploads\/2026\/09\/sava-vertice-plan-5263ac7186a7.pdf\";s:21:\"fave_plan_description\";s:0:\"\";}i:14;a:8:{s:15:\"fave_plan_title\";s:6:\"T3 512\";s:15:\"fave_plan_rooms\";s:1:\"3\";s:19:\"fave_plan_bathrooms\";s:3:\"3.0\";s:15:\"fave_plan_price\";s:10:\"1290000.00\";s:23:\"fave_plan_price_postfix\";s:0:\"\";s:14:\"fave_plan_size\";s:10:\"176.00 m\u00b2\";s:15:\"fave_plan_image\";s:76:\"https:\/\/arr.pt\/wp-content\/uploads\/2026\/09\/sava-vertice-plan-1dffcbd8f5c9.pdf\";s:21:\"fave_plan_description\";s:0:\"\";}i:15;a:8:{s:15:\"fave_plan_title\";s:6:\"T3 521\";s:15:\"fave_plan_rooms\";s:1:\"3\";s:19:\"fave_plan_bathrooms\";s:3:\"3.0\";s:15:\"fave_plan_price\";s:10:\"1310000.00\";s:23:\"fave_plan_price_postfix\";s:0:\"\";s:14:\"fave_plan_size\";s:10:\"176.00 m\u00b2\";s:15:\"fave_plan_image\";s:76:\"https:\/\/arr.pt\/wp-content\/uploads\/2026\/09\/sava-vertice-plan-2b0e7273586a.pdf\";s:21:\"fave_plan_description\";s:0:\"\";}i:16;a:8:{s:15:\"fave_plan_title\";s:6:\"T3 531\";s:15:\"fave_plan_rooms\";s:1:\"3\";s:19:\"fave_plan_bathrooms\";s:3:\"3.0\";s:15:\"fave_plan_price\";s:10:\"1330000.00\";s:23:\"fave_plan_price_postfix\";s:0:\"\";s:14:\"fave_plan_size\";s:10:\"176.00 m\u00b2\";s:15:\"fave_plan_image\";s:76:\"https:\/\/arr.pt\/wp-content\/uploads\/2026\/09\/sava-vertice-plan-7d7e8dba15c6.pdf\";s:21:\"fave_plan_description\";s:0:\"\";}i:17;a:8:{s:15:\"fave_plan_title\";s:6:\"T3 541\";s:15:\"fave_plan_rooms\";s:1:\"3\";s:19:\"fave_plan_bathrooms\";s:3:\"3.0\";s:15:\"fave_plan_price\";s:10:\"1350000.00\";s:23:\"fave_plan_price_postfix\";s:0:\"\";s:14:\"fave_plan_size\";s:10:\"176.00 m\u00b2\";s:15:\"fave_plan_image\";s:76:\"https:\/\/arr.pt\/wp-content\/uploads\/2026\/09\/sava-vertice-plan-f3e4c0518587.pdf\";s:21:\"fave_plan_description\";s:0:\"\";}i:18;a:8:{s:15:\"fave_plan_title\";s:6:\"T3 551\";s:15:\"fave_plan_rooms\";s:1:\"3\";s:19:\"fave_plan_bathrooms\";s:3:\"3.0\";s:15:\"fave_plan_price\";s:10:\"1370000.00\";s:23:\"fave_plan_price_postfix\";s:0:\"\";s:14:\"fave_plan_size\";s:10:\"176.00 m\u00b2\";s:15:\"fave_plan_image\";s:76:\"https:\/\/arr.pt\/wp-content\/uploads\/2026\/09\/sava-vertice-plan-f2b3b3e0fc39.pdf\";s:21:\"fave_plan_description\";s:0:\"\";}i:19;a:8:{s:15:\"fave_plan_title\";s:6:\"T3 312\";s:15:\"fave_plan_rooms\";s:1:\"3\";s:19:\"fave_plan_bathrooms\";s:3:\"4.0\";s:15:\"fave_plan_price\";s:10:\"1390000.00\";s:23:\"fave_plan_price_postfix\";s:0:\"\";s:14:\"fave_plan_size\";s:10:\"167.00 m\u00b2\";s:15:\"fave_plan_image\";s:76:\"https:\/\/arr.pt\/wp-content\/uploads\/2026\/09\/sava-vertice-plan-fc2724cacbcf.pdf\";s:21:\"fave_plan_description\";s:0:\"\";}i:20;a:8:{s:15:\"fave_plan_title\";s:6:\"T3 561\";s:15:\"fave_plan_rooms\";s:1:\"3\";s:19:\"fave_plan_bathrooms\";s:3:\"3.0\";s:15:\"fave_plan_price\";s:10:\"1400000.00\";s:23:\"fave_plan_price_postfix\";s:0:\"\";s:14:\"fave_plan_size\";s:10:\"163.00 m\u00b2\";s:15:\"fave_plan_image\";s:76:\"https:\/\/arr.pt\/wp-content\/uploads\/2026\/09\/sava-vertice-plan-ff06a1a0bd62.pdf\";s:21:\"fave_plan_description\";s:0:\"\";}i:21;a:8:{s:15:\"fave_plan_title\";s:6:\"T3 461\";s:15:\"fave_plan_rooms\";s:1:\"3\";s:19:\"fave_plan_bathrooms\";s:3:\"3.0\";s:15:\"fave_plan_price\";s:10:\"1500000.00\";s:23:\"fave_plan_price_postfix\";s:0:\"\";s:14:\"fave_plan_size\";s:10:\"147.00 m\u00b2\";s:15:\"fave_plan_image\";s:76:\"https:\/\/arr.pt\/wp-content\/uploads\/2026\/09\/sava-vertice-plan-c29ae660a19f.pdf\";s:21:\"fave_plan_description\";s:0:\"\";}i:22;a:8:{s:15:\"fave_plan_title\";s:6:\"T4 361\";s:15:\"fave_plan_rooms\";s:1:\"4\";s:19:\"fave_plan_bathrooms\";s:3:\"4.0\";s:15:\"fave_plan_price\";s:10:\"1750000.00\";s:23:\"fave_plan_price_postfix\";s:0:\"\";s:14:\"fave_plan_size\";s:10:\"171.00 m\u00b2\";s:15:\"fave_plan_image\";s:76:\"https:\/\/arr.pt\/wp-content\/uploads\/2026\/09\/sava-vertice-plan-b3a57ba1d5d3.pdf\";s:21:\"fave_plan_description\";s:0:\"\";}i:23;a:8:{s:15:\"fave_plan_title\";s:6:\"T4 363\";s:15:\"fave_plan_rooms\";s:1:\"4\";s:19:\"fave_plan_bathrooms\";s:3:\"5.0\";s:15:\"fave_plan_price\";s:10:\"2295000.00\";s:23:\"fave_plan_price_postfix\";s:0:\"\";s:14:\"fave_plan_size\";s:10:\"227.00 m\u00b2\";s:15:\"fave_plan_image\";s:76:\"https:\/\/arr.pt\/wp-content\/uploads\/2026\/09\/sava-vertice-plan-24401e36754c.pdf\";s:21:\"fave_plan_description\";s:0:\"\";}i:24;a:8:{s:15:\"fave_plan_title\";s:6:\"T5 261\";s:15:\"fave_plan_rooms\";s:1:\"5\";s:19:\"fave_plan_bathrooms\";s:3:\"5.0\";s:15:\"fave_plan_price\";s:10:\"3350000.00\";s:23:\"fave_plan_price_postfix\";s:0:\"\";s:14:\"fave_plan_size\";s:10:\"256.00 m\u00b2\";s:15:\"fave_plan_image\";s:76:\"https:\/\/arr.pt\/wp-content\/uploads\/2026\/09\/sava-vertice-plan-d94f7ce79f4e.pdf\";s:21:\"fave_plan_description\";s:0:\"\";}}"],"_sava_arr_last_availability_sync":["2026-09-03T16:28:39+00:00"],"_eael_post_view_count":["17"],"houzez_total_property_views":["16"],"houzez_views_by_date":["a:2:{s:10:\"09-03-2026\";i:10;s:10:\"09-04-2026\";i:6;}"],"houzez_recently_viewed":["2026-09-04 02:20:00"],"fave_property_images":["40826","40827","40828","40829","40830","40831","40832","40833","40834","40835","40836","40837","40838","40839","40840","40841","40842","40843","40844","40845","40846","40847","40848","40849","40850","40851","40852","40853","40854","40855","40856","40857","40858","40859","40860","40861","40862","40863","40864","40865","40866","40867","40868","40869","40870","40871","40872","40873","40874","40875","40876","40877","40878","40879","40880","40881","40882"]},"_links":{"self":[{"href":"https:\/\/arr.pt\/pt\/wp-json\/wp\/v2\/properties\/40825","targetHints":{"allow":["GET"]}}],"collection":[{"href":"https:\/\/arr.pt\/pt\/wp-json\/wp\/v2\/properties"}],"about":[{"href":"https:\/\/arr.pt\/pt\/wp-json\/wp\/v2\/types\/property"}],"author":[{"embeddable":true,"href":"https:\/\/arr.pt\/pt\/wp-json\/wp\/v2\/users\/1"}],"version-history":[{"count":0,"href":"https:\/\/arr.pt\/pt\/wp-json\/wp\/v2\/properties\/40825\/revisions"}],"wp:featuredmedia":[{"embeddable":true,"href":"https:\/\/arr.pt\/pt\/wp-json\/wp\/v2\/media\/40826"}],"wp:attachment":[{"href":"https:\/\/arr.pt\/pt\/wp-json\/wp\/v2\/media?parent=40825"}],"wp:term":[{"taxonomy":"property_type","embeddable":true,"href":"https:\/\/arr.pt\/pt\/wp-json\/wp\/v2\/property_type?post=40825"},{"taxonomy":"property_status","embeddable":true,"href":"https:\/\/arr.pt\/pt\/wp-json\/wp\/v2\/property_status?post=40825"},{"taxonomy":"property_feature","embeddable":true,"href":"https:\/\/arr.pt\/pt\/wp-json\/wp\/v2\/property_feature?post=40825"},{"taxonomy":"property_label","embeddable":true,"href":"https:\/\/arr.pt\/pt\/wp-json\/wp\/v2\/property_label?post=40825"},{"taxonomy":"property_city","embeddable":true,"href":"https:\/\/arr.pt\/pt\/wp-json\/wp\/v2\/property_city?post=40825"}],"curies":[{"name":"wp","href":"https:\/\/api.w.org\/{rel}","templated":true}]}}