{"id":40654,"date":"2026-09-03T16:11:49","date_gmt":"2026-09-03T16:11:49","guid":{"rendered":"https:\/\/arr.pt\/property\/val-d-ouro-palace\/"},"modified":"2026-09-03T16:11:49","modified_gmt":"2026-09-03T16:11:49","slug":"val-d-ouro-palace","status":"publish","type":"property","link":"https:\/\/arr.pt\/pt\/property\/val-d-ouro-palace\/","title":{"rendered":"Val D&#8217;Ouro Palace"},"content":{"rendered":"<p>\u0416\u0438\u043b\u043e\u0439 \u043a\u043e\u043c\u043f\u043b\u0435\u043a\u0441 Val D&#039;Ouro Palace \u0440\u0430\u0441\u043f\u043e\u043b\u043e\u0436\u0435\u043d \u0432 Cedofeita, Santo Ildefonso, S\u00e9, Miragaia, S\u00e3o Nicolau e Vit\u00f3ria, Porto. \u0414\u043e\u0441\u0442\u0443\u043f\u043d\u044b \u0442\u0438\u043f\u043e\u043b\u043e\u0433\u0438\u0438 T1, T1+1 Duplex, T2, T2 Duplex, T2+1, T3, T3 Duplex, T3+1 Duplex. \u0426\u0435\u043d\u044b \u043d\u0430\u0447\u0438\u043d\u0430\u044e\u0442\u0441\u044f \u043e\u0442 \u20ac620.000.<\/p>","protected":false},"excerpt":{"rendered":"<p>\u0416\u0438\u043b\u043e\u0439 \u043a\u043e\u043c\u043f\u043b\u0435\u043a\u0441 Val D&#039;Ouro Palace \u0440\u0430\u0441\u043f\u043e\u043b\u043e\u0436\u0435\u043d \u0432 Cedofeita, Santo Ildefonso, S\u00e9, Miragaia, S\u00e3o Nicolau e Vit\u00f3ria, Porto. \u0414\u043e\u0441\u0442\u0443\u043f\u043d\u044b \u0442\u0438\u043f\u043e\u043b\u043e\u0433\u0438\u0438 T1, T1+1 Duplex, T2, T2 Duplex, T2+1, T3, T3 Duplex, T3+1 Duplex. \u0426\u0435\u043d\u044b \u043d\u0430\u0447\u0438\u043d\u0430\u044e\u0442\u0441\u044f \u043e\u0442 \u20ac620.000.<\/p>","protected":false},"author":1,"featured_media":40655,"parent":0,"menu_order":0,"template":"","property_type":[209],"property_status":[232],"property_feature":[],"property_label":[],"property_city":[37],"class_list":["post-40654","property","type-property","status-publish","has-post-thumbnail","hentry","property_type-new","property_status-sale","property_city-porto"],"aioseo_notices":[],"aioseo_head":"\n\t\t<!-- All in One SEO 5.0.1.1 - aioseo.com -->\n\t<meta name=\"description\" content=\"\u0416\u0438\u043b\u043e\u0439 \u043a\u043e\u043c\u043f\u043b\u0435\u043a\u0441 Val D&#039;Ouro Palace \u0440\u0430\u0441\u043f\u043e\u043b\u043e\u0436\u0435\u043d \u0432 Cedofeita, Santo Ildefonso, S\u00e9, Miragaia, S\u00e3o Nicolau e Vit\u00f3ria, Porto. \u0414\u043e\u0441\u0442\u0443\u043f\u043d\u044b \u0442\u0438\u043f\u043e\u043b\u043e\u0433\u0438\u0438 T1, T1+1 Duplex, T2, T2 Duplex, T2+1, T3, T3 Duplex, T3+1 Duplex. \u0426\u0435\u043d\u044b \u043d\u0430\u0447\u0438\u043d\u0430\u044e\u0442\u0441\u044f \u043e\u0442 \u20ac620.000.\" \/>\n\t<meta name=\"robots\" content=\"max-image-preview:large\" \/>\n\t<meta name=\"author\" content=\"arr\"\/>\n\t<link rel=\"canonical\" href=\"https:\/\/arr.pt\/pt\/property\/val-d-ouro-palace\/\" \/>\n\t<meta name=\"generator\" content=\"All in One SEO (AIOSEO) 5.0.1.1\" \/>\n\t\t<meta property=\"og:locale\" content=\"pt_PT\" \/>\n\t\t<meta property=\"og:site_name\" content=\"\u041d\u0435\u0434\u0432\u0438\u0436\u0438\u043c\u043e\u0441\u0442\u044c \u0432 \u041f\u043e\u0440\u0442\u0443\u0433\u0430\u043b\u0438\u0438 -\" \/>\n\t\t<meta property=\"og:type\" content=\"article\" \/>\n\t\t<meta property=\"og:title\" content=\"Val D\u2019Ouro Palace - \u041d\u0435\u0434\u0432\u0438\u0436\u0438\u043c\u043e\u0441\u0442\u044c \u0432 \u041f\u043e\u0440\u0442\u0443\u0433\u0430\u043b\u0438\u0438\" \/>\n\t\t<meta property=\"og:description\" content=\"\u0416\u0438\u043b\u043e\u0439 \u043a\u043e\u043c\u043f\u043b\u0435\u043a\u0441 Val D&#039;Ouro Palace \u0440\u0430\u0441\u043f\u043e\u043b\u043e\u0436\u0435\u043d \u0432 Cedofeita, Santo Ildefonso, S\u00e9, Miragaia, S\u00e3o Nicolau e Vit\u00f3ria, Porto. \u0414\u043e\u0441\u0442\u0443\u043f\u043d\u044b \u0442\u0438\u043f\u043e\u043b\u043e\u0433\u0438\u0438 T1, T1+1 Duplex, T2, T2 Duplex, T2+1, T3, T3 Duplex, T3+1 Duplex. \u0426\u0435\u043d\u044b \u043d\u0430\u0447\u0438\u043d\u0430\u044e\u0442\u0441\u044f \u043e\u0442 \u20ac620.000.\" \/>\n\t\t<meta property=\"og:url\" content=\"https:\/\/arr.pt\/pt\/property\/val-d-ouro-palace\/\" \/>\n\t\t<meta property=\"og:image\" content=\"https:\/\/arr.pt\/wp-content\/uploads\/2022\/01\/logo.svg\" \/>\n\t\t<meta property=\"og:image:secure_url\" content=\"https:\/\/arr.pt\/wp-content\/uploads\/2022\/01\/logo.svg\" \/>\n\t\t<meta property=\"og:image:width\" content=\"432\" \/>\n\t\t<meta property=\"og:image:height\" content=\"140\" \/>\n\t\t<meta property=\"article:published_time\" content=\"2026-09-03T16:11:49+00:00\" \/>\n\t\t<meta property=\"article:modified_time\" content=\"2026-09-03T16:11:49+00:00\" \/>\n\t\t<meta property=\"article:publisher\" content=\"https:\/\/www.facebook.com\/arr.portugal\" \/>\n\t\t<meta name=\"twitter:card\" content=\"summary\" \/>\n\t\t<meta name=\"twitter:site\" content=\"@arrpt2\" \/>\n\t\t<meta name=\"twitter:title\" content=\"Val D\u2019Ouro Palace - \u041d\u0435\u0434\u0432\u0438\u0436\u0438\u043c\u043e\u0441\u0442\u044c \u0432 \u041f\u043e\u0440\u0442\u0443\u0433\u0430\u043b\u0438\u0438\" \/>\n\t\t<meta name=\"twitter:description\" content=\"\u0416\u0438\u043b\u043e\u0439 \u043a\u043e\u043c\u043f\u043b\u0435\u043a\u0441 Val D&#039;Ouro Palace \u0440\u0430\u0441\u043f\u043e\u043b\u043e\u0436\u0435\u043d \u0432 Cedofeita, Santo Ildefonso, S\u00e9, Miragaia, S\u00e3o Nicolau e Vit\u00f3ria, Porto. \u0414\u043e\u0441\u0442\u0443\u043f\u043d\u044b \u0442\u0438\u043f\u043e\u043b\u043e\u0433\u0438\u0438 T1, T1+1 Duplex, T2, T2 Duplex, T2+1, T3, T3 Duplex, T3+1 Duplex. \u0426\u0435\u043d\u044b \u043d\u0430\u0447\u0438\u043d\u0430\u044e\u0442\u0441\u044f \u043e\u0442 \u20ac620.000.\" \/>\n\t\t<meta name=\"twitter:creator\" content=\"@arrpt2\" \/>\n\t\t<meta name=\"twitter:image\" content=\"https:\/\/arr.pt\/wp-content\/uploads\/2022\/01\/logo.svg\" \/>\n\t\t<script type=\"application\/ld+json\" class=\"aioseo-schema\">\n\t\t\t{\"@context\":\"https:\\\/\\\/schema.org\",\"@graph\":[{\"@type\":\"ApartmentComplex\",\"@id\":\"https:\\\/\\\/arr.pt\\\/pt\\\/property\\\/val-d-ouro-palace\\\/#property\",\"name\":\"Val D&#8217;Ouro Palace\",\"url\":\"https:\\\/\\\/arr.pt\\\/pt\\\/property\\\/val-d-ouro-palace\\\/\",\"mainEntityOfPage\":{\"@id\":\"https:\\\/\\\/arr.pt\\\/pt\\\/property\\\/val-d-ouro-palace\\\/#webpage\"},\"description\":\"\\u0416\\u0438\\u043b\\u043e\\u0439 \\u043a\\u043e\\u043c\\u043f\\u043b\\u0435\\u043a\\u0441 Val D&#039;Ouro Palace \\u0440\\u0430\\u0441\\u043f\\u043e\\u043b\\u043e\\u0436\\u0435\\u043d \\u0432 Cedofeita, Santo Ildefonso, S\\u00e9, Miragaia, S\\u00e3o Nicolau e Vit\\u00f3ria, Porto. \\u0414\\u043e\\u0441\\u0442\\u0443\\u043f\\u043d\\u044b \\u0442\\u0438\\u043f\\u043e\\u043b\\u043e\\u0433\\u0438\\u0438 T1, T1+1 Duplex, T2, T2 Duplex, T2+1, T3, T3 Duplex, T3+1 Duplex. \\u0426\\u0435\\u043d\\u044b \\u043d\\u0430\\u0447\\u0438\\u043d\\u0430\\u044e\\u0442\\u0441\\u044f \\u043e\\u0442 \\u20ac620.000.\",\"image\":\"https:\\\/\\\/arr.pt\\\/wp-content\\\/uploads\\\/2026\\\/09\\\/sava-val-d-ouro-palace-gallery-298d2e36d439-scaled.jpg\",\"address\":{\"@type\":\"PostalAddress\",\"addressCountry\":\"PT\",\"addressLocality\":\"Porto\"}},{\"@type\":\"BreadcrumbList\",\"@id\":\"https:\\\/\\\/arr.pt\\\/pt\\\/property\\\/val-d-ouro-palace\\\/#breadcrumblist\",\"itemListElement\":[{\"@type\":\"ListItem\",\"@id\":\"https:\\\/\\\/arr.pt\\\/pt#listItem\",\"position\":1,\"name\":\"\\u0413\\u043b\\u0430\\u0432\\u043d\\u0430\\u044f\",\"item\":\"https:\\\/\\\/arr.pt\\\/pt\",\"nextItem\":{\"@type\":\"ListItem\",\"@id\":\"https:\\\/\\\/arr.pt\\\/pt\\\/property\\\/#listItem\",\"name\":\"Propriedades\"}},{\"@type\":\"ListItem\",\"@id\":\"https:\\\/\\\/arr.pt\\\/pt\\\/property\\\/#listItem\",\"position\":2,\"name\":\"Propriedades\",\"item\":\"https:\\\/\\\/arr.pt\\\/pt\\\/property\\\/\",\"nextItem\":{\"@type\":\"ListItem\",\"@id\":\"https:\\\/\\\/arr.pt\\\/pt\\\/property_type\\\/new\\\/#listItem\",\"name\":\"\\u041d\\u043e\\u0432\\u043e\\u0441\\u0442\\u0440\\u043e\\u0439\\u043a\\u0430\"},\"previousItem\":{\"@type\":\"ListItem\",\"@id\":\"https:\\\/\\\/arr.pt\\\/pt#listItem\",\"name\":\"\\u0413\\u043b\\u0430\\u0432\\u043d\\u0430\\u044f\"}},{\"@type\":\"ListItem\",\"@id\":\"https:\\\/\\\/arr.pt\\\/pt\\\/property_type\\\/new\\\/#listItem\",\"position\":3,\"name\":\"\\u041d\\u043e\\u0432\\u043e\\u0441\\u0442\\u0440\\u043e\\u0439\\u043a\\u0430\",\"item\":\"https:\\\/\\\/arr.pt\\\/pt\\\/property_type\\\/new\\\/\",\"nextItem\":{\"@type\":\"ListItem\",\"@id\":\"https:\\\/\\\/arr.pt\\\/pt\\\/property\\\/val-d-ouro-palace\\\/#listItem\",\"name\":\"Val D&#8217;Ouro Palace\"},\"previousItem\":{\"@type\":\"ListItem\",\"@id\":\"https:\\\/\\\/arr.pt\\\/pt\\\/property\\\/#listItem\",\"name\":\"Propriedades\"}},{\"@type\":\"ListItem\",\"@id\":\"https:\\\/\\\/arr.pt\\\/pt\\\/property\\\/val-d-ouro-palace\\\/#listItem\",\"position\":4,\"name\":\"Val D&#8217;Ouro Palace\",\"previousItem\":{\"@type\":\"ListItem\",\"@id\":\"https:\\\/\\\/arr.pt\\\/pt\\\/property_type\\\/new\\\/#listItem\",\"name\":\"\\u041d\\u043e\\u0432\\u043e\\u0441\\u0442\\u0440\\u043e\\u0439\\u043a\\u0430\"}}]},{\"@type\":\"Offer\",\"@id\":\"https:\\\/\\\/arr.pt\\\/pt\\\/property\\\/val-d-ouro-palace\\\/#offer\",\"url\":\"https:\\\/\\\/arr.pt\\\/pt\\\/property\\\/val-d-ouro-palace\\\/\",\"priceCurrency\":\"EUR\",\"businessFunction\":\"https:\\\/\\\/purl.org\\\/goodrelations\\\/v1#Sell\",\"seller\":{\"@id\":\"https:\\\/\\\/arr.pt\\\/#organization\"},\"offeredBy\":{\"@id\":\"https:\\\/\\\/arr.pt\\\/#organization\"},\"itemOffered\":{\"@id\":\"https:\\\/\\\/arr.pt\\\/pt\\\/property\\\/val-d-ouro-palace\\\/#property\"}},{\"@type\":\"RealEstateAgent\",\"@id\":\"https:\\\/\\\/arr.pt\\\/#organization\",\"name\":\"ARR\",\"description\":\"Ag\\u00eancia de media\\u00e7\\u00e3o imobili\\u00e1ria e intermedi\\u00e1rio de cr\\u00e9dito em Portugal.\",\"url\":\"https:\\\/\\\/arr.pt\\\/\",\"email\":\"ola@arr.pt\",\"telephone\":\"+351911755010\",\"logo\":{\"@type\":\"ImageObject\",\"@id\":\"https:\\\/\\\/arr.pt\\\/#logo\",\"url\":\"https:\\\/\\\/arr.pt\\\/wp-content\\\/uploads\\\/2022\\\/01\\\/logo.svg\",\"width\":432,\"height\":140},\"image\":{\"@id\":\"https:\\\/\\\/arr.pt\\\/#logo\"},\"sameAs\":[\"https:\\\/\\\/www.facebook.com\\\/arr.portugal\",\"https:\\\/\\\/twitter.com\\\/arrpt2\",\"https:\\\/\\\/www.instagram.com\\\/arr.portugal\\\/\"],\"legalName\":\"Segredos Pr\\u00f3speros, Unipessoal Lda\",\"taxID\":\"517557851\",\"currenciesAccepted\":\"EUR\",\"knowsLanguage\":[\"pt-PT\",\"en-GB\",\"ru-RU\"],\"areaServed\":{\"@type\":\"Country\",\"name\":\"Portugal\"},\"address\":{\"@type\":\"PostalAddress\",\"streetAddress\":\"Rua Eduardo Coelho, 66, 1.\\u00ba F\",\"postalCode\":\"1200-164\",\"addressLocality\":\"Lisboa\",\"addressCountry\":\"PT\"},\"contactPoint\":{\"@type\":\"ContactPoint\",\"telephone\":\"+351911755010\",\"email\":\"ola@arr.pt\",\"contactType\":\"customer service\",\"availableLanguage\":[\"Portuguese\",\"English\",\"Russian\"]},\"identifier\":{\"@type\":\"PropertyValue\",\"propertyID\":\"AMI\",\"value\":\"22515\"}},{\"@type\":\"RealEstateListing\",\"@id\":\"https:\\\/\\\/arr.pt\\\/pt\\\/property\\\/val-d-ouro-palace\\\/#webpage\",\"url\":\"https:\\\/\\\/arr.pt\\\/pt\\\/property\\\/val-d-ouro-palace\\\/\",\"name\":\"Val D\\u2019Ouro Palace - \\u041d\\u0435\\u0434\\u0432\\u0438\\u0436\\u0438\\u043c\\u043e\\u0441\\u0442\\u044c \\u0432 \\u041f\\u043e\\u0440\\u0442\\u0443\\u0433\\u0430\\u043b\\u0438\\u0438\",\"description\":\"\\u0416\\u0438\\u043b\\u043e\\u0439 \\u043a\\u043e\\u043c\\u043f\\u043b\\u0435\\u043a\\u0441 Val D'Ouro Palace \\u0440\\u0430\\u0441\\u043f\\u043e\\u043b\\u043e\\u0436\\u0435\\u043d \\u0432 Cedofeita, Santo Ildefonso, S\\u00e9, Miragaia, S\\u00e3o Nicolau e Vit\\u00f3ria, Porto. \\u0414\\u043e\\u0441\\u0442\\u0443\\u043f\\u043d\\u044b \\u0442\\u0438\\u043f\\u043e\\u043b\\u043e\\u0433\\u0438\\u0438 T1, T1+1 Duplex, T2, T2 Duplex, T2+1, T3, T3 Duplex, T3+1 Duplex. \\u0426\\u0435\\u043d\\u044b \\u043d\\u0430\\u0447\\u0438\\u043d\\u0430\\u044e\\u0442\\u0441\\u044f \\u043e\\u0442 \\u20ac620.000.\",\"inLanguage\":\"pt-PT\",\"isPartOf\":{\"@id\":\"https:\\\/\\\/arr.pt\\\/pt\\\/#website\"},\"breadcrumb\":{\"@id\":\"https:\\\/\\\/arr.pt\\\/pt\\\/property\\\/val-d-ouro-palace\\\/#breadcrumblist\"},\"author\":{\"@id\":\"https:\\\/\\\/arr.pt\\\/#organization\"},\"creator\":{\"@id\":\"https:\\\/\\\/arr.pt\\\/#organization\"},\"image\":{\"@type\":\"ImageObject\",\"url\":\"https:\\\/\\\/arr.pt\\\/wp-content\\\/uploads\\\/2026\\\/09\\\/sava-val-d-ouro-palace-gallery-298d2e36d439-scaled.jpg\",\"@id\":\"https:\\\/\\\/arr.pt\\\/pt\\\/property\\\/val-d-ouro-palace\\\/#mainImage\",\"width\":2560,\"height\":1599},\"primaryImageOfPage\":{\"@id\":\"https:\\\/\\\/arr.pt\\\/pt\\\/property\\\/val-d-ouro-palace\\\/#mainImage\"},\"datePublished\":\"2026-09-03T16:11:49+00:00\",\"dateModified\":\"2026-09-03T16:11:49+00:00\",\"datePosted\":\"2026-09-03T16:11:49+00:00\",\"mainEntity\":{\"@id\":\"https:\\\/\\\/arr.pt\\\/pt\\\/property\\\/val-d-ouro-palace\\\/#property\"},\"about\":{\"@id\":\"https:\\\/\\\/arr.pt\\\/pt\\\/property\\\/val-d-ouro-palace\\\/#property\"},\"offers\":{\"@id\":\"https:\\\/\\\/arr.pt\\\/pt\\\/property\\\/val-d-ouro-palace\\\/#offer\"},\"publisher\":{\"@id\":\"https:\\\/\\\/arr.pt\\\/#organization\"},\"provider\":{\"@id\":\"https:\\\/\\\/arr.pt\\\/#organization\"}},{\"@type\":\"WebSite\",\"@id\":\"https:\\\/\\\/arr.pt\\\/pt\\\/#website\",\"url\":\"https:\\\/\\\/arr.pt\\\/pt\\\/\",\"name\":\"\\u041d\\u0435\\u0434\\u0432\\u0438\\u0436\\u0438\\u043c\\u043e\\u0441\\u0442\\u044c \\u0432 \\u041f\\u043e\\u0440\\u0442\\u0443\\u0433\\u0430\\u043b\\u0438\\u0438\",\"inLanguage\":\"pt-PT\",\"publisher\":{\"@id\":\"https:\\\/\\\/arr.pt\\\/#organization\"}}]}\n\t\t<\/script>\n\t\t<!-- All in One SEO -->\n\n","aioseo_head_json":{"title":"Val D\u2019Ouro Palace - Imobili\u00e1rio em Portugal","description":"\u0416\u0438\u043b\u043e\u0439 \u043a\u043e\u043c\u043f\u043b\u0435\u043a\u0441 Val D'Ouro Palace \u0440\u0430\u0441\u043f\u043e\u043b\u043e\u0436\u0435\u043d \u0432 Cedofeita, Santo Ildefonso, S\u00e9, Miragaia, S\u00e3o Nicolau e Vit\u00f3ria, Porto. \u0414\u043e\u0441\u0442\u0443\u043f\u043d\u044b \u0442\u0438\u043f\u043e\u043b\u043e\u0433\u0438\u0438 T1, T1+1 Duplex, T2, T2 Duplex, T2+1, T3, T3 Duplex, T3+1 Duplex. \u0426\u0435\u043d\u044b \u043d\u0430\u0447\u0438\u043d\u0430\u044e\u0442\u0441\u044f \u043e\u0442 \u20ac620.000.","canonical_url":"https:\/\/arr.pt\/pt\/property\/val-d-ouro-palace\/","robots":"max-image-preview:large","keywords":"","webmasterTools":{"miscellaneous":""},"schema":{"@context":"https:\/\/schema.org","@graph":[{"@type":"ApartmentComplex","@id":"https:\/\/arr.pt\/pt\/property\/val-d-ouro-palace\/#property","name":"Val D&#8217;Ouro Palace","url":"https:\/\/arr.pt\/pt\/property\/val-d-ouro-palace\/","mainEntityOfPage":{"@id":"https:\/\/arr.pt\/pt\/property\/val-d-ouro-palace\/#webpage"},"description":"\u0416\u0438\u043b\u043e\u0439 \u043a\u043e\u043c\u043f\u043b\u0435\u043a\u0441 Val D&#039;Ouro Palace \u0440\u0430\u0441\u043f\u043e\u043b\u043e\u0436\u0435\u043d \u0432 Cedofeita, Santo Ildefonso, S\u00e9, Miragaia, S\u00e3o Nicolau e Vit\u00f3ria, Porto. \u0414\u043e\u0441\u0442\u0443\u043f\u043d\u044b \u0442\u0438\u043f\u043e\u043b\u043e\u0433\u0438\u0438 T1, T1+1 Duplex, T2, T2 Duplex, T2+1, T3, T3 Duplex, T3+1 Duplex. \u0426\u0435\u043d\u044b \u043d\u0430\u0447\u0438\u043d\u0430\u044e\u0442\u0441\u044f \u043e\u0442 \u20ac620.000.","image":"https:\/\/arr.pt\/wp-content\/uploads\/2026\/09\/sava-val-d-ouro-palace-gallery-298d2e36d439-scaled.jpg","address":{"@type":"PostalAddress","addressCountry":"PT","addressLocality":"Porto"}},{"@type":"BreadcrumbList","@id":"https:\/\/arr.pt\/pt\/property\/val-d-ouro-palace\/#breadcrumblist","itemListElement":[{"@type":"ListItem","@id":"https:\/\/arr.pt\/pt#listItem","position":1,"name":"\u0413\u043b\u0430\u0432\u043d\u0430\u044f","item":"https:\/\/arr.pt\/pt","nextItem":{"@type":"ListItem","@id":"https:\/\/arr.pt\/pt\/property\/#listItem","name":"Propriedades"}},{"@type":"ListItem","@id":"https:\/\/arr.pt\/pt\/property\/#listItem","position":2,"name":"Propriedades","item":"https:\/\/arr.pt\/pt\/property\/","nextItem":{"@type":"ListItem","@id":"https:\/\/arr.pt\/pt\/property_type\/new\/#listItem","name":"\u041d\u043e\u0432\u043e\u0441\u0442\u0440\u043e\u0439\u043a\u0430"},"previousItem":{"@type":"ListItem","@id":"https:\/\/arr.pt\/pt#listItem","name":"\u0413\u043b\u0430\u0432\u043d\u0430\u044f"}},{"@type":"ListItem","@id":"https:\/\/arr.pt\/pt\/property_type\/new\/#listItem","position":3,"name":"\u041d\u043e\u0432\u043e\u0441\u0442\u0440\u043e\u0439\u043a\u0430","item":"https:\/\/arr.pt\/pt\/property_type\/new\/","nextItem":{"@type":"ListItem","@id":"https:\/\/arr.pt\/pt\/property\/val-d-ouro-palace\/#listItem","name":"Val D&#8217;Ouro Palace"},"previousItem":{"@type":"ListItem","@id":"https:\/\/arr.pt\/pt\/property\/#listItem","name":"Propriedades"}},{"@type":"ListItem","@id":"https:\/\/arr.pt\/pt\/property\/val-d-ouro-palace\/#listItem","position":4,"name":"Val D&#8217;Ouro Palace","previousItem":{"@type":"ListItem","@id":"https:\/\/arr.pt\/pt\/property_type\/new\/#listItem","name":"\u041d\u043e\u0432\u043e\u0441\u0442\u0440\u043e\u0439\u043a\u0430"}}]},{"@type":"Offer","@id":"https:\/\/arr.pt\/pt\/property\/val-d-ouro-palace\/#offer","url":"https:\/\/arr.pt\/pt\/property\/val-d-ouro-palace\/","priceCurrency":"EUR","businessFunction":"https:\/\/purl.org\/goodrelations\/v1#Sell","seller":{"@id":"https:\/\/arr.pt\/#organization"},"offeredBy":{"@id":"https:\/\/arr.pt\/#organization"},"itemOffered":{"@id":"https:\/\/arr.pt\/pt\/property\/val-d-ouro-palace\/#property"}},{"@type":"RealEstateAgent","@id":"https:\/\/arr.pt\/#organization","name":"ARR","description":"Ag\u00eancia de media\u00e7\u00e3o imobili\u00e1ria e intermedi\u00e1rio de cr\u00e9dito em Portugal.","url":"https:\/\/arr.pt\/","email":"ola@arr.pt","telephone":"+351911755010","logo":{"@type":"ImageObject","@id":"https:\/\/arr.pt\/#logo","url":"https:\/\/arr.pt\/wp-content\/uploads\/2022\/01\/logo.svg","width":432,"height":140},"image":{"@id":"https:\/\/arr.pt\/#logo"},"sameAs":["https:\/\/www.facebook.com\/arr.portugal","https:\/\/twitter.com\/arrpt2","https:\/\/www.instagram.com\/arr.portugal\/"],"legalName":"Segredos Pr\u00f3speros, Unipessoal Lda","taxID":"517557851","currenciesAccepted":"EUR","knowsLanguage":["pt-PT","en-GB","ru-RU"],"areaServed":{"@type":"Country","name":"Portugal"},"address":{"@type":"PostalAddress","streetAddress":"Rua Eduardo Coelho, 66, 1.\u00ba F","postalCode":"1200-164","addressLocality":"Lisboa","addressCountry":"PT"},"contactPoint":{"@type":"ContactPoint","telephone":"+351911755010","email":"ola@arr.pt","contactType":"customer service","availableLanguage":["Portuguese","English","Russian"]},"identifier":{"@type":"PropertyValue","propertyID":"AMI","value":"22515"}},{"@type":"RealEstateListing","@id":"https:\/\/arr.pt\/pt\/property\/val-d-ouro-palace\/#webpage","url":"https:\/\/arr.pt\/pt\/property\/val-d-ouro-palace\/","name":"Val D\u2019Ouro Palace - \u041d\u0435\u0434\u0432\u0438\u0436\u0438\u043c\u043e\u0441\u0442\u044c \u0432 \u041f\u043e\u0440\u0442\u0443\u0433\u0430\u043b\u0438\u0438","description":"\u0416\u0438\u043b\u043e\u0439 \u043a\u043e\u043c\u043f\u043b\u0435\u043a\u0441 Val D'Ouro Palace \u0440\u0430\u0441\u043f\u043e\u043b\u043e\u0436\u0435\u043d \u0432 Cedofeita, Santo Ildefonso, S\u00e9, Miragaia, S\u00e3o Nicolau e Vit\u00f3ria, Porto. \u0414\u043e\u0441\u0442\u0443\u043f\u043d\u044b \u0442\u0438\u043f\u043e\u043b\u043e\u0433\u0438\u0438 T1, T1+1 Duplex, T2, T2 Duplex, T2+1, T3, T3 Duplex, T3+1 Duplex. \u0426\u0435\u043d\u044b \u043d\u0430\u0447\u0438\u043d\u0430\u044e\u0442\u0441\u044f \u043e\u0442 \u20ac620.000.","inLanguage":"pt-PT","isPartOf":{"@id":"https:\/\/arr.pt\/pt\/#website"},"breadcrumb":{"@id":"https:\/\/arr.pt\/pt\/property\/val-d-ouro-palace\/#breadcrumblist"},"author":{"@id":"https:\/\/arr.pt\/#organization"},"creator":{"@id":"https:\/\/arr.pt\/#organization"},"image":{"@type":"ImageObject","url":"https:\/\/arr.pt\/wp-content\/uploads\/2026\/09\/sava-val-d-ouro-palace-gallery-298d2e36d439-scaled.jpg","@id":"https:\/\/arr.pt\/pt\/property\/val-d-ouro-palace\/#mainImage","width":2560,"height":1599},"primaryImageOfPage":{"@id":"https:\/\/arr.pt\/pt\/property\/val-d-ouro-palace\/#mainImage"},"datePublished":"2026-09-03T16:11:49+00:00","dateModified":"2026-09-03T16:11:49+00:00","datePosted":"2026-09-03T16:11:49+00:00","mainEntity":{"@id":"https:\/\/arr.pt\/pt\/property\/val-d-ouro-palace\/#property"},"about":{"@id":"https:\/\/arr.pt\/pt\/property\/val-d-ouro-palace\/#property"},"offers":{"@id":"https:\/\/arr.pt\/pt\/property\/val-d-ouro-palace\/#offer"},"publisher":{"@id":"https:\/\/arr.pt\/#organization"},"provider":{"@id":"https:\/\/arr.pt\/#organization"}},{"@type":"WebSite","@id":"https:\/\/arr.pt\/pt\/#website","url":"https:\/\/arr.pt\/pt\/","name":"\u041d\u0435\u0434\u0432\u0438\u0436\u0438\u043c\u043e\u0441\u0442\u044c \u0432 \u041f\u043e\u0440\u0442\u0443\u0433\u0430\u043b\u0438\u0438","inLanguage":"pt-PT","publisher":{"@id":"https:\/\/arr.pt\/#organization"}}]},"og:locale":"pt_PT","og:site_name":"\u041d\u0435\u0434\u0432\u0438\u0436\u0438\u043c\u043e\u0441\u0442\u044c \u0432 \u041f\u043e\u0440\u0442\u0443\u0433\u0430\u043b\u0438\u0438 -","og:type":"article","og:title":"Val D\u2019Ouro Palace - \u041d\u0435\u0434\u0432\u0438\u0436\u0438\u043c\u043e\u0441\u0442\u044c \u0432 \u041f\u043e\u0440\u0442\u0443\u0433\u0430\u043b\u0438\u0438","og:description":"\u0416\u0438\u043b\u043e\u0439 \u043a\u043e\u043c\u043f\u043b\u0435\u043a\u0441 Val D'Ouro Palace \u0440\u0430\u0441\u043f\u043e\u043b\u043e\u0436\u0435\u043d \u0432 Cedofeita, Santo Ildefonso, S\u00e9, Miragaia, S\u00e3o Nicolau e Vit\u00f3ria, Porto. \u0414\u043e\u0441\u0442\u0443\u043f\u043d\u044b \u0442\u0438\u043f\u043e\u043b\u043e\u0433\u0438\u0438 T1, T1+1 Duplex, T2, T2 Duplex, T2+1, T3, T3 Duplex, T3+1 Duplex. \u0426\u0435\u043d\u044b \u043d\u0430\u0447\u0438\u043d\u0430\u044e\u0442\u0441\u044f \u043e\u0442 \u20ac620.000.","og:url":"https:\/\/arr.pt\/pt\/property\/val-d-ouro-palace\/","og:image":"https:\/\/arr.pt\/wp-content\/uploads\/2022\/01\/logo.svg","og:image:secure_url":"https:\/\/arr.pt\/wp-content\/uploads\/2022\/01\/logo.svg","og:image:width":432,"og:image:height":140,"article:published_time":"2026-09-03T16:11:49+00:00","article:modified_time":"2026-09-03T16:11:49+00:00","article:publisher":"https:\/\/www.facebook.com\/arr.portugal","twitter:card":"summary","twitter:site":"@arrpt2","twitter:title":"Val D\u2019Ouro Palace - \u041d\u0435\u0434\u0432\u0438\u0436\u0438\u043c\u043e\u0441\u0442\u044c \u0432 \u041f\u043e\u0440\u0442\u0443\u0433\u0430\u043b\u0438\u0438","twitter:description":"\u0416\u0438\u043b\u043e\u0439 \u043a\u043e\u043c\u043f\u043b\u0435\u043a\u0441 Val D'Ouro Palace \u0440\u0430\u0441\u043f\u043e\u043b\u043e\u0436\u0435\u043d \u0432 Cedofeita, Santo Ildefonso, S\u00e9, Miragaia, S\u00e3o Nicolau e Vit\u00f3ria, Porto. \u0414\u043e\u0441\u0442\u0443\u043f\u043d\u044b \u0442\u0438\u043f\u043e\u043b\u043e\u0433\u0438\u0438 T1, T1+1 Duplex, T2, T2 Duplex, T2+1, T3, T3 Duplex, T3+1 Duplex. \u0426\u0435\u043d\u044b \u043d\u0430\u0447\u0438\u043d\u0430\u044e\u0442\u0441\u044f \u043e\u0442 \u20ac620.000.","twitter:creator":"@arrpt2","twitter:image":"https:\/\/arr.pt\/wp-content\/uploads\/2022\/01\/logo.svg"},"aioseo_meta_data":[],"aioseo_breadcrumb":"<div class=\"aioseo-breadcrumbs\"><span class=\"aioseo-breadcrumb\">\n\t\t\t<a href=\"https:\/\/arr.pt\/pt\" title=\"\u0413\u043b\u0430\u0432\u043d\u0430\u044f\">\u0413\u043b\u0430\u0432\u043d\u0430\u044f<\/a>\n\t\t<\/span><span class=\"aioseo-breadcrumb-separator\">&raquo;<\/span><span class=\"aioseo-breadcrumb\">\n\t\t\t<a href=\"https:\/\/arr.pt\/pt\/property\/\" title=\"Propriedades\">Propriedades<\/a>\n\t\t<\/span><span class=\"aioseo-breadcrumb-separator\">&raquo;<\/span><span class=\"aioseo-breadcrumb\">\n\t\t\t<a href=\"https:\/\/arr.pt\/pt\/property_type\/new\/\" title=\"\u041d\u043e\u0432\u043e\u0441\u0442\u0440\u043e\u0439\u043a\u0430\">\u041d\u043e\u0432\u043e\u0441\u0442\u0440\u043e\u0439\u043a\u0430<\/a>\n\t\t<\/span><span class=\"aioseo-breadcrumb-separator\">&raquo;<\/span><span class=\"aioseo-breadcrumb\">\n\t\t\tVal D\u2019Ouro Palace\n\t\t<\/span><\/div>","aioseo_breadcrumb_json":[{"label":"\u0413\u043b\u0430\u0432\u043d\u0430\u044f","link":"https:\/\/arr.pt\/pt"},{"label":"Propriedades","link":"https:\/\/arr.pt\/pt\/property\/"},{"label":"\u041d\u043e\u0432\u043e\u0441\u0442\u0440\u043e\u0439\u043a\u0430","link":"https:\/\/arr.pt\/pt\/property_type\/new\/"},{"label":"Val D&#8217;Ouro Palace","link":"https:\/\/arr.pt\/pt\/property\/val-d-ouro-palace\/"}],"property_meta":{"fave_agent_display_option":["agency_info"],"fave_property_agency":["18866"],"fave_featured":["0"],"houzez_featured_listing_date":[""],"fave_property_map_address":["Cedofeita, Santo Ildefonso, S\u00e9, Miragaia, S\u00e3o Nicolau e Vit\u00f3ria, Porto"],"fave_property_address":["Cedofeita, Santo Ildefonso, S\u00e9, Miragaia, S\u00e3o Nicolau e Vit\u00f3ria"],"fave_property_location":["41.14540000,-8.62093000"],"houzez_geolocation_lat":["41.14540000"],"houzez_geolocation_long":["-8.62093000"],"_thumbnail_id":["40655"],"_sava_arr_static_imported":["1"],"_sava_arr_project_id":["902"],"_sava_arr_managed":["1"],"fave_property_price":["T1 \u043e\u0442 \u20ac620.000"],"floor_plans":["a:25:{i:0;a:8:{s:15:\"fave_plan_title\";s:5:\"T1 P4\";s:15:\"fave_plan_rooms\";s:1:\"1\";s:19:\"fave_plan_bathrooms\";s:3:\"1.0\";s:15:\"fave_plan_price\";s:9:\"620000.00\";s:23:\"fave_plan_price_postfix\";s:0:\"\";s:14:\"fave_plan_size\";s:9:\"76.90 m\u00b2\";s:15:\"fave_plan_image\";s:86:\"https:\/\/arr.pt\/wp-content\/uploads\/2026\/09\/sava-val-d-ouro-palace-plan-68d6b5eb85e7.jpg\";s:21:\"fave_plan_description\";s:0:\"\";}i:1;a:8:{s:15:\"fave_plan_title\";s:12:\"T1 107250406\";s:15:\"fave_plan_rooms\";s:1:\"1\";s:19:\"fave_plan_bathrooms\";s:3:\"1.0\";s:15:\"fave_plan_price\";s:9:\"620000.00\";s:23:\"fave_plan_price_postfix\";s:0:\"\";s:14:\"fave_plan_size\";s:9:\"63.40 m\u00b2\";s:15:\"fave_plan_image\";s:93:\"https:\/\/arr.pt\/wp-content\/uploads\/2026\/09\/sava-val-d-ouro-palace-plan-9298e31d65c1-scaled.png\";s:21:\"fave_plan_description\";s:0:\"\";}i:2;a:8:{s:15:\"fave_plan_title\";s:12:\"T1 107250403\";s:15:\"fave_plan_rooms\";s:1:\"1\";s:19:\"fave_plan_bathrooms\";s:3:\"1.0\";s:15:\"fave_plan_price\";s:9:\"860000.00\";s:23:\"fave_plan_price_postfix\";s:0:\"\";s:14:\"fave_plan_size\";s:10:\"116.10 m\u00b2\";s:15:\"fave_plan_image\";s:86:\"https:\/\/arr.pt\/wp-content\/uploads\/2026\/09\/sava-val-d-ouro-palace-plan-0287f850dfb4.pdf\";s:21:\"fave_plan_description\";s:0:\"\";}i:3;a:8:{s:15:\"fave_plan_title\";s:5:\"T1 A3\";s:15:\"fave_plan_rooms\";s:1:\"1\";s:19:\"fave_plan_bathrooms\";s:3:\"2.0\";s:15:\"fave_plan_price\";s:9:\"890000.00\";s:23:\"fave_plan_price_postfix\";s:0:\"\";s:14:\"fave_plan_size\";s:10:\"103.80 m\u00b2\";s:15:\"fave_plan_image\";s:86:\"https:\/\/arr.pt\/wp-content\/uploads\/2026\/09\/sava-val-d-ouro-palace-plan-00e62cb914b6.jpg\";s:21:\"fave_plan_description\";s:0:\"\";}i:4;a:8:{s:15:\"fave_plan_title\";s:12:\"T1 107250408\";s:15:\"fave_plan_rooms\";s:1:\"1\";s:19:\"fave_plan_bathrooms\";s:3:\"1.0\";s:15:\"fave_plan_price\";s:9:\"890000.00\";s:23:\"fave_plan_price_postfix\";s:0:\"\";s:14:\"fave_plan_size\";s:9:\"86.10 m\u00b2\";s:15:\"fave_plan_image\";s:93:\"https:\/\/arr.pt\/wp-content\/uploads\/2026\/09\/sava-val-d-ouro-palace-plan-427de059a39b-scaled.jpg\";s:21:\"fave_plan_description\";s:0:\"\";}i:5;a:8:{s:15:\"fave_plan_title\";s:14:\"T1+1 Duplex P3\";s:15:\"fave_plan_rooms\";s:2:\"11\";s:19:\"fave_plan_bathrooms\";s:3:\"2.0\";s:15:\"fave_plan_price\";s:9:\"860000.00\";s:23:\"fave_plan_price_postfix\";s:0:\"\";s:14:\"fave_plan_size\";s:10:\"129.10 m\u00b2\";s:15:\"fave_plan_image\";s:86:\"https:\/\/arr.pt\/wp-content\/uploads\/2026\/09\/sava-val-d-ouro-palace-plan-e89c7873895d.jpg\";s:21:\"fave_plan_description\";s:0:\"\";}i:6;a:8:{s:15:\"fave_plan_title\";s:12:\"T2 107250405\";s:15:\"fave_plan_rooms\";s:1:\"2\";s:19:\"fave_plan_bathrooms\";s:3:\"2.0\";s:15:\"fave_plan_price\";s:9:\"960000.00\";s:23:\"fave_plan_price_postfix\";s:0:\"\";s:14:\"fave_plan_size\";s:10:\"143.00 m\u00b2\";s:15:\"fave_plan_image\";s:93:\"https:\/\/arr.pt\/wp-content\/uploads\/2026\/09\/sava-val-d-ouro-palace-plan-4d2a5215d737-scaled.png\";s:21:\"fave_plan_description\";s:0:\"\";}i:7;a:8:{s:15:\"fave_plan_title\";s:5:\"T2 A2\";s:15:\"fave_plan_rooms\";s:1:\"2\";s:19:\"fave_plan_bathrooms\";s:3:\"3.0\";s:15:\"fave_plan_price\";s:9:\"980000.00\";s:23:\"fave_plan_price_postfix\";s:0:\"\";s:14:\"fave_plan_size\";s:10:\"162.20 m\u00b2\";s:15:\"fave_plan_image\";s:86:\"https:\/\/arr.pt\/wp-content\/uploads\/2026\/09\/sava-val-d-ouro-palace-plan-41f94d886f11.jpg\";s:21:\"fave_plan_description\";s:0:\"\";}i:8;a:8:{s:15:\"fave_plan_title\";s:12:\"T2 107250410\";s:15:\"fave_plan_rooms\";s:1:\"2\";s:19:\"fave_plan_bathrooms\";s:3:\"2.0\";s:15:\"fave_plan_price\";s:9:\"980000.00\";s:23:\"fave_plan_price_postfix\";s:0:\"\";s:14:\"fave_plan_size\";s:10:\"100.20 m\u00b2\";s:15:\"fave_plan_image\";s:93:\"https:\/\/arr.pt\/wp-content\/uploads\/2026\/09\/sava-val-d-ouro-palace-plan-481e82e9d44a-scaled.jpg\";s:21:\"fave_plan_description\";s:0:\"\";}i:9;a:8:{s:15:\"fave_plan_title\";s:12:\"T2 107250400\";s:15:\"fave_plan_rooms\";s:1:\"2\";s:19:\"fave_plan_bathrooms\";s:3:\"2.0\";s:15:\"fave_plan_price\";s:10:\"1050000.00\";s:23:\"fave_plan_price_postfix\";s:0:\"\";s:14:\"fave_plan_size\";s:10:\"135.30 m\u00b2\";s:15:\"fave_plan_image\";s:86:\"https:\/\/arr.pt\/wp-content\/uploads\/2026\/09\/sava-val-d-ouro-palace-plan-4397ebbed52d.pdf\";s:21:\"fave_plan_description\";s:0:\"\";}i:10;a:8:{s:15:\"fave_plan_title\";s:5:\"T2 P2\";s:15:\"fave_plan_rooms\";s:1:\"2\";s:19:\"fave_plan_bathrooms\";s:3:\"2.0\";s:15:\"fave_plan_price\";s:10:\"1250000.00\";s:23:\"fave_plan_price_postfix\";s:0:\"\";s:14:\"fave_plan_size\";s:10:\"184.60 m\u00b2\";s:15:\"fave_plan_image\";s:93:\"https:\/\/arr.pt\/wp-content\/uploads\/2026\/09\/sava-val-d-ouro-palace-plan-f5b5806215f5-scaled.jpg\";s:21:\"fave_plan_description\";s:0:\"\";}i:11;a:8:{s:15:\"fave_plan_title\";s:12:\"T2 107250404\";s:15:\"fave_plan_rooms\";s:1:\"2\";s:19:\"fave_plan_bathrooms\";s:3:\"2.0\";s:15:\"fave_plan_price\";s:10:\"1250000.00\";s:23:\"fave_plan_price_postfix\";s:0:\"\";s:14:\"fave_plan_size\";s:10:\"129.60 m\u00b2\";s:15:\"fave_plan_image\";s:93:\"https:\/\/arr.pt\/wp-content\/uploads\/2026\/09\/sava-val-d-ouro-palace-plan-58e769d7c6b4-scaled.png\";s:21:\"fave_plan_description\";s:0:\"\";}i:12;a:8:{s:15:\"fave_plan_title\";s:12:\"T2 Duplex B1\";s:15:\"fave_plan_rooms\";s:1:\"2\";s:19:\"fave_plan_bathrooms\";s:3:\"3.0\";s:15:\"fave_plan_price\";s:10:\"1050000.00\";s:23:\"fave_plan_price_postfix\";s:0:\"\";s:14:\"fave_plan_size\";s:10:\"148.40 m\u00b2\";s:15:\"fave_plan_image\";s:86:\"https:\/\/arr.pt\/wp-content\/uploads\/2026\/09\/sava-val-d-ouro-palace-plan-8fea910de580.jpg\";s:21:\"fave_plan_description\";s:0:\"\";}i:13;a:8:{s:15:\"fave_plan_title\";s:7:\"T2+1 P1\";s:15:\"fave_plan_rooms\";s:2:\"21\";s:19:\"fave_plan_bathrooms\";s:3:\"4.0\";s:15:\"fave_plan_price\";s:9:\"960000.00\";s:23:\"fave_plan_price_postfix\";s:0:\"\";s:14:\"fave_plan_size\";s:10:\"233.20 m\u00b2\";s:15:\"fave_plan_image\";s:86:\"https:\/\/arr.pt\/wp-content\/uploads\/2026\/09\/sava-val-d-ouro-palace-plan-1ac5c4f4446d.jpg\";s:21:\"fave_plan_description\";s:0:\"\";}i:14;a:8:{s:15:\"fave_plan_title\";s:12:\"T3 107250411\";s:15:\"fave_plan_rooms\";s:1:\"3\";s:19:\"fave_plan_bathrooms\";s:3:\"4.0\";s:15:\"fave_plan_price\";s:10:\"1400000.00\";s:23:\"fave_plan_price_postfix\";s:0:\"\";s:14:\"fave_plan_size\";s:10:\"191.60 m\u00b2\";s:15:\"fave_plan_image\";s:86:\"https:\/\/arr.pt\/wp-content\/uploads\/2026\/09\/sava-val-d-ouro-palace-plan-d565fffb358a.pdf\";s:21:\"fave_plan_description\";s:0:\"\";}i:15;a:8:{s:15:\"fave_plan_title\";s:5:\"T3 P6\";s:15:\"fave_plan_rooms\";s:1:\"3\";s:19:\"fave_plan_bathrooms\";s:3:\"3.0\";s:15:\"fave_plan_price\";s:10:\"1850000.00\";s:23:\"fave_plan_price_postfix\";s:0:\"\";s:14:\"fave_plan_size\";s:10:\"174.20 m\u00b2\";s:15:\"fave_plan_image\";s:93:\"https:\/\/arr.pt\/wp-content\/uploads\/2026\/09\/sava-val-d-ouro-palace-plan-c0b23de3a69a-scaled.jpg\";s:21:\"fave_plan_description\";s:0:\"\";}i:16;a:8:{s:15:\"fave_plan_title\";s:12:\"T3 107250402\";s:15:\"fave_plan_rooms\";s:1:\"3\";s:19:\"fave_plan_bathrooms\";s:3:\"3.0\";s:15:\"fave_plan_price\";s:10:\"1850000.00\";s:23:\"fave_plan_price_postfix\";s:0:\"\";s:14:\"fave_plan_size\";s:10:\"154.20 m\u00b2\";s:15:\"fave_plan_image\";s:93:\"https:\/\/arr.pt\/wp-content\/uploads\/2026\/09\/sava-val-d-ouro-palace-plan-0d6ee458188c-scaled.png\";s:21:\"fave_plan_description\";s:0:\"\";}i:17;a:8:{s:15:\"fave_plan_title\";s:5:\"T3 P5\";s:15:\"fave_plan_rooms\";s:1:\"3\";s:19:\"fave_plan_bathrooms\";s:3:\"4.0\";s:15:\"fave_plan_price\";s:10:\"2250000.00\";s:23:\"fave_plan_price_postfix\";s:0:\"\";s:14:\"fave_plan_size\";s:10:\"195.70 m\u00b2\";s:15:\"fave_plan_image\";s:93:\"https:\/\/arr.pt\/wp-content\/uploads\/2026\/09\/sava-val-d-ouro-palace-plan-15b60a4c797d-scaled.jpg\";s:21:\"fave_plan_description\";s:0:\"\";}i:18;a:8:{s:15:\"fave_plan_title\";s:5:\"T3 P7\";s:15:\"fave_plan_rooms\";s:1:\"3\";s:19:\"fave_plan_bathrooms\";s:3:\"3.0\";s:15:\"fave_plan_price\";s:10:\"2550000.00\";s:23:\"fave_plan_price_postfix\";s:0:\"\";s:14:\"fave_plan_size\";s:10:\"174.50 m\u00b2\";s:15:\"fave_plan_image\";s:93:\"https:\/\/arr.pt\/wp-content\/uploads\/2026\/09\/sava-val-d-ouro-palace-plan-faa97ae38a33-scaled.jpg\";s:21:\"fave_plan_description\";s:0:\"\";}i:19;a:8:{s:15:\"fave_plan_title\";s:12:\"T3 107250413\";s:15:\"fave_plan_rooms\";s:1:\"3\";s:19:\"fave_plan_bathrooms\";s:3:\"3.0\";s:15:\"fave_plan_price\";s:10:\"2950000.00\";s:23:\"fave_plan_price_postfix\";s:0:\"\";s:14:\"fave_plan_size\";s:10:\"194.20 m\u00b2\";s:15:\"fave_plan_image\";s:93:\"https:\/\/arr.pt\/wp-content\/uploads\/2026\/09\/sava-val-d-ouro-palace-plan-0ea842d415b4-scaled.jpg\";s:21:\"fave_plan_description\";s:0:\"\";}i:20;a:8:{s:15:\"fave_plan_title\";s:12:\"T3 107250409\";s:15:\"fave_plan_rooms\";s:1:\"3\";s:19:\"fave_plan_bathrooms\";s:3:\"3.0\";s:15:\"fave_plan_price\";s:10:\"2950000.00\";s:23:\"fave_plan_price_postfix\";s:0:\"\";s:14:\"fave_plan_size\";s:10:\"210.90 m\u00b2\";s:15:\"fave_plan_image\";s:86:\"https:\/\/arr.pt\/wp-content\/uploads\/2026\/09\/sava-val-d-ouro-palace-plan-82531ae67aa8.pdf\";s:21:\"fave_plan_description\";s:0:\"\";}i:21;a:8:{s:15:\"fave_plan_title\";s:5:\"T3 P8\";s:15:\"fave_plan_rooms\";s:1:\"3\";s:19:\"fave_plan_bathrooms\";s:3:\"4.0\";s:15:\"fave_plan_price\";s:10:\"2950000.00\";s:23:\"fave_plan_price_postfix\";s:0:\"\";s:14:\"fave_plan_size\";s:10:\"221.10 m\u00b2\";s:15:\"fave_plan_image\";s:86:\"https:\/\/arr.pt\/wp-content\/uploads\/2026\/09\/sava-val-d-ouro-palace-plan-89f9fb54da49.jpg\";s:21:\"fave_plan_description\";s:0:\"\";}i:22;a:8:{s:15:\"fave_plan_title\";s:12:\"T3 Duplex B2\";s:15:\"fave_plan_rooms\";s:1:\"3\";s:19:\"fave_plan_bathrooms\";s:3:\"4.0\";s:15:\"fave_plan_price\";s:10:\"1400000.00\";s:23:\"fave_plan_price_postfix\";s:0:\"\";s:14:\"fave_plan_size\";s:10:\"204.80 m\u00b2\";s:15:\"fave_plan_image\";s:86:\"https:\/\/arr.pt\/wp-content\/uploads\/2026\/09\/sava-val-d-ouro-palace-plan-17cd2878c236.jpg\";s:21:\"fave_plan_description\";s:0:\"\";}i:23;a:8:{s:15:\"fave_plan_title\";s:14:\"T3+1 Duplex A4\";s:15:\"fave_plan_rooms\";s:2:\"31\";s:19:\"fave_plan_bathrooms\";s:3:\"4.0\";s:15:\"fave_plan_price\";s:10:\"2950000.00\";s:23:\"fave_plan_price_postfix\";s:0:\"\";s:14:\"fave_plan_size\";s:10:\"232.30 m\u00b2\";s:15:\"fave_plan_image\";s:86:\"https:\/\/arr.pt\/wp-content\/uploads\/2026\/09\/sava-val-d-ouro-palace-plan-74f0efb02c5f.jpg\";s:21:\"fave_plan_description\";s:0:\"\";}i:24;a:8:{s:15:\"fave_plan_title\";s:12:\"T4 107250401\";s:15:\"fave_plan_rooms\";s:1:\"4\";s:19:\"fave_plan_bathrooms\";s:3:\"4.0\";s:15:\"fave_plan_price\";s:10:\"2250000.00\";s:23:\"fave_plan_price_postfix\";s:0:\"\";s:14:\"fave_plan_size\";s:10:\"183.30 m\u00b2\";s:15:\"fave_plan_image\";s:86:\"https:\/\/arr.pt\/wp-content\/uploads\/2026\/09\/sava-val-d-ouro-palace-plan-f8142d4ef9d5.pdf\";s:21:\"fave_plan_description\";s:0:\"\";}}"],"_sava_arr_last_availability_sync":["2026-09-03T16:17:10+00:00"],"_eael_post_view_count":["13"],"houzez_total_property_views":["13"],"houzez_views_by_date":["a:2:{s:10:\"09-03-2026\";i:8;s:10:\"09-04-2026\";i:5;}"],"houzez_recently_viewed":["2026-09-04 01:15:27"],"fave_property_images":["40655","40656","40657","40658","40659","40660","40661","40662","40663","40664","40665","40666","40667","40668","40669","40670","40671","40672","40673","40674","40675","40676","40677","40678","40679","40680","40681","40682"]},"_links":{"self":[{"href":"https:\/\/arr.pt\/pt\/wp-json\/wp\/v2\/properties\/40654","targetHints":{"allow":["GET"]}}],"collection":[{"href":"https:\/\/arr.pt\/pt\/wp-json\/wp\/v2\/properties"}],"about":[{"href":"https:\/\/arr.pt\/pt\/wp-json\/wp\/v2\/types\/property"}],"author":[{"embeddable":true,"href":"https:\/\/arr.pt\/pt\/wp-json\/wp\/v2\/users\/1"}],"version-history":[{"count":0,"href":"https:\/\/arr.pt\/pt\/wp-json\/wp\/v2\/properties\/40654\/revisions"}],"wp:featuredmedia":[{"embeddable":true,"href":"https:\/\/arr.pt\/pt\/wp-json\/wp\/v2\/media\/40655"}],"wp:attachment":[{"href":"https:\/\/arr.pt\/pt\/wp-json\/wp\/v2\/media?parent=40654"}],"wp:term":[{"taxonomy":"property_type","embeddable":true,"href":"https:\/\/arr.pt\/pt\/wp-json\/wp\/v2\/property_type?post=40654"},{"taxonomy":"property_status","embeddable":true,"href":"https:\/\/arr.pt\/pt\/wp-json\/wp\/v2\/property_status?post=40654"},{"taxonomy":"property_feature","embeddable":true,"href":"https:\/\/arr.pt\/pt\/wp-json\/wp\/v2\/property_feature?post=40654"},{"taxonomy":"property_label","embeddable":true,"href":"https:\/\/arr.pt\/pt\/wp-json\/wp\/v2\/property_label?post=40654"},{"taxonomy":"property_city","embeddable":true,"href":"https:\/\/arr.pt\/pt\/wp-json\/wp\/v2\/property_city?post=40654"}],"curies":[{"name":"wp","href":"https:\/\/api.w.org\/{rel}","templated":true}]}}