{"id":38629,"date":"2026-09-03T13:21:38","date_gmt":"2026-09-03T13:21:38","guid":{"rendered":"https:\/\/arr.pt\/property\/oporto-metropolitano\/"},"modified":"2026-09-03T13:21:38","modified_gmt":"2026-09-03T13:21:38","slug":"oporto-metropolitano","status":"publish","type":"property","link":"https:\/\/arr.pt\/pt\/property\/oporto-metropolitano\/","title":{"rendered":"Oporto Metropolitano"},"content":{"rendered":"<p>\u0416\u0438\u043b\u043e\u0439 \u043a\u043e\u043c\u043f\u043b\u0435\u043a\u0441 Oporto Metropolitano \u0440\u0430\u0441\u043f\u043e\u043b\u043e\u0436\u0435\u043d \u0432 S\u00e3o Mamede de Infesta e Senhora da Hora, Matosinhos. \u0414\u043e\u0441\u0442\u0443\u043f\u043d\u044b \u0442\u0438\u043f\u043e\u043b\u043e\u0433\u0438\u0438 T0, T1. \u0426\u0435\u043d\u044b \u043d\u0430\u0447\u0438\u043d\u0430\u044e\u0442\u0441\u044f \u043e\u0442 \u20ac215.000.<\/p>","protected":false},"excerpt":{"rendered":"<p>\u0416\u0438\u043b\u043e\u0439 \u043a\u043e\u043c\u043f\u043b\u0435\u043a\u0441 Oporto Metropolitano \u0440\u0430\u0441\u043f\u043e\u043b\u043e\u0436\u0435\u043d \u0432 S\u00e3o Mamede de Infesta e Senhora da Hora, Matosinhos. \u0414\u043e\u0441\u0442\u0443\u043f\u043d\u044b \u0442\u0438\u043f\u043e\u043b\u043e\u0433\u0438\u0438 T0, T1. \u0426\u0435\u043d\u044b \u043d\u0430\u0447\u0438\u043d\u0430\u044e\u0442\u0441\u044f \u043e\u0442 \u20ac215.000.<\/p>","protected":false},"author":1,"featured_media":38630,"parent":0,"menu_order":0,"template":"","property_type":[209],"property_status":[232],"property_feature":[],"property_label":[],"property_city":[113],"class_list":["post-38629","property","type-property","status-publish","has-post-thumbnail","hentry","property_type-new","property_status-sale","property_city-matosinhos"],"aioseo_notices":[],"aioseo_head":"\n\t\t<!-- All in One SEO 5.0.1.1 - aioseo.com -->\n\t<meta name=\"description\" content=\"\u0416\u0438\u043b\u043e\u0439 \u043a\u043e\u043c\u043f\u043b\u0435\u043a\u0441 Oporto Metropolitano \u0440\u0430\u0441\u043f\u043e\u043b\u043e\u0436\u0435\u043d \u0432 S\u00e3o Mamede de Infesta e Senhora da Hora, Matosinhos. \u0414\u043e\u0441\u0442\u0443\u043f\u043d\u044b \u0442\u0438\u043f\u043e\u043b\u043e\u0433\u0438\u0438 T0, T1. \u0426\u0435\u043d\u044b \u043d\u0430\u0447\u0438\u043d\u0430\u044e\u0442\u0441\u044f \u043e\u0442 \u20ac215.000.\" \/>\n\t<meta name=\"robots\" content=\"max-image-preview:large\" \/>\n\t<meta name=\"author\" content=\"arr\"\/>\n\t<link rel=\"canonical\" href=\"https:\/\/arr.pt\/pt\/property\/oporto-metropolitano\/\" \/>\n\t<meta name=\"generator\" content=\"All in One SEO (AIOSEO) 5.0.1.1\" \/>\n\t\t<meta property=\"og:locale\" content=\"pt_PT\" \/>\n\t\t<meta property=\"og:site_name\" content=\"\u041d\u0435\u0434\u0432\u0438\u0436\u0438\u043c\u043e\u0441\u0442\u044c \u0432 \u041f\u043e\u0440\u0442\u0443\u0433\u0430\u043b\u0438\u0438 -\" \/>\n\t\t<meta property=\"og:type\" content=\"article\" \/>\n\t\t<meta property=\"og:title\" content=\"Oporto Metropolitano - \u041d\u0435\u0434\u0432\u0438\u0436\u0438\u043c\u043e\u0441\u0442\u044c \u0432 \u041f\u043e\u0440\u0442\u0443\u0433\u0430\u043b\u0438\u0438\" \/>\n\t\t<meta property=\"og:description\" content=\"\u0416\u0438\u043b\u043e\u0439 \u043a\u043e\u043c\u043f\u043b\u0435\u043a\u0441 Oporto Metropolitano \u0440\u0430\u0441\u043f\u043e\u043b\u043e\u0436\u0435\u043d \u0432 S\u00e3o Mamede de Infesta e Senhora da Hora, Matosinhos. \u0414\u043e\u0441\u0442\u0443\u043f\u043d\u044b \u0442\u0438\u043f\u043e\u043b\u043e\u0433\u0438\u0438 T0, T1. \u0426\u0435\u043d\u044b \u043d\u0430\u0447\u0438\u043d\u0430\u044e\u0442\u0441\u044f \u043e\u0442 \u20ac215.000.\" \/>\n\t\t<meta property=\"og:url\" content=\"https:\/\/arr.pt\/pt\/property\/oporto-metropolitano\/\" \/>\n\t\t<meta property=\"og:image\" content=\"https:\/\/arr.pt\/wp-content\/uploads\/2022\/01\/logo.svg\" \/>\n\t\t<meta property=\"og:image:secure_url\" content=\"https:\/\/arr.pt\/wp-content\/uploads\/2022\/01\/logo.svg\" \/>\n\t\t<meta property=\"article:published_time\" content=\"2026-09-03T13:21:38+00:00\" \/>\n\t\t<meta property=\"article:modified_time\" content=\"2026-09-03T13:21:38+00:00\" \/>\n\t\t<meta property=\"article:publisher\" content=\"https:\/\/www.facebook.com\/arr.portugal\" \/>\n\t\t<meta name=\"twitter:card\" content=\"summary\" \/>\n\t\t<meta name=\"twitter:site\" content=\"@arrpt2\" \/>\n\t\t<meta name=\"twitter:title\" content=\"Oporto Metropolitano - \u041d\u0435\u0434\u0432\u0438\u0436\u0438\u043c\u043e\u0441\u0442\u044c \u0432 \u041f\u043e\u0440\u0442\u0443\u0433\u0430\u043b\u0438\u0438\" \/>\n\t\t<meta name=\"twitter:description\" content=\"\u0416\u0438\u043b\u043e\u0439 \u043a\u043e\u043c\u043f\u043b\u0435\u043a\u0441 Oporto Metropolitano \u0440\u0430\u0441\u043f\u043e\u043b\u043e\u0436\u0435\u043d \u0432 S\u00e3o Mamede de Infesta e Senhora da Hora, Matosinhos. \u0414\u043e\u0441\u0442\u0443\u043f\u043d\u044b \u0442\u0438\u043f\u043e\u043b\u043e\u0433\u0438\u0438 T0, T1. \u0426\u0435\u043d\u044b \u043d\u0430\u0447\u0438\u043d\u0430\u044e\u0442\u0441\u044f \u043e\u0442 \u20ac215.000.\" \/>\n\t\t<meta name=\"twitter:creator\" content=\"@arrpt2\" \/>\n\t\t<meta name=\"twitter:image\" content=\"https:\/\/arr.pt\/wp-content\/uploads\/2022\/01\/logo.svg\" \/>\n\t\t<script type=\"application\/ld+json\" class=\"aioseo-schema\">\n\t\t\t{\"@context\":\"https:\\\/\\\/schema.org\",\"@graph\":[{\"@type\":\"ApartmentComplex\",\"@id\":\"https:\\\/\\\/arr.pt\\\/pt\\\/property\\\/oporto-metropolitano\\\/#property\",\"name\":\"Oporto Metropolitano\",\"url\":\"https:\\\/\\\/arr.pt\\\/pt\\\/property\\\/oporto-metropolitano\\\/\",\"mainEntityOfPage\":{\"@id\":\"https:\\\/\\\/arr.pt\\\/pt\\\/property\\\/oporto-metropolitano\\\/#webpage\"},\"description\":\"\\u0416\\u0438\\u043b\\u043e\\u0439 \\u043a\\u043e\\u043c\\u043f\\u043b\\u0435\\u043a\\u0441 Oporto Metropolitano \\u0440\\u0430\\u0441\\u043f\\u043e\\u043b\\u043e\\u0436\\u0435\\u043d \\u0432 S\\u00e3o Mamede de Infesta e Senhora da Hora, Matosinhos. \\u0414\\u043e\\u0441\\u0442\\u0443\\u043f\\u043d\\u044b \\u0442\\u0438\\u043f\\u043e\\u043b\\u043e\\u0433\\u0438\\u0438 T0, T1. \\u0426\\u0435\\u043d\\u044b \\u043d\\u0430\\u0447\\u0438\\u043d\\u0430\\u044e\\u0442\\u0441\\u044f \\u043e\\u0442 \\u20ac215.000.\",\"image\":\"https:\\\/\\\/arr.pt\\\/wp-content\\\/uploads\\\/2026\\\/09\\\/sava-oporto-metropolitano-gallery-e4175d248357.jpg\",\"address\":{\"@type\":\"PostalAddress\",\"addressCountry\":\"PT\",\"addressLocality\":\"Matosinhos\"}},{\"@type\":\"BreadcrumbList\",\"@id\":\"https:\\\/\\\/arr.pt\\\/pt\\\/property\\\/oporto-metropolitano\\\/#breadcrumblist\",\"itemListElement\":[{\"@type\":\"ListItem\",\"@id\":\"https:\\\/\\\/arr.pt\\\/pt#listItem\",\"position\":1,\"name\":\"\\u0413\\u043b\\u0430\\u0432\\u043d\\u0430\\u044f\",\"item\":\"https:\\\/\\\/arr.pt\\\/pt\",\"nextItem\":{\"@type\":\"ListItem\",\"@id\":\"https:\\\/\\\/arr.pt\\\/pt\\\/property\\\/#listItem\",\"name\":\"Propriedades\"}},{\"@type\":\"ListItem\",\"@id\":\"https:\\\/\\\/arr.pt\\\/pt\\\/property\\\/#listItem\",\"position\":2,\"name\":\"Propriedades\",\"item\":\"https:\\\/\\\/arr.pt\\\/pt\\\/property\\\/\",\"nextItem\":{\"@type\":\"ListItem\",\"@id\":\"https:\\\/\\\/arr.pt\\\/pt\\\/property_type\\\/new\\\/#listItem\",\"name\":\"\\u041d\\u043e\\u0432\\u043e\\u0441\\u0442\\u0440\\u043e\\u0439\\u043a\\u0430\"},\"previousItem\":{\"@type\":\"ListItem\",\"@id\":\"https:\\\/\\\/arr.pt\\\/pt#listItem\",\"name\":\"\\u0413\\u043b\\u0430\\u0432\\u043d\\u0430\\u044f\"}},{\"@type\":\"ListItem\",\"@id\":\"https:\\\/\\\/arr.pt\\\/pt\\\/property_type\\\/new\\\/#listItem\",\"position\":3,\"name\":\"\\u041d\\u043e\\u0432\\u043e\\u0441\\u0442\\u0440\\u043e\\u0439\\u043a\\u0430\",\"item\":\"https:\\\/\\\/arr.pt\\\/pt\\\/property_type\\\/new\\\/\",\"nextItem\":{\"@type\":\"ListItem\",\"@id\":\"https:\\\/\\\/arr.pt\\\/pt\\\/property\\\/oporto-metropolitano\\\/#listItem\",\"name\":\"Oporto Metropolitano\"},\"previousItem\":{\"@type\":\"ListItem\",\"@id\":\"https:\\\/\\\/arr.pt\\\/pt\\\/property\\\/#listItem\",\"name\":\"Propriedades\"}},{\"@type\":\"ListItem\",\"@id\":\"https:\\\/\\\/arr.pt\\\/pt\\\/property\\\/oporto-metropolitano\\\/#listItem\",\"position\":4,\"name\":\"Oporto Metropolitano\",\"previousItem\":{\"@type\":\"ListItem\",\"@id\":\"https:\\\/\\\/arr.pt\\\/pt\\\/property_type\\\/new\\\/#listItem\",\"name\":\"\\u041d\\u043e\\u0432\\u043e\\u0441\\u0442\\u0440\\u043e\\u0439\\u043a\\u0430\"}}]},{\"@type\":\"Offer\",\"@id\":\"https:\\\/\\\/arr.pt\\\/pt\\\/property\\\/oporto-metropolitano\\\/#offer\",\"url\":\"https:\\\/\\\/arr.pt\\\/pt\\\/property\\\/oporto-metropolitano\\\/\",\"priceCurrency\":\"EUR\",\"businessFunction\":\"https:\\\/\\\/purl.org\\\/goodrelations\\\/v1#Sell\",\"seller\":{\"@id\":\"https:\\\/\\\/arr.pt\\\/#organization\"},\"offeredBy\":{\"@id\":\"https:\\\/\\\/arr.pt\\\/#organization\"},\"itemOffered\":{\"@id\":\"https:\\\/\\\/arr.pt\\\/pt\\\/property\\\/oporto-metropolitano\\\/#property\"}},{\"@type\":\"RealEstateAgent\",\"@id\":\"https:\\\/\\\/arr.pt\\\/#organization\",\"name\":\"ARR\",\"description\":\"Ag\\u00eancia de media\\u00e7\\u00e3o imobili\\u00e1ria e intermedi\\u00e1rio de cr\\u00e9dito em Portugal.\",\"url\":\"https:\\\/\\\/arr.pt\\\/\",\"email\":\"ola@arr.pt\",\"telephone\":\"+351911755010\",\"logo\":{\"@type\":\"ImageObject\",\"@id\":\"https:\\\/\\\/arr.pt\\\/#logo\",\"url\":\"https:\\\/\\\/arr.pt\\\/wp-content\\\/uploads\\\/2022\\\/01\\\/logo.svg\",\"width\":432,\"height\":140},\"image\":{\"@id\":\"https:\\\/\\\/arr.pt\\\/#logo\"},\"sameAs\":[\"https:\\\/\\\/www.facebook.com\\\/arr.portugal\",\"https:\\\/\\\/twitter.com\\\/arrpt2\",\"https:\\\/\\\/www.instagram.com\\\/arr.portugal\\\/\"],\"legalName\":\"Segredos Pr\\u00f3speros, Unipessoal Lda\",\"taxID\":\"517557851\",\"currenciesAccepted\":\"EUR\",\"knowsLanguage\":[\"pt-PT\",\"en-GB\",\"ru-RU\"],\"areaServed\":{\"@type\":\"Country\",\"name\":\"Portugal\"},\"address\":{\"@type\":\"PostalAddress\",\"streetAddress\":\"Rua Eduardo Coelho, 66, 1.\\u00ba F\",\"postalCode\":\"1200-164\",\"addressLocality\":\"Lisboa\",\"addressCountry\":\"PT\"},\"contactPoint\":{\"@type\":\"ContactPoint\",\"telephone\":\"+351911755010\",\"email\":\"ola@arr.pt\",\"contactType\":\"customer service\",\"availableLanguage\":[\"Portuguese\",\"English\",\"Russian\"]},\"identifier\":{\"@type\":\"PropertyValue\",\"propertyID\":\"AMI\",\"value\":\"22515\"}},{\"@type\":\"RealEstateListing\",\"@id\":\"https:\\\/\\\/arr.pt\\\/pt\\\/property\\\/oporto-metropolitano\\\/#webpage\",\"url\":\"https:\\\/\\\/arr.pt\\\/pt\\\/property\\\/oporto-metropolitano\\\/\",\"name\":\"Oporto Metropolitano - \\u041d\\u0435\\u0434\\u0432\\u0438\\u0436\\u0438\\u043c\\u043e\\u0441\\u0442\\u044c \\u0432 \\u041f\\u043e\\u0440\\u0442\\u0443\\u0433\\u0430\\u043b\\u0438\\u0438\",\"description\":\"\\u0416\\u0438\\u043b\\u043e\\u0439 \\u043a\\u043e\\u043c\\u043f\\u043b\\u0435\\u043a\\u0441 Oporto Metropolitano \\u0440\\u0430\\u0441\\u043f\\u043e\\u043b\\u043e\\u0436\\u0435\\u043d \\u0432 S\\u00e3o Mamede de Infesta e Senhora da Hora, Matosinhos. \\u0414\\u043e\\u0441\\u0442\\u0443\\u043f\\u043d\\u044b \\u0442\\u0438\\u043f\\u043e\\u043b\\u043e\\u0433\\u0438\\u0438 T0, T1. \\u0426\\u0435\\u043d\\u044b \\u043d\\u0430\\u0447\\u0438\\u043d\\u0430\\u044e\\u0442\\u0441\\u044f \\u043e\\u0442 \\u20ac215.000.\",\"inLanguage\":\"pt-PT\",\"isPartOf\":{\"@id\":\"https:\\\/\\\/arr.pt\\\/pt\\\/#website\"},\"breadcrumb\":{\"@id\":\"https:\\\/\\\/arr.pt\\\/pt\\\/property\\\/oporto-metropolitano\\\/#breadcrumblist\"},\"author\":{\"@id\":\"https:\\\/\\\/arr.pt\\\/#organization\"},\"creator\":{\"@id\":\"https:\\\/\\\/arr.pt\\\/#organization\"},\"image\":{\"@type\":\"ImageObject\",\"url\":\"https:\\\/\\\/arr.pt\\\/wp-content\\\/uploads\\\/2026\\\/09\\\/sava-oporto-metropolitano-gallery-e4175d248357.jpg\",\"@id\":\"https:\\\/\\\/arr.pt\\\/pt\\\/property\\\/oporto-metropolitano\\\/#mainImage\",\"width\":1920,\"height\":1152},\"primaryImageOfPage\":{\"@id\":\"https:\\\/\\\/arr.pt\\\/pt\\\/property\\\/oporto-metropolitano\\\/#mainImage\"},\"datePublished\":\"2026-09-03T13:21:38+00:00\",\"dateModified\":\"2026-09-03T13:21:38+00:00\",\"datePosted\":\"2026-09-03T13:21:38+00:00\",\"mainEntity\":{\"@id\":\"https:\\\/\\\/arr.pt\\\/pt\\\/property\\\/oporto-metropolitano\\\/#property\"},\"about\":{\"@id\":\"https:\\\/\\\/arr.pt\\\/pt\\\/property\\\/oporto-metropolitano\\\/#property\"},\"offers\":{\"@id\":\"https:\\\/\\\/arr.pt\\\/pt\\\/property\\\/oporto-metropolitano\\\/#offer\"},\"publisher\":{\"@id\":\"https:\\\/\\\/arr.pt\\\/#organization\"},\"provider\":{\"@id\":\"https:\\\/\\\/arr.pt\\\/#organization\"}},{\"@type\":\"WebSite\",\"@id\":\"https:\\\/\\\/arr.pt\\\/pt\\\/#website\",\"url\":\"https:\\\/\\\/arr.pt\\\/pt\\\/\",\"name\":\"\\u041d\\u0435\\u0434\\u0432\\u0438\\u0436\\u0438\\u043c\\u043e\\u0441\\u0442\\u044c \\u0432 \\u041f\\u043e\\u0440\\u0442\\u0443\\u0433\\u0430\\u043b\\u0438\\u0438\",\"inLanguage\":\"pt-PT\",\"publisher\":{\"@id\":\"https:\\\/\\\/arr.pt\\\/#organization\"}}]}\n\t\t<\/script>\n\t\t<!-- All in One SEO -->\n\n","aioseo_head_json":{"title":"Oporto Metropolitano - Imobili\u00e1rio em Portugal","description":"\u0416\u0438\u043b\u043e\u0439 \u043a\u043e\u043c\u043f\u043b\u0435\u043a\u0441 Oporto Metropolitano \u0440\u0430\u0441\u043f\u043e\u043b\u043e\u0436\u0435\u043d \u0432 S\u00e3o Mamede de Infesta e Senhora da Hora, Matosinhos. \u0414\u043e\u0441\u0442\u0443\u043f\u043d\u044b \u0442\u0438\u043f\u043e\u043b\u043e\u0433\u0438\u0438 T0, T1. \u0426\u0435\u043d\u044b \u043d\u0430\u0447\u0438\u043d\u0430\u044e\u0442\u0441\u044f \u043e\u0442 \u20ac215.000.","canonical_url":"https:\/\/arr.pt\/pt\/property\/oporto-metropolitano\/","robots":"max-image-preview:large","keywords":"","webmasterTools":{"miscellaneous":""},"schema":{"@context":"https:\/\/schema.org","@graph":[{"@type":"ApartmentComplex","@id":"https:\/\/arr.pt\/pt\/property\/oporto-metropolitano\/#property","name":"Oporto Metropolitano","url":"https:\/\/arr.pt\/pt\/property\/oporto-metropolitano\/","mainEntityOfPage":{"@id":"https:\/\/arr.pt\/pt\/property\/oporto-metropolitano\/#webpage"},"description":"\u0416\u0438\u043b\u043e\u0439 \u043a\u043e\u043c\u043f\u043b\u0435\u043a\u0441 Oporto Metropolitano \u0440\u0430\u0441\u043f\u043e\u043b\u043e\u0436\u0435\u043d \u0432 S\u00e3o Mamede de Infesta e Senhora da Hora, Matosinhos. \u0414\u043e\u0441\u0442\u0443\u043f\u043d\u044b \u0442\u0438\u043f\u043e\u043b\u043e\u0433\u0438\u0438 T0, T1. \u0426\u0435\u043d\u044b \u043d\u0430\u0447\u0438\u043d\u0430\u044e\u0442\u0441\u044f \u043e\u0442 \u20ac215.000.","image":"https:\/\/arr.pt\/wp-content\/uploads\/2026\/09\/sava-oporto-metropolitano-gallery-e4175d248357.jpg","address":{"@type":"PostalAddress","addressCountry":"PT","addressLocality":"Matosinhos"}},{"@type":"BreadcrumbList","@id":"https:\/\/arr.pt\/pt\/property\/oporto-metropolitano\/#breadcrumblist","itemListElement":[{"@type":"ListItem","@id":"https:\/\/arr.pt\/pt#listItem","position":1,"name":"\u0413\u043b\u0430\u0432\u043d\u0430\u044f","item":"https:\/\/arr.pt\/pt","nextItem":{"@type":"ListItem","@id":"https:\/\/arr.pt\/pt\/property\/#listItem","name":"Propriedades"}},{"@type":"ListItem","@id":"https:\/\/arr.pt\/pt\/property\/#listItem","position":2,"name":"Propriedades","item":"https:\/\/arr.pt\/pt\/property\/","nextItem":{"@type":"ListItem","@id":"https:\/\/arr.pt\/pt\/property_type\/new\/#listItem","name":"\u041d\u043e\u0432\u043e\u0441\u0442\u0440\u043e\u0439\u043a\u0430"},"previousItem":{"@type":"ListItem","@id":"https:\/\/arr.pt\/pt#listItem","name":"\u0413\u043b\u0430\u0432\u043d\u0430\u044f"}},{"@type":"ListItem","@id":"https:\/\/arr.pt\/pt\/property_type\/new\/#listItem","position":3,"name":"\u041d\u043e\u0432\u043e\u0441\u0442\u0440\u043e\u0439\u043a\u0430","item":"https:\/\/arr.pt\/pt\/property_type\/new\/","nextItem":{"@type":"ListItem","@id":"https:\/\/arr.pt\/pt\/property\/oporto-metropolitano\/#listItem","name":"Oporto Metropolitano"},"previousItem":{"@type":"ListItem","@id":"https:\/\/arr.pt\/pt\/property\/#listItem","name":"Propriedades"}},{"@type":"ListItem","@id":"https:\/\/arr.pt\/pt\/property\/oporto-metropolitano\/#listItem","position":4,"name":"Oporto Metropolitano","previousItem":{"@type":"ListItem","@id":"https:\/\/arr.pt\/pt\/property_type\/new\/#listItem","name":"\u041d\u043e\u0432\u043e\u0441\u0442\u0440\u043e\u0439\u043a\u0430"}}]},{"@type":"Offer","@id":"https:\/\/arr.pt\/pt\/property\/oporto-metropolitano\/#offer","url":"https:\/\/arr.pt\/pt\/property\/oporto-metropolitano\/","priceCurrency":"EUR","businessFunction":"https:\/\/purl.org\/goodrelations\/v1#Sell","seller":{"@id":"https:\/\/arr.pt\/#organization"},"offeredBy":{"@id":"https:\/\/arr.pt\/#organization"},"itemOffered":{"@id":"https:\/\/arr.pt\/pt\/property\/oporto-metropolitano\/#property"}},{"@type":"RealEstateAgent","@id":"https:\/\/arr.pt\/#organization","name":"ARR","description":"Ag\u00eancia de media\u00e7\u00e3o imobili\u00e1ria e intermedi\u00e1rio de cr\u00e9dito em Portugal.","url":"https:\/\/arr.pt\/","email":"ola@arr.pt","telephone":"+351911755010","logo":{"@type":"ImageObject","@id":"https:\/\/arr.pt\/#logo","url":"https:\/\/arr.pt\/wp-content\/uploads\/2022\/01\/logo.svg","width":432,"height":140},"image":{"@id":"https:\/\/arr.pt\/#logo"},"sameAs":["https:\/\/www.facebook.com\/arr.portugal","https:\/\/twitter.com\/arrpt2","https:\/\/www.instagram.com\/arr.portugal\/"],"legalName":"Segredos Pr\u00f3speros, Unipessoal Lda","taxID":"517557851","currenciesAccepted":"EUR","knowsLanguage":["pt-PT","en-GB","ru-RU"],"areaServed":{"@type":"Country","name":"Portugal"},"address":{"@type":"PostalAddress","streetAddress":"Rua Eduardo Coelho, 66, 1.\u00ba F","postalCode":"1200-164","addressLocality":"Lisboa","addressCountry":"PT"},"contactPoint":{"@type":"ContactPoint","telephone":"+351911755010","email":"ola@arr.pt","contactType":"customer service","availableLanguage":["Portuguese","English","Russian"]},"identifier":{"@type":"PropertyValue","propertyID":"AMI","value":"22515"}},{"@type":"RealEstateListing","@id":"https:\/\/arr.pt\/pt\/property\/oporto-metropolitano\/#webpage","url":"https:\/\/arr.pt\/pt\/property\/oporto-metropolitano\/","name":"Oporto Metropolitano - \u041d\u0435\u0434\u0432\u0438\u0436\u0438\u043c\u043e\u0441\u0442\u044c \u0432 \u041f\u043e\u0440\u0442\u0443\u0433\u0430\u043b\u0438\u0438","description":"\u0416\u0438\u043b\u043e\u0439 \u043a\u043e\u043c\u043f\u043b\u0435\u043a\u0441 Oporto Metropolitano \u0440\u0430\u0441\u043f\u043e\u043b\u043e\u0436\u0435\u043d \u0432 S\u00e3o Mamede de Infesta e Senhora da Hora, Matosinhos. \u0414\u043e\u0441\u0442\u0443\u043f\u043d\u044b \u0442\u0438\u043f\u043e\u043b\u043e\u0433\u0438\u0438 T0, T1. \u0426\u0435\u043d\u044b \u043d\u0430\u0447\u0438\u043d\u0430\u044e\u0442\u0441\u044f \u043e\u0442 \u20ac215.000.","inLanguage":"pt-PT","isPartOf":{"@id":"https:\/\/arr.pt\/pt\/#website"},"breadcrumb":{"@id":"https:\/\/arr.pt\/pt\/property\/oporto-metropolitano\/#breadcrumblist"},"author":{"@id":"https:\/\/arr.pt\/#organization"},"creator":{"@id":"https:\/\/arr.pt\/#organization"},"image":{"@type":"ImageObject","url":"https:\/\/arr.pt\/wp-content\/uploads\/2026\/09\/sava-oporto-metropolitano-gallery-e4175d248357.jpg","@id":"https:\/\/arr.pt\/pt\/property\/oporto-metropolitano\/#mainImage","width":1920,"height":1152},"primaryImageOfPage":{"@id":"https:\/\/arr.pt\/pt\/property\/oporto-metropolitano\/#mainImage"},"datePublished":"2026-09-03T13:21:38+00:00","dateModified":"2026-09-03T13:21:38+00:00","datePosted":"2026-09-03T13:21:38+00:00","mainEntity":{"@id":"https:\/\/arr.pt\/pt\/property\/oporto-metropolitano\/#property"},"about":{"@id":"https:\/\/arr.pt\/pt\/property\/oporto-metropolitano\/#property"},"offers":{"@id":"https:\/\/arr.pt\/pt\/property\/oporto-metropolitano\/#offer"},"publisher":{"@id":"https:\/\/arr.pt\/#organization"},"provider":{"@id":"https:\/\/arr.pt\/#organization"}},{"@type":"WebSite","@id":"https:\/\/arr.pt\/pt\/#website","url":"https:\/\/arr.pt\/pt\/","name":"\u041d\u0435\u0434\u0432\u0438\u0436\u0438\u043c\u043e\u0441\u0442\u044c \u0432 \u041f\u043e\u0440\u0442\u0443\u0433\u0430\u043b\u0438\u0438","inLanguage":"pt-PT","publisher":{"@id":"https:\/\/arr.pt\/#organization"}}]},"og:locale":"pt_PT","og:site_name":"\u041d\u0435\u0434\u0432\u0438\u0436\u0438\u043c\u043e\u0441\u0442\u044c \u0432 \u041f\u043e\u0440\u0442\u0443\u0433\u0430\u043b\u0438\u0438 -","og:type":"article","og:title":"Oporto Metropolitano - \u041d\u0435\u0434\u0432\u0438\u0436\u0438\u043c\u043e\u0441\u0442\u044c \u0432 \u041f\u043e\u0440\u0442\u0443\u0433\u0430\u043b\u0438\u0438","og:description":"\u0416\u0438\u043b\u043e\u0439 \u043a\u043e\u043c\u043f\u043b\u0435\u043a\u0441 Oporto Metropolitano \u0440\u0430\u0441\u043f\u043e\u043b\u043e\u0436\u0435\u043d \u0432 S\u00e3o Mamede de Infesta e Senhora da Hora, Matosinhos. \u0414\u043e\u0441\u0442\u0443\u043f\u043d\u044b \u0442\u0438\u043f\u043e\u043b\u043e\u0433\u0438\u0438 T0, T1. \u0426\u0435\u043d\u044b \u043d\u0430\u0447\u0438\u043d\u0430\u044e\u0442\u0441\u044f \u043e\u0442 \u20ac215.000.","og:url":"https:\/\/arr.pt\/pt\/property\/oporto-metropolitano\/","og:image":"https:\/\/arr.pt\/wp-content\/uploads\/2022\/01\/logo.svg","og:image:secure_url":"https:\/\/arr.pt\/wp-content\/uploads\/2022\/01\/logo.svg","article:published_time":"2026-09-03T13:21:38+00:00","article:modified_time":"2026-09-03T13:21:38+00:00","article:publisher":"https:\/\/www.facebook.com\/arr.portugal","twitter:card":"summary","twitter:site":"@arrpt2","twitter:title":"Oporto Metropolitano - \u041d\u0435\u0434\u0432\u0438\u0436\u0438\u043c\u043e\u0441\u0442\u044c \u0432 \u041f\u043e\u0440\u0442\u0443\u0433\u0430\u043b\u0438\u0438","twitter:description":"\u0416\u0438\u043b\u043e\u0439 \u043a\u043e\u043c\u043f\u043b\u0435\u043a\u0441 Oporto Metropolitano \u0440\u0430\u0441\u043f\u043e\u043b\u043e\u0436\u0435\u043d \u0432 S\u00e3o Mamede de Infesta e Senhora da Hora, Matosinhos. \u0414\u043e\u0441\u0442\u0443\u043f\u043d\u044b \u0442\u0438\u043f\u043e\u043b\u043e\u0433\u0438\u0438 T0, T1. \u0426\u0435\u043d\u044b \u043d\u0430\u0447\u0438\u043d\u0430\u044e\u0442\u0441\u044f \u043e\u0442 \u20ac215.000.","twitter:creator":"@arrpt2","twitter:image":"https:\/\/arr.pt\/wp-content\/uploads\/2022\/01\/logo.svg"},"aioseo_meta_data":[],"aioseo_breadcrumb":"<div class=\"aioseo-breadcrumbs\"><span class=\"aioseo-breadcrumb\">\n\t\t\t<a href=\"https:\/\/arr.pt\/pt\" title=\"\u0413\u043b\u0430\u0432\u043d\u0430\u044f\">\u0413\u043b\u0430\u0432\u043d\u0430\u044f<\/a>\n\t\t<\/span><span class=\"aioseo-breadcrumb-separator\">&raquo;<\/span><span class=\"aioseo-breadcrumb\">\n\t\t\t<a href=\"https:\/\/arr.pt\/pt\/property\/\" title=\"Propriedades\">Propriedades<\/a>\n\t\t<\/span><span class=\"aioseo-breadcrumb-separator\">&raquo;<\/span><span class=\"aioseo-breadcrumb\">\n\t\t\t<a href=\"https:\/\/arr.pt\/pt\/property_type\/new\/\" title=\"\u041d\u043e\u0432\u043e\u0441\u0442\u0440\u043e\u0439\u043a\u0430\">\u041d\u043e\u0432\u043e\u0441\u0442\u0440\u043e\u0439\u043a\u0430<\/a>\n\t\t<\/span><span class=\"aioseo-breadcrumb-separator\">&raquo;<\/span><span class=\"aioseo-breadcrumb\">\n\t\t\tOporto Metropolitano\n\t\t<\/span><\/div>","aioseo_breadcrumb_json":[{"label":"\u0413\u043b\u0430\u0432\u043d\u0430\u044f","link":"https:\/\/arr.pt\/pt"},{"label":"Propriedades","link":"https:\/\/arr.pt\/pt\/property\/"},{"label":"\u041d\u043e\u0432\u043e\u0441\u0442\u0440\u043e\u0439\u043a\u0430","link":"https:\/\/arr.pt\/pt\/property_type\/new\/"},{"label":"Oporto Metropolitano","link":"https:\/\/arr.pt\/pt\/property\/oporto-metropolitano\/"}],"property_meta":{"fave_agent_display_option":["agency_info"],"fave_property_agency":["18866"],"fave_featured":["0"],"houzez_featured_listing_date":[""],"fave_property_map_address":["S\u00e3o Mamede de Infesta e Senhora da Hora, Matosinhos"],"fave_property_address":["S\u00e3o Mamede de Infesta e Senhora da Hora"],"fave_property_location":["41.18032455,-8.65017223"],"houzez_geolocation_lat":["41.18032455"],"houzez_geolocation_long":["-8.65017223"],"fave_property_year":["2026"],"_thumbnail_id":["38630"],"fave_property_images":["a:6:{i:0;i:38630;i:1;i:38630;i:2;i:38631;i:3;i:38632;i:4;i:38633;i:5;i:38634;}"],"_sava_arr_static_imported":["1"],"_sava_arr_project_id":["112"],"_sava_arr_managed":["1"],"fave_property_price":["T0 \u043e\u0442 \u20ac215.000"],"floor_plans":["a:9:{i:0;a:8:{s:15:\"fave_plan_title\";s:7:\"T0 T01C\";s:15:\"fave_plan_rooms\";s:1:\"0\";s:19:\"fave_plan_bathrooms\";s:3:\"1.0\";s:15:\"fave_plan_price\";s:9:\"215000.00\";s:23:\"fave_plan_price_postfix\";s:0:\"\";s:14:\"fave_plan_size\";s:9:\"50.10 m\u00b2\";s:15:\"fave_plan_image\";s:89:\"https:\/\/arr.pt\/wp-content\/uploads\/2026\/09\/sava-oporto-metropolitano-plan-30425a70fb07.pdf\";s:21:\"fave_plan_description\";s:0:\"\";}i:1;a:8:{s:15:\"fave_plan_title\";s:12:\"T0 107260052\";s:15:\"fave_plan_rooms\";s:1:\"0\";s:19:\"fave_plan_bathrooms\";s:3:\"1.0\";s:15:\"fave_plan_price\";s:9:\"220000.00\";s:23:\"fave_plan_price_postfix\";s:0:\"\";s:14:\"fave_plan_size\";s:9:\"41.10 m\u00b2\";s:15:\"fave_plan_image\";s:89:\"https:\/\/arr.pt\/wp-content\/uploads\/2026\/09\/sava-oporto-metropolitano-plan-7e9e6b608823.jpg\";s:21:\"fave_plan_description\";s:0:\"\";}i:2;a:8:{s:15:\"fave_plan_title\";s:7:\"T0 T02R\";s:15:\"fave_plan_rooms\";s:1:\"0\";s:19:\"fave_plan_bathrooms\";s:3:\"1.0\";s:15:\"fave_plan_price\";s:9:\"220000.00\";s:23:\"fave_plan_price_postfix\";s:0:\"\";s:14:\"fave_plan_size\";s:9:\"49.90 m\u00b2\";s:15:\"fave_plan_image\";s:89:\"https:\/\/arr.pt\/wp-content\/uploads\/2026\/09\/sava-oporto-metropolitano-plan-a0dd94be6a2b.pdf\";s:21:\"fave_plan_description\";s:0:\"\";}i:3;a:8:{s:15:\"fave_plan_title\";s:12:\"T0 107250286\";s:15:\"fave_plan_rooms\";s:1:\"0\";s:19:\"fave_plan_bathrooms\";s:3:\"1.0\";s:15:\"fave_plan_price\";s:9:\"230000.00\";s:23:\"fave_plan_price_postfix\";s:0:\"\";s:14:\"fave_plan_size\";s:9:\"41.00 m\u00b2\";s:15:\"fave_plan_image\";s:89:\"https:\/\/arr.pt\/wp-content\/uploads\/2026\/09\/sava-oporto-metropolitano-plan-b7ddd8c3658d.jpg\";s:21:\"fave_plan_description\";s:0:\"\";}i:4;a:8:{s:15:\"fave_plan_title\";s:8:\"T0 T04AN\";s:15:\"fave_plan_rooms\";s:1:\"0\";s:19:\"fave_plan_bathrooms\";s:3:\"1.0\";s:15:\"fave_plan_price\";s:9:\"230000.00\";s:23:\"fave_plan_price_postfix\";s:0:\"\";s:14:\"fave_plan_size\";s:9:\"50.20 m\u00b2\";s:15:\"fave_plan_image\";s:89:\"https:\/\/arr.pt\/wp-content\/uploads\/2026\/09\/sava-oporto-metropolitano-plan-128247d9cdad.pdf\";s:21:\"fave_plan_description\";s:0:\"\";}i:5;a:8:{s:15:\"fave_plan_title\";s:12:\"T0 107260055\";s:15:\"fave_plan_rooms\";s:1:\"0\";s:19:\"fave_plan_bathrooms\";s:3:\"1.0\";s:15:\"fave_plan_price\";s:9:\"235000.00\";s:23:\"fave_plan_price_postfix\";s:0:\"\";s:14:\"fave_plan_size\";s:9:\"40.97 m\u00b2\";s:15:\"fave_plan_image\";s:89:\"https:\/\/arr.pt\/wp-content\/uploads\/2026\/09\/sava-oporto-metropolitano-plan-9c3f14d7e691.jpg\";s:21:\"fave_plan_description\";s:0:\"\";}i:6;a:8:{s:15:\"fave_plan_title\";s:8:\"T0 T04AH\";s:15:\"fave_plan_rooms\";s:1:\"0\";s:19:\"fave_plan_bathrooms\";s:3:\"1.0\";s:15:\"fave_plan_price\";s:9:\"235000.00\";s:23:\"fave_plan_price_postfix\";s:0:\"\";s:14:\"fave_plan_size\";s:9:\"52.50 m\u00b2\";s:15:\"fave_plan_image\";s:89:\"https:\/\/arr.pt\/wp-content\/uploads\/2026\/09\/sava-oporto-metropolitano-plan-9d60512a6c03.pdf\";s:21:\"fave_plan_description\";s:0:\"\";}i:7;a:8:{s:15:\"fave_plan_title\";s:12:\"T1 107260047\";s:15:\"fave_plan_rooms\";s:1:\"1\";s:19:\"fave_plan_bathrooms\";s:3:\"1.0\";s:15:\"fave_plan_price\";s:9:\"295000.00\";s:23:\"fave_plan_price_postfix\";s:0:\"\";s:14:\"fave_plan_size\";s:9:\"61.00 m\u00b2\";s:15:\"fave_plan_image\";s:89:\"https:\/\/arr.pt\/wp-content\/uploads\/2026\/09\/sava-oporto-metropolitano-plan-189534dd7e42.jpg\";s:21:\"fave_plan_description\";s:0:\"\";}i:8;a:8:{s:15:\"fave_plan_title\";s:7:\"T1 T11K\";s:15:\"fave_plan_rooms\";s:1:\"1\";s:19:\"fave_plan_bathrooms\";s:3:\"1.0\";s:15:\"fave_plan_price\";s:9:\"295000.00\";s:23:\"fave_plan_price_postfix\";s:0:\"\";s:14:\"fave_plan_size\";s:9:\"83.20 m\u00b2\";s:15:\"fave_plan_image\";s:89:\"https:\/\/arr.pt\/wp-content\/uploads\/2026\/09\/sava-oporto-metropolitano-plan-d3037d14311b.pdf\";s:21:\"fave_plan_description\";s:0:\"\";}}"],"_sava_arr_last_availability_sync":["2026-09-03T13:21:55+00:00"],"_eael_post_view_count":["6"],"houzez_total_property_views":["5"],"houzez_views_by_date":["a:1:{s:10:\"09-03-2026\";i:5;}"],"houzez_recently_viewed":["2026-09-03 15:40:49"]},"_links":{"self":[{"href":"https:\/\/arr.pt\/pt\/wp-json\/wp\/v2\/properties\/38629","targetHints":{"allow":["GET"]}}],"collection":[{"href":"https:\/\/arr.pt\/pt\/wp-json\/wp\/v2\/properties"}],"about":[{"href":"https:\/\/arr.pt\/pt\/wp-json\/wp\/v2\/types\/property"}],"author":[{"embeddable":true,"href":"https:\/\/arr.pt\/pt\/wp-json\/wp\/v2\/users\/1"}],"version-history":[{"count":0,"href":"https:\/\/arr.pt\/pt\/wp-json\/wp\/v2\/properties\/38629\/revisions"}],"wp:featuredmedia":[{"embeddable":true,"href":"https:\/\/arr.pt\/pt\/wp-json\/wp\/v2\/media\/38630"}],"wp:attachment":[{"href":"https:\/\/arr.pt\/pt\/wp-json\/wp\/v2\/media?parent=38629"}],"wp:term":[{"taxonomy":"property_type","embeddable":true,"href":"https:\/\/arr.pt\/pt\/wp-json\/wp\/v2\/property_type?post=38629"},{"taxonomy":"property_status","embeddable":true,"href":"https:\/\/arr.pt\/pt\/wp-json\/wp\/v2\/property_status?post=38629"},{"taxonomy":"property_feature","embeddable":true,"href":"https:\/\/arr.pt\/pt\/wp-json\/wp\/v2\/property_feature?post=38629"},{"taxonomy":"property_label","embeddable":true,"href":"https:\/\/arr.pt\/pt\/wp-json\/wp\/v2\/property_label?post=38629"},{"taxonomy":"property_city","embeddable":true,"href":"https:\/\/arr.pt\/pt\/wp-json\/wp\/v2\/property_city?post=38629"}],"curies":[{"name":"wp","href":"https:\/\/api.w.org\/{rel}","templated":true}]}}