{"id":38212,"date":"2026-09-03T13:15:38","date_gmt":"2026-09-03T13:15:38","guid":{"rendered":"https:\/\/arr.pt\/property\/molhe-da-montevideu\/"},"modified":"2026-09-03T13:15:38","modified_gmt":"2026-09-03T13:15:38","slug":"molhe-da-montevideu","status":"publish","type":"property","link":"https:\/\/arr.pt\/pt\/property\/molhe-da-montevideu\/","title":{"rendered":"Molhe da Montevideu"},"content":{"rendered":"<p>\u0416\u0438\u043b\u043e\u0439 \u043a\u043e\u043c\u043f\u043b\u0435\u043a\u0441 Molhe da Montevideu \u0440\u0430\u0441\u043f\u043e\u043b\u043e\u0436\u0435\u043d \u0432 Aldoar, Foz do Douro e Nevogilde, Porto. \u0414\u043e\u0441\u0442\u0443\u043f\u043d\u044b \u0442\u0438\u043f\u043e\u043b\u043e\u0433\u0438\u0438 T1, T2, T3, T3 Duplex. \u0426\u0435\u043d\u044b \u043d\u0430\u0447\u0438\u043d\u0430\u044e\u0442\u0441\u044f \u043e\u0442 \u20ac1.165.000.<\/p>","protected":false},"excerpt":{"rendered":"<p>\u0416\u0438\u043b\u043e\u0439 \u043a\u043e\u043c\u043f\u043b\u0435\u043a\u0441 Molhe da Montevideu \u0440\u0430\u0441\u043f\u043e\u043b\u043e\u0436\u0435\u043d \u0432 Aldoar, Foz do Douro e Nevogilde, Porto. \u0414\u043e\u0441\u0442\u0443\u043f\u043d\u044b \u0442\u0438\u043f\u043e\u043b\u043e\u0433\u0438\u0438 T1, T2, T3, T3 Duplex. \u0426\u0435\u043d\u044b \u043d\u0430\u0447\u0438\u043d\u0430\u044e\u0442\u0441\u044f \u043e\u0442 \u20ac1.165.000.<\/p>","protected":false},"author":1,"featured_media":38213,"parent":0,"menu_order":0,"template":"","property_type":[209],"property_status":[232],"property_feature":[],"property_label":[],"property_city":[37],"class_list":["post-38212","property","type-property","status-publish","has-post-thumbnail","hentry","property_type-new","property_status-sale","property_city-porto"],"aioseo_notices":[],"aioseo_head":"\n\t\t<!-- All in One SEO 5.0.1.1 - aioseo.com -->\n\t<meta name=\"description\" content=\"\u0416\u0438\u043b\u043e\u0439 \u043a\u043e\u043c\u043f\u043b\u0435\u043a\u0441 Molhe da Montevideu \u0440\u0430\u0441\u043f\u043e\u043b\u043e\u0436\u0435\u043d \u0432 Aldoar, Foz do Douro e Nevogilde, Porto. \u0414\u043e\u0441\u0442\u0443\u043f\u043d\u044b \u0442\u0438\u043f\u043e\u043b\u043e\u0433\u0438\u0438 T1, T2, T3, T3 Duplex. \u0426\u0435\u043d\u044b \u043d\u0430\u0447\u0438\u043d\u0430\u044e\u0442\u0441\u044f \u043e\u0442 \u20ac1.165.000.\" \/>\n\t<meta name=\"robots\" content=\"max-image-preview:large\" \/>\n\t<meta name=\"author\" content=\"arr\"\/>\n\t<link rel=\"canonical\" href=\"https:\/\/arr.pt\/pt\/property\/molhe-da-montevideu\/\" \/>\n\t<meta name=\"generator\" content=\"All in One SEO (AIOSEO) 5.0.1.1\" \/>\n\t\t<meta property=\"og:locale\" content=\"pt_PT\" \/>\n\t\t<meta property=\"og:site_name\" content=\"\u041d\u0435\u0434\u0432\u0438\u0436\u0438\u043c\u043e\u0441\u0442\u044c \u0432 \u041f\u043e\u0440\u0442\u0443\u0433\u0430\u043b\u0438\u0438 -\" \/>\n\t\t<meta property=\"og:type\" content=\"article\" \/>\n\t\t<meta property=\"og:title\" content=\"Molhe da Montevideu - \u041d\u0435\u0434\u0432\u0438\u0436\u0438\u043c\u043e\u0441\u0442\u044c \u0432 \u041f\u043e\u0440\u0442\u0443\u0433\u0430\u043b\u0438\u0438\" \/>\n\t\t<meta property=\"og:description\" content=\"\u0416\u0438\u043b\u043e\u0439 \u043a\u043e\u043c\u043f\u043b\u0435\u043a\u0441 Molhe da Montevideu \u0440\u0430\u0441\u043f\u043e\u043b\u043e\u0436\u0435\u043d \u0432 Aldoar, Foz do Douro e Nevogilde, Porto. \u0414\u043e\u0441\u0442\u0443\u043f\u043d\u044b \u0442\u0438\u043f\u043e\u043b\u043e\u0433\u0438\u0438 T1, T2, T3, T3 Duplex. \u0426\u0435\u043d\u044b \u043d\u0430\u0447\u0438\u043d\u0430\u044e\u0442\u0441\u044f \u043e\u0442 \u20ac1.165.000.\" \/>\n\t\t<meta property=\"og:url\" content=\"https:\/\/arr.pt\/pt\/property\/molhe-da-montevideu\/\" \/>\n\t\t<meta property=\"og:image\" content=\"https:\/\/arr.pt\/wp-content\/uploads\/2022\/01\/logo.svg\" \/>\n\t\t<meta property=\"og:image:secure_url\" content=\"https:\/\/arr.pt\/wp-content\/uploads\/2022\/01\/logo.svg\" \/>\n\t\t<meta property=\"og:image:width\" content=\"432\" \/>\n\t\t<meta property=\"og:image:height\" content=\"140\" \/>\n\t\t<meta property=\"article:published_time\" content=\"2026-09-03T13:15:38+00:00\" \/>\n\t\t<meta property=\"article:modified_time\" content=\"2026-09-03T13:15:38+00:00\" \/>\n\t\t<meta property=\"article:publisher\" content=\"https:\/\/www.facebook.com\/arr.portugal\" \/>\n\t\t<meta name=\"twitter:card\" content=\"summary\" \/>\n\t\t<meta name=\"twitter:site\" content=\"@arrpt2\" \/>\n\t\t<meta name=\"twitter:title\" content=\"Molhe da Montevideu - \u041d\u0435\u0434\u0432\u0438\u0436\u0438\u043c\u043e\u0441\u0442\u044c \u0432 \u041f\u043e\u0440\u0442\u0443\u0433\u0430\u043b\u0438\u0438\" \/>\n\t\t<meta name=\"twitter:description\" content=\"\u0416\u0438\u043b\u043e\u0439 \u043a\u043e\u043c\u043f\u043b\u0435\u043a\u0441 Molhe da Montevideu \u0440\u0430\u0441\u043f\u043e\u043b\u043e\u0436\u0435\u043d \u0432 Aldoar, Foz do Douro e Nevogilde, Porto. \u0414\u043e\u0441\u0442\u0443\u043f\u043d\u044b \u0442\u0438\u043f\u043e\u043b\u043e\u0433\u0438\u0438 T1, T2, T3, T3 Duplex. \u0426\u0435\u043d\u044b \u043d\u0430\u0447\u0438\u043d\u0430\u044e\u0442\u0441\u044f \u043e\u0442 \u20ac1.165.000.\" \/>\n\t\t<meta name=\"twitter:creator\" content=\"@arrpt2\" \/>\n\t\t<meta name=\"twitter:image\" content=\"https:\/\/arr.pt\/wp-content\/uploads\/2022\/01\/logo.svg\" \/>\n\t\t<script type=\"application\/ld+json\" class=\"aioseo-schema\">\n\t\t\t{\"@context\":\"https:\\\/\\\/schema.org\",\"@graph\":[{\"@type\":\"ApartmentComplex\",\"@id\":\"https:\\\/\\\/arr.pt\\\/pt\\\/property\\\/molhe-da-montevideu\\\/#property\",\"name\":\"Molhe da Montevideu\",\"url\":\"https:\\\/\\\/arr.pt\\\/pt\\\/property\\\/molhe-da-montevideu\\\/\",\"mainEntityOfPage\":{\"@id\":\"https:\\\/\\\/arr.pt\\\/pt\\\/property\\\/molhe-da-montevideu\\\/#webpage\"},\"description\":\"\\u0416\\u0438\\u043b\\u043e\\u0439 \\u043a\\u043e\\u043c\\u043f\\u043b\\u0435\\u043a\\u0441 Molhe da Montevideu \\u0440\\u0430\\u0441\\u043f\\u043e\\u043b\\u043e\\u0436\\u0435\\u043d \\u0432 Aldoar, Foz do Douro e Nevogilde, Porto. \\u0414\\u043e\\u0441\\u0442\\u0443\\u043f\\u043d\\u044b \\u0442\\u0438\\u043f\\u043e\\u043b\\u043e\\u0433\\u0438\\u0438 T1, T2, T3, T3 Duplex. \\u0426\\u0435\\u043d\\u044b \\u043d\\u0430\\u0447\\u0438\\u043d\\u0430\\u044e\\u0442\\u0441\\u044f \\u043e\\u0442 \\u20ac1.165.000.\",\"image\":\"https:\\\/\\\/arr.pt\\\/wp-content\\\/uploads\\\/2026\\\/09\\\/sava-molhe-da-montevideu-gallery-62feef9bfac3-scaled.jpg\",\"address\":{\"@type\":\"PostalAddress\",\"addressCountry\":\"PT\",\"addressLocality\":\"Porto\"}},{\"@type\":\"BreadcrumbList\",\"@id\":\"https:\\\/\\\/arr.pt\\\/pt\\\/property\\\/molhe-da-montevideu\\\/#breadcrumblist\",\"itemListElement\":[{\"@type\":\"ListItem\",\"@id\":\"https:\\\/\\\/arr.pt\\\/pt#listItem\",\"position\":1,\"name\":\"\\u0413\\u043b\\u0430\\u0432\\u043d\\u0430\\u044f\",\"item\":\"https:\\\/\\\/arr.pt\\\/pt\",\"nextItem\":{\"@type\":\"ListItem\",\"@id\":\"https:\\\/\\\/arr.pt\\\/pt\\\/property\\\/#listItem\",\"name\":\"Propriedades\"}},{\"@type\":\"ListItem\",\"@id\":\"https:\\\/\\\/arr.pt\\\/pt\\\/property\\\/#listItem\",\"position\":2,\"name\":\"Propriedades\",\"item\":\"https:\\\/\\\/arr.pt\\\/pt\\\/property\\\/\",\"nextItem\":{\"@type\":\"ListItem\",\"@id\":\"https:\\\/\\\/arr.pt\\\/pt\\\/property_type\\\/new\\\/#listItem\",\"name\":\"\\u041d\\u043e\\u0432\\u043e\\u0441\\u0442\\u0440\\u043e\\u0439\\u043a\\u0430\"},\"previousItem\":{\"@type\":\"ListItem\",\"@id\":\"https:\\\/\\\/arr.pt\\\/pt#listItem\",\"name\":\"\\u0413\\u043b\\u0430\\u0432\\u043d\\u0430\\u044f\"}},{\"@type\":\"ListItem\",\"@id\":\"https:\\\/\\\/arr.pt\\\/pt\\\/property_type\\\/new\\\/#listItem\",\"position\":3,\"name\":\"\\u041d\\u043e\\u0432\\u043e\\u0441\\u0442\\u0440\\u043e\\u0439\\u043a\\u0430\",\"item\":\"https:\\\/\\\/arr.pt\\\/pt\\\/property_type\\\/new\\\/\",\"nextItem\":{\"@type\":\"ListItem\",\"@id\":\"https:\\\/\\\/arr.pt\\\/pt\\\/property\\\/molhe-da-montevideu\\\/#listItem\",\"name\":\"Molhe da Montevideu\"},\"previousItem\":{\"@type\":\"ListItem\",\"@id\":\"https:\\\/\\\/arr.pt\\\/pt\\\/property\\\/#listItem\",\"name\":\"Propriedades\"}},{\"@type\":\"ListItem\",\"@id\":\"https:\\\/\\\/arr.pt\\\/pt\\\/property\\\/molhe-da-montevideu\\\/#listItem\",\"position\":4,\"name\":\"Molhe da Montevideu\",\"previousItem\":{\"@type\":\"ListItem\",\"@id\":\"https:\\\/\\\/arr.pt\\\/pt\\\/property_type\\\/new\\\/#listItem\",\"name\":\"\\u041d\\u043e\\u0432\\u043e\\u0441\\u0442\\u0440\\u043e\\u0439\\u043a\\u0430\"}}]},{\"@type\":\"Offer\",\"@id\":\"https:\\\/\\\/arr.pt\\\/pt\\\/property\\\/molhe-da-montevideu\\\/#offer\",\"url\":\"https:\\\/\\\/arr.pt\\\/pt\\\/property\\\/molhe-da-montevideu\\\/\",\"priceCurrency\":\"EUR\",\"businessFunction\":\"https:\\\/\\\/purl.org\\\/goodrelations\\\/v1#Sell\",\"seller\":{\"@id\":\"https:\\\/\\\/arr.pt\\\/#organization\"},\"offeredBy\":{\"@id\":\"https:\\\/\\\/arr.pt\\\/#organization\"},\"itemOffered\":{\"@id\":\"https:\\\/\\\/arr.pt\\\/pt\\\/property\\\/molhe-da-montevideu\\\/#property\"}},{\"@type\":\"RealEstateAgent\",\"@id\":\"https:\\\/\\\/arr.pt\\\/#organization\",\"name\":\"ARR\",\"description\":\"Ag\\u00eancia de media\\u00e7\\u00e3o imobili\\u00e1ria e intermedi\\u00e1rio de cr\\u00e9dito em Portugal.\",\"url\":\"https:\\\/\\\/arr.pt\\\/\",\"email\":\"ola@arr.pt\",\"telephone\":\"+351911755010\",\"logo\":{\"@type\":\"ImageObject\",\"@id\":\"https:\\\/\\\/arr.pt\\\/#logo\",\"url\":\"https:\\\/\\\/arr.pt\\\/wp-content\\\/uploads\\\/2022\\\/01\\\/logo.svg\",\"width\":432,\"height\":140},\"image\":{\"@id\":\"https:\\\/\\\/arr.pt\\\/#logo\"},\"sameAs\":[\"https:\\\/\\\/www.facebook.com\\\/arr.portugal\",\"https:\\\/\\\/twitter.com\\\/arrpt2\",\"https:\\\/\\\/www.instagram.com\\\/arr.portugal\\\/\"],\"legalName\":\"Segredos Pr\\u00f3speros, Unipessoal Lda\",\"taxID\":\"517557851\",\"currenciesAccepted\":\"EUR\",\"knowsLanguage\":[\"pt-PT\",\"en-GB\",\"ru-RU\"],\"areaServed\":{\"@type\":\"Country\",\"name\":\"Portugal\"},\"address\":{\"@type\":\"PostalAddress\",\"streetAddress\":\"Rua Eduardo Coelho, 66, 1.\\u00ba F\",\"postalCode\":\"1200-164\",\"addressLocality\":\"Lisboa\",\"addressCountry\":\"PT\"},\"contactPoint\":{\"@type\":\"ContactPoint\",\"telephone\":\"+351911755010\",\"email\":\"ola@arr.pt\",\"contactType\":\"customer service\",\"availableLanguage\":[\"Portuguese\",\"English\",\"Russian\"]},\"identifier\":{\"@type\":\"PropertyValue\",\"propertyID\":\"AMI\",\"value\":\"22515\"}},{\"@type\":\"RealEstateListing\",\"@id\":\"https:\\\/\\\/arr.pt\\\/pt\\\/property\\\/molhe-da-montevideu\\\/#webpage\",\"url\":\"https:\\\/\\\/arr.pt\\\/pt\\\/property\\\/molhe-da-montevideu\\\/\",\"name\":\"Molhe da Montevideu - \\u041d\\u0435\\u0434\\u0432\\u0438\\u0436\\u0438\\u043c\\u043e\\u0441\\u0442\\u044c \\u0432 \\u041f\\u043e\\u0440\\u0442\\u0443\\u0433\\u0430\\u043b\\u0438\\u0438\",\"description\":\"\\u0416\\u0438\\u043b\\u043e\\u0439 \\u043a\\u043e\\u043c\\u043f\\u043b\\u0435\\u043a\\u0441 Molhe da Montevideu \\u0440\\u0430\\u0441\\u043f\\u043e\\u043b\\u043e\\u0436\\u0435\\u043d \\u0432 Aldoar, Foz do Douro e Nevogilde, Porto. \\u0414\\u043e\\u0441\\u0442\\u0443\\u043f\\u043d\\u044b \\u0442\\u0438\\u043f\\u043e\\u043b\\u043e\\u0433\\u0438\\u0438 T1, T2, T3, T3 Duplex. \\u0426\\u0435\\u043d\\u044b \\u043d\\u0430\\u0447\\u0438\\u043d\\u0430\\u044e\\u0442\\u0441\\u044f \\u043e\\u0442 \\u20ac1.165.000.\",\"inLanguage\":\"pt-PT\",\"isPartOf\":{\"@id\":\"https:\\\/\\\/arr.pt\\\/pt\\\/#website\"},\"breadcrumb\":{\"@id\":\"https:\\\/\\\/arr.pt\\\/pt\\\/property\\\/molhe-da-montevideu\\\/#breadcrumblist\"},\"author\":{\"@id\":\"https:\\\/\\\/arr.pt\\\/#organization\"},\"creator\":{\"@id\":\"https:\\\/\\\/arr.pt\\\/#organization\"},\"image\":{\"@type\":\"ImageObject\",\"url\":\"https:\\\/\\\/arr.pt\\\/wp-content\\\/uploads\\\/2026\\\/09\\\/sava-molhe-da-montevideu-gallery-62feef9bfac3-scaled.jpg\",\"@id\":\"https:\\\/\\\/arr.pt\\\/pt\\\/property\\\/molhe-da-montevideu\\\/#mainImage\",\"width\":2560,\"height\":1414},\"primaryImageOfPage\":{\"@id\":\"https:\\\/\\\/arr.pt\\\/pt\\\/property\\\/molhe-da-montevideu\\\/#mainImage\"},\"datePublished\":\"2026-09-03T13:15:38+00:00\",\"dateModified\":\"2026-09-03T13:15:38+00:00\",\"datePosted\":\"2026-09-03T13:15:38+00:00\",\"mainEntity\":{\"@id\":\"https:\\\/\\\/arr.pt\\\/pt\\\/property\\\/molhe-da-montevideu\\\/#property\"},\"about\":{\"@id\":\"https:\\\/\\\/arr.pt\\\/pt\\\/property\\\/molhe-da-montevideu\\\/#property\"},\"offers\":{\"@id\":\"https:\\\/\\\/arr.pt\\\/pt\\\/property\\\/molhe-da-montevideu\\\/#offer\"},\"publisher\":{\"@id\":\"https:\\\/\\\/arr.pt\\\/#organization\"},\"provider\":{\"@id\":\"https:\\\/\\\/arr.pt\\\/#organization\"}},{\"@type\":\"WebSite\",\"@id\":\"https:\\\/\\\/arr.pt\\\/pt\\\/#website\",\"url\":\"https:\\\/\\\/arr.pt\\\/pt\\\/\",\"name\":\"\\u041d\\u0435\\u0434\\u0432\\u0438\\u0436\\u0438\\u043c\\u043e\\u0441\\u0442\\u044c \\u0432 \\u041f\\u043e\\u0440\\u0442\\u0443\\u0433\\u0430\\u043b\\u0438\\u0438\",\"inLanguage\":\"pt-PT\",\"publisher\":{\"@id\":\"https:\\\/\\\/arr.pt\\\/#organization\"}}]}\n\t\t<\/script>\n\t\t<!-- All in One SEO -->\n\n","aioseo_head_json":{"title":"Molhe da Montevideu - Imobili\u00e1rio em Portugal","description":"\u0416\u0438\u043b\u043e\u0439 \u043a\u043e\u043c\u043f\u043b\u0435\u043a\u0441 Molhe da Montevideu \u0440\u0430\u0441\u043f\u043e\u043b\u043e\u0436\u0435\u043d \u0432 Aldoar, Foz do Douro e Nevogilde, Porto. \u0414\u043e\u0441\u0442\u0443\u043f\u043d\u044b \u0442\u0438\u043f\u043e\u043b\u043e\u0433\u0438\u0438 T1, T2, T3, T3 Duplex. \u0426\u0435\u043d\u044b \u043d\u0430\u0447\u0438\u043d\u0430\u044e\u0442\u0441\u044f \u043e\u0442 \u20ac1.165.000.","canonical_url":"https:\/\/arr.pt\/pt\/property\/molhe-da-montevideu\/","robots":"max-image-preview:large","keywords":"","webmasterTools":{"miscellaneous":""},"schema":{"@context":"https:\/\/schema.org","@graph":[{"@type":"ApartmentComplex","@id":"https:\/\/arr.pt\/pt\/property\/molhe-da-montevideu\/#property","name":"Molhe da Montevideu","url":"https:\/\/arr.pt\/pt\/property\/molhe-da-montevideu\/","mainEntityOfPage":{"@id":"https:\/\/arr.pt\/pt\/property\/molhe-da-montevideu\/#webpage"},"description":"\u0416\u0438\u043b\u043e\u0439 \u043a\u043e\u043c\u043f\u043b\u0435\u043a\u0441 Molhe da Montevideu \u0440\u0430\u0441\u043f\u043e\u043b\u043e\u0436\u0435\u043d \u0432 Aldoar, Foz do Douro e Nevogilde, Porto. \u0414\u043e\u0441\u0442\u0443\u043f\u043d\u044b \u0442\u0438\u043f\u043e\u043b\u043e\u0433\u0438\u0438 T1, T2, T3, T3 Duplex. \u0426\u0435\u043d\u044b \u043d\u0430\u0447\u0438\u043d\u0430\u044e\u0442\u0441\u044f \u043e\u0442 \u20ac1.165.000.","image":"https:\/\/arr.pt\/wp-content\/uploads\/2026\/09\/sava-molhe-da-montevideu-gallery-62feef9bfac3-scaled.jpg","address":{"@type":"PostalAddress","addressCountry":"PT","addressLocality":"Porto"}},{"@type":"BreadcrumbList","@id":"https:\/\/arr.pt\/pt\/property\/molhe-da-montevideu\/#breadcrumblist","itemListElement":[{"@type":"ListItem","@id":"https:\/\/arr.pt\/pt#listItem","position":1,"name":"\u0413\u043b\u0430\u0432\u043d\u0430\u044f","item":"https:\/\/arr.pt\/pt","nextItem":{"@type":"ListItem","@id":"https:\/\/arr.pt\/pt\/property\/#listItem","name":"Propriedades"}},{"@type":"ListItem","@id":"https:\/\/arr.pt\/pt\/property\/#listItem","position":2,"name":"Propriedades","item":"https:\/\/arr.pt\/pt\/property\/","nextItem":{"@type":"ListItem","@id":"https:\/\/arr.pt\/pt\/property_type\/new\/#listItem","name":"\u041d\u043e\u0432\u043e\u0441\u0442\u0440\u043e\u0439\u043a\u0430"},"previousItem":{"@type":"ListItem","@id":"https:\/\/arr.pt\/pt#listItem","name":"\u0413\u043b\u0430\u0432\u043d\u0430\u044f"}},{"@type":"ListItem","@id":"https:\/\/arr.pt\/pt\/property_type\/new\/#listItem","position":3,"name":"\u041d\u043e\u0432\u043e\u0441\u0442\u0440\u043e\u0439\u043a\u0430","item":"https:\/\/arr.pt\/pt\/property_type\/new\/","nextItem":{"@type":"ListItem","@id":"https:\/\/arr.pt\/pt\/property\/molhe-da-montevideu\/#listItem","name":"Molhe da Montevideu"},"previousItem":{"@type":"ListItem","@id":"https:\/\/arr.pt\/pt\/property\/#listItem","name":"Propriedades"}},{"@type":"ListItem","@id":"https:\/\/arr.pt\/pt\/property\/molhe-da-montevideu\/#listItem","position":4,"name":"Molhe da Montevideu","previousItem":{"@type":"ListItem","@id":"https:\/\/arr.pt\/pt\/property_type\/new\/#listItem","name":"\u041d\u043e\u0432\u043e\u0441\u0442\u0440\u043e\u0439\u043a\u0430"}}]},{"@type":"Offer","@id":"https:\/\/arr.pt\/pt\/property\/molhe-da-montevideu\/#offer","url":"https:\/\/arr.pt\/pt\/property\/molhe-da-montevideu\/","priceCurrency":"EUR","businessFunction":"https:\/\/purl.org\/goodrelations\/v1#Sell","seller":{"@id":"https:\/\/arr.pt\/#organization"},"offeredBy":{"@id":"https:\/\/arr.pt\/#organization"},"itemOffered":{"@id":"https:\/\/arr.pt\/pt\/property\/molhe-da-montevideu\/#property"}},{"@type":"RealEstateAgent","@id":"https:\/\/arr.pt\/#organization","name":"ARR","description":"Ag\u00eancia de media\u00e7\u00e3o imobili\u00e1ria e intermedi\u00e1rio de cr\u00e9dito em Portugal.","url":"https:\/\/arr.pt\/","email":"ola@arr.pt","telephone":"+351911755010","logo":{"@type":"ImageObject","@id":"https:\/\/arr.pt\/#logo","url":"https:\/\/arr.pt\/wp-content\/uploads\/2022\/01\/logo.svg","width":432,"height":140},"image":{"@id":"https:\/\/arr.pt\/#logo"},"sameAs":["https:\/\/www.facebook.com\/arr.portugal","https:\/\/twitter.com\/arrpt2","https:\/\/www.instagram.com\/arr.portugal\/"],"legalName":"Segredos Pr\u00f3speros, Unipessoal Lda","taxID":"517557851","currenciesAccepted":"EUR","knowsLanguage":["pt-PT","en-GB","ru-RU"],"areaServed":{"@type":"Country","name":"Portugal"},"address":{"@type":"PostalAddress","streetAddress":"Rua Eduardo Coelho, 66, 1.\u00ba F","postalCode":"1200-164","addressLocality":"Lisboa","addressCountry":"PT"},"contactPoint":{"@type":"ContactPoint","telephone":"+351911755010","email":"ola@arr.pt","contactType":"customer service","availableLanguage":["Portuguese","English","Russian"]},"identifier":{"@type":"PropertyValue","propertyID":"AMI","value":"22515"}},{"@type":"RealEstateListing","@id":"https:\/\/arr.pt\/pt\/property\/molhe-da-montevideu\/#webpage","url":"https:\/\/arr.pt\/pt\/property\/molhe-da-montevideu\/","name":"Molhe da Montevideu - \u041d\u0435\u0434\u0432\u0438\u0436\u0438\u043c\u043e\u0441\u0442\u044c \u0432 \u041f\u043e\u0440\u0442\u0443\u0433\u0430\u043b\u0438\u0438","description":"\u0416\u0438\u043b\u043e\u0439 \u043a\u043e\u043c\u043f\u043b\u0435\u043a\u0441 Molhe da Montevideu \u0440\u0430\u0441\u043f\u043e\u043b\u043e\u0436\u0435\u043d \u0432 Aldoar, Foz do Douro e Nevogilde, Porto. \u0414\u043e\u0441\u0442\u0443\u043f\u043d\u044b \u0442\u0438\u043f\u043e\u043b\u043e\u0433\u0438\u0438 T1, T2, T3, T3 Duplex. \u0426\u0435\u043d\u044b \u043d\u0430\u0447\u0438\u043d\u0430\u044e\u0442\u0441\u044f \u043e\u0442 \u20ac1.165.000.","inLanguage":"pt-PT","isPartOf":{"@id":"https:\/\/arr.pt\/pt\/#website"},"breadcrumb":{"@id":"https:\/\/arr.pt\/pt\/property\/molhe-da-montevideu\/#breadcrumblist"},"author":{"@id":"https:\/\/arr.pt\/#organization"},"creator":{"@id":"https:\/\/arr.pt\/#organization"},"image":{"@type":"ImageObject","url":"https:\/\/arr.pt\/wp-content\/uploads\/2026\/09\/sava-molhe-da-montevideu-gallery-62feef9bfac3-scaled.jpg","@id":"https:\/\/arr.pt\/pt\/property\/molhe-da-montevideu\/#mainImage","width":2560,"height":1414},"primaryImageOfPage":{"@id":"https:\/\/arr.pt\/pt\/property\/molhe-da-montevideu\/#mainImage"},"datePublished":"2026-09-03T13:15:38+00:00","dateModified":"2026-09-03T13:15:38+00:00","datePosted":"2026-09-03T13:15:38+00:00","mainEntity":{"@id":"https:\/\/arr.pt\/pt\/property\/molhe-da-montevideu\/#property"},"about":{"@id":"https:\/\/arr.pt\/pt\/property\/molhe-da-montevideu\/#property"},"offers":{"@id":"https:\/\/arr.pt\/pt\/property\/molhe-da-montevideu\/#offer"},"publisher":{"@id":"https:\/\/arr.pt\/#organization"},"provider":{"@id":"https:\/\/arr.pt\/#organization"}},{"@type":"WebSite","@id":"https:\/\/arr.pt\/pt\/#website","url":"https:\/\/arr.pt\/pt\/","name":"\u041d\u0435\u0434\u0432\u0438\u0436\u0438\u043c\u043e\u0441\u0442\u044c \u0432 \u041f\u043e\u0440\u0442\u0443\u0433\u0430\u043b\u0438\u0438","inLanguage":"pt-PT","publisher":{"@id":"https:\/\/arr.pt\/#organization"}}]},"og:locale":"pt_PT","og:site_name":"\u041d\u0435\u0434\u0432\u0438\u0436\u0438\u043c\u043e\u0441\u0442\u044c \u0432 \u041f\u043e\u0440\u0442\u0443\u0433\u0430\u043b\u0438\u0438 -","og:type":"article","og:title":"Molhe da Montevideu - \u041d\u0435\u0434\u0432\u0438\u0436\u0438\u043c\u043e\u0441\u0442\u044c \u0432 \u041f\u043e\u0440\u0442\u0443\u0433\u0430\u043b\u0438\u0438","og:description":"\u0416\u0438\u043b\u043e\u0439 \u043a\u043e\u043c\u043f\u043b\u0435\u043a\u0441 Molhe da Montevideu \u0440\u0430\u0441\u043f\u043e\u043b\u043e\u0436\u0435\u043d \u0432 Aldoar, Foz do Douro e Nevogilde, Porto. \u0414\u043e\u0441\u0442\u0443\u043f\u043d\u044b \u0442\u0438\u043f\u043e\u043b\u043e\u0433\u0438\u0438 T1, T2, T3, T3 Duplex. \u0426\u0435\u043d\u044b \u043d\u0430\u0447\u0438\u043d\u0430\u044e\u0442\u0441\u044f \u043e\u0442 \u20ac1.165.000.","og:url":"https:\/\/arr.pt\/pt\/property\/molhe-da-montevideu\/","og:image":"https:\/\/arr.pt\/wp-content\/uploads\/2022\/01\/logo.svg","og:image:secure_url":"https:\/\/arr.pt\/wp-content\/uploads\/2022\/01\/logo.svg","og:image:width":432,"og:image:height":140,"article:published_time":"2026-09-03T13:15:38+00:00","article:modified_time":"2026-09-03T13:15:38+00:00","article:publisher":"https:\/\/www.facebook.com\/arr.portugal","twitter:card":"summary","twitter:site":"@arrpt2","twitter:title":"Molhe da Montevideu - \u041d\u0435\u0434\u0432\u0438\u0436\u0438\u043c\u043e\u0441\u0442\u044c \u0432 \u041f\u043e\u0440\u0442\u0443\u0433\u0430\u043b\u0438\u0438","twitter:description":"\u0416\u0438\u043b\u043e\u0439 \u043a\u043e\u043c\u043f\u043b\u0435\u043a\u0441 Molhe da Montevideu \u0440\u0430\u0441\u043f\u043e\u043b\u043e\u0436\u0435\u043d \u0432 Aldoar, Foz do Douro e Nevogilde, Porto. \u0414\u043e\u0441\u0442\u0443\u043f\u043d\u044b \u0442\u0438\u043f\u043e\u043b\u043e\u0433\u0438\u0438 T1, T2, T3, T3 Duplex. \u0426\u0435\u043d\u044b \u043d\u0430\u0447\u0438\u043d\u0430\u044e\u0442\u0441\u044f \u043e\u0442 \u20ac1.165.000.","twitter:creator":"@arrpt2","twitter:image":"https:\/\/arr.pt\/wp-content\/uploads\/2022\/01\/logo.svg"},"aioseo_meta_data":[],"aioseo_breadcrumb":"<div class=\"aioseo-breadcrumbs\"><span class=\"aioseo-breadcrumb\">\n\t\t\t<a href=\"https:\/\/arr.pt\/pt\" title=\"\u0413\u043b\u0430\u0432\u043d\u0430\u044f\">\u0413\u043b\u0430\u0432\u043d\u0430\u044f<\/a>\n\t\t<\/span><span class=\"aioseo-breadcrumb-separator\">&raquo;<\/span><span class=\"aioseo-breadcrumb\">\n\t\t\t<a href=\"https:\/\/arr.pt\/pt\/property\/\" title=\"Propriedades\">Propriedades<\/a>\n\t\t<\/span><span class=\"aioseo-breadcrumb-separator\">&raquo;<\/span><span class=\"aioseo-breadcrumb\">\n\t\t\t<a href=\"https:\/\/arr.pt\/pt\/property_type\/new\/\" title=\"\u041d\u043e\u0432\u043e\u0441\u0442\u0440\u043e\u0439\u043a\u0430\">\u041d\u043e\u0432\u043e\u0441\u0442\u0440\u043e\u0439\u043a\u0430<\/a>\n\t\t<\/span><span class=\"aioseo-breadcrumb-separator\">&raquo;<\/span><span class=\"aioseo-breadcrumb\">\n\t\t\tMolhe da Montevideu\n\t\t<\/span><\/div>","aioseo_breadcrumb_json":[{"label":"\u0413\u043b\u0430\u0432\u043d\u0430\u044f","link":"https:\/\/arr.pt\/pt"},{"label":"Propriedades","link":"https:\/\/arr.pt\/pt\/property\/"},{"label":"\u041d\u043e\u0432\u043e\u0441\u0442\u0440\u043e\u0439\u043a\u0430","link":"https:\/\/arr.pt\/pt\/property_type\/new\/"},{"label":"Molhe da Montevideu","link":"https:\/\/arr.pt\/pt\/property\/molhe-da-montevideu\/"}],"property_meta":{"fave_agent_display_option":["agency_info"],"fave_property_agency":["18866"],"fave_featured":["0"],"houzez_featured_listing_date":[""],"fave_property_map_address":["Aldoar, Foz do Douro e Nevogilde, Porto"],"fave_property_address":["Aldoar, Foz do Douro e Nevogilde"],"fave_property_location":["41.15959000,-8.68331000"],"houzez_geolocation_lat":["41.15959000"],"houzez_geolocation_long":["-8.68331000"],"_thumbnail_id":["38213"],"fave_property_images":["a:8:{i:0;i:38213;i:1;i:38214;i:2;i:38215;i:3;i:38216;i:4;i:38217;i:5;i:38218;i:6;i:38219;i:7;i:38220;}"],"_sava_arr_static_imported":["1"],"_sava_arr_project_id":["907"],"_sava_arr_managed":["1"],"fave_property_price":["T1 \u043e\u0442 \u20ac1.165.000"],"floor_plans":["a:19:{i:0;a:8:{s:15:\"fave_plan_title\";s:20:\"T1 Bloco B, Fra\u00e7\u00e3o\";s:15:\"fave_plan_rooms\";s:1:\"1\";s:19:\"fave_plan_bathrooms\";s:3:\"2.0\";s:15:\"fave_plan_price\";s:10:\"1165000.00\";s:23:\"fave_plan_price_postfix\";s:0:\"\";s:14:\"fave_plan_size\";s:9:\"93.10 m\u00b2\";s:15:\"fave_plan_image\";s:88:\"https:\/\/arr.pt\/wp-content\/uploads\/2026\/09\/sava-molhe-da-montevideu-plan-c37e914a9b05.jpg\";s:21:\"fave_plan_description\";s:0:\"\";}i:1;a:8:{s:15:\"fave_plan_title\";s:12:\"T1 107260367\";s:15:\"fave_plan_rooms\";s:1:\"1\";s:19:\"fave_plan_bathrooms\";s:3:\"2.0\";s:15:\"fave_plan_price\";s:10:\"1180000.00\";s:23:\"fave_plan_price_postfix\";s:0:\"\";s:14:\"fave_plan_size\";s:9:\"75.80 m\u00b2\";s:15:\"fave_plan_image\";s:88:\"https:\/\/arr.pt\/wp-content\/uploads\/2026\/09\/sava-molhe-da-montevideu-plan-4b79960aae13.pdf\";s:21:\"fave_plan_description\";s:0:\"\";}i:2;a:8:{s:15:\"fave_plan_title\";s:12:\"T1 107260366\";s:15:\"fave_plan_rooms\";s:1:\"1\";s:19:\"fave_plan_bathrooms\";s:3:\"2.0\";s:15:\"fave_plan_price\";s:10:\"1530000.00\";s:23:\"fave_plan_price_postfix\";s:0:\"\";s:14:\"fave_plan_size\";s:10:\"102.40 m\u00b2\";s:15:\"fave_plan_image\";s:88:\"https:\/\/arr.pt\/wp-content\/uploads\/2026\/09\/sava-molhe-da-montevideu-plan-db9874da03f7.pdf\";s:21:\"fave_plan_description\";s:0:\"\";}i:3;a:8:{s:15:\"fave_plan_title\";s:12:\"T1 107260365\";s:15:\"fave_plan_rooms\";s:1:\"1\";s:19:\"fave_plan_bathrooms\";s:3:\"2.0\";s:15:\"fave_plan_price\";s:10:\"1885000.00\";s:23:\"fave_plan_price_postfix\";s:0:\"\";s:14:\"fave_plan_size\";s:10:\"100.10 m\u00b2\";s:15:\"fave_plan_image\";s:88:\"https:\/\/arr.pt\/wp-content\/uploads\/2026\/09\/sava-molhe-da-montevideu-plan-ede24e7acac9.pdf\";s:21:\"fave_plan_description\";s:0:\"\";}i:4;a:8:{s:15:\"fave_plan_title\";s:12:\"T2 107260358\";s:15:\"fave_plan_rooms\";s:1:\"2\";s:19:\"fave_plan_bathrooms\";s:3:\"3.0\";s:15:\"fave_plan_price\";s:10:\"1430000.00\";s:23:\"fave_plan_price_postfix\";s:0:\"\";s:14:\"fave_plan_size\";s:10:\"112.45 m\u00b2\";s:15:\"fave_plan_image\";s:88:\"https:\/\/arr.pt\/wp-content\/uploads\/2026\/09\/sava-molhe-da-montevideu-plan-465aa53bb604.pdf\";s:21:\"fave_plan_description\";s:0:\"\";}i:5;a:8:{s:15:\"fave_plan_title\";s:12:\"T2 107260359\";s:15:\"fave_plan_rooms\";s:1:\"2\";s:19:\"fave_plan_bathrooms\";s:3:\"3.0\";s:15:\"fave_plan_price\";s:10:\"1430000.00\";s:23:\"fave_plan_price_postfix\";s:0:\"\";s:14:\"fave_plan_size\";s:10:\"115.50 m\u00b2\";s:15:\"fave_plan_image\";s:88:\"https:\/\/arr.pt\/wp-content\/uploads\/2026\/09\/sava-molhe-da-montevideu-plan-49298534254b.pdf\";s:21:\"fave_plan_description\";s:0:\"\";}i:6;a:8:{s:15:\"fave_plan_title\";s:17:\"T2 Bloco B, Fr. I\";s:15:\"fave_plan_rooms\";s:1:\"2\";s:19:\"fave_plan_bathrooms\";s:3:\"3.0\";s:15:\"fave_plan_price\";s:10:\"1445000.00\";s:23:\"fave_plan_price_postfix\";s:0:\"\";s:14:\"fave_plan_size\";s:10:\"145.15 m\u00b2\";s:15:\"fave_plan_image\";s:88:\"https:\/\/arr.pt\/wp-content\/uploads\/2026\/09\/sava-molhe-da-montevideu-plan-82de317f36e7.jpg\";s:21:\"fave_plan_description\";s:0:\"\";}i:7;a:8:{s:15:\"fave_plan_title\";s:17:\"T2 Bloco A, Fr. C\";s:15:\"fave_plan_rooms\";s:1:\"2\";s:19:\"fave_plan_bathrooms\";s:3:\"3.0\";s:15:\"fave_plan_price\";s:10:\"1446000.00\";s:23:\"fave_plan_price_postfix\";s:0:\"\";s:14:\"fave_plan_size\";s:10:\"128.95 m\u00b2\";s:15:\"fave_plan_image\";s:88:\"https:\/\/arr.pt\/wp-content\/uploads\/2026\/09\/sava-molhe-da-montevideu-plan-be27e21f4ad2.jpg\";s:21:\"fave_plan_description\";s:0:\"\";}i:8;a:8:{s:15:\"fave_plan_title\";s:12:\"T2 107260361\";s:15:\"fave_plan_rooms\";s:1:\"2\";s:19:\"fave_plan_bathrooms\";s:3:\"3.0\";s:15:\"fave_plan_price\";s:10:\"1760000.00\";s:23:\"fave_plan_price_postfix\";s:0:\"\";s:14:\"fave_plan_size\";s:10:\"119.40 m\u00b2\";s:15:\"fave_plan_image\";s:88:\"https:\/\/arr.pt\/wp-content\/uploads\/2026\/09\/sava-molhe-da-montevideu-plan-067031fa260b.pdf\";s:21:\"fave_plan_description\";s:0:\"\";}i:9;a:8:{s:15:\"fave_plan_title\";s:17:\"T2 Bloco B, Fr. K\";s:15:\"fave_plan_rooms\";s:1:\"2\";s:19:\"fave_plan_bathrooms\";s:3:\"3.0\";s:15:\"fave_plan_price\";s:10:\"1780000.00\";s:23:\"fave_plan_price_postfix\";s:0:\"\";s:14:\"fave_plan_size\";s:10:\"139.70 m\u00b2\";s:15:\"fave_plan_image\";s:88:\"https:\/\/arr.pt\/wp-content\/uploads\/2026\/09\/sava-molhe-da-montevideu-plan-12d163752726.jpg\";s:21:\"fave_plan_description\";s:0:\"\";}i:10;a:8:{s:15:\"fave_plan_title\";s:12:\"T2 107260362\";s:15:\"fave_plan_rooms\";s:1:\"2\";s:19:\"fave_plan_bathrooms\";s:3:\"3.0\";s:15:\"fave_plan_price\";s:10:\"1925000.00\";s:23:\"fave_plan_price_postfix\";s:0:\"\";s:14:\"fave_plan_size\";s:10:\"118.35 m\u00b2\";s:15:\"fave_plan_image\";s:88:\"https:\/\/arr.pt\/wp-content\/uploads\/2026\/09\/sava-molhe-da-montevideu-plan-d27a08266830.pdf\";s:21:\"fave_plan_description\";s:0:\"\";}i:11;a:8:{s:15:\"fave_plan_title\";s:17:\"T2 Bloco B, Fr. O\";s:15:\"fave_plan_rooms\";s:1:\"2\";s:19:\"fave_plan_bathrooms\";s:3:\"3.0\";s:15:\"fave_plan_price\";s:10:\"2325000.00\";s:23:\"fave_plan_price_postfix\";s:0:\"\";s:14:\"fave_plan_size\";s:10:\"155.20 m\u00b2\";s:15:\"fave_plan_image\";s:88:\"https:\/\/arr.pt\/wp-content\/uploads\/2026\/09\/sava-molhe-da-montevideu-plan-d7a4952b4a14.jpg\";s:21:\"fave_plan_description\";s:0:\"\";}i:12;a:8:{s:15:\"fave_plan_title\";s:12:\"T2 107260364\";s:15:\"fave_plan_rooms\";s:1:\"2\";s:19:\"fave_plan_bathrooms\";s:3:\"3.0\";s:15:\"fave_plan_price\";s:10:\"2325000.00\";s:23:\"fave_plan_price_postfix\";s:0:\"\";s:14:\"fave_plan_size\";s:10:\"129.10 m\u00b2\";s:15:\"fave_plan_image\";s:88:\"https:\/\/arr.pt\/wp-content\/uploads\/2026\/09\/sava-molhe-da-montevideu-plan-70899a754c6a.pdf\";s:21:\"fave_plan_description\";s:0:\"\";}i:13;a:8:{s:15:\"fave_plan_title\";s:17:\"T2 Bloco B, Fr. N\";s:15:\"fave_plan_rooms\";s:1:\"2\";s:19:\"fave_plan_bathrooms\";s:3:\"3.0\";s:15:\"fave_plan_price\";s:10:\"2420000.00\";s:23:\"fave_plan_price_postfix\";s:0:\"\";s:14:\"fave_plan_size\";s:10:\"173.60 m\u00b2\";s:15:\"fave_plan_image\";s:88:\"https:\/\/arr.pt\/wp-content\/uploads\/2026\/09\/sava-molhe-da-montevideu-plan-265d28b739fd.jpg\";s:21:\"fave_plan_description\";s:0:\"\";}i:14;a:8:{s:15:\"fave_plan_title\";s:12:\"T2 107260363\";s:15:\"fave_plan_rooms\";s:1:\"2\";s:19:\"fave_plan_bathrooms\";s:3:\"3.0\";s:15:\"fave_plan_price\";s:10:\"2475000.00\";s:23:\"fave_plan_price_postfix\";s:0:\"\";s:14:\"fave_plan_size\";s:10:\"138.40 m\u00b2\";s:15:\"fave_plan_image\";s:88:\"https:\/\/arr.pt\/wp-content\/uploads\/2026\/09\/sava-molhe-da-montevideu-plan-9dc992eb1561.pdf\";s:21:\"fave_plan_description\";s:0:\"\";}i:15;a:8:{s:15:\"fave_plan_title\";s:12:\"T3 107260357\";s:15:\"fave_plan_rooms\";s:1:\"3\";s:19:\"fave_plan_bathrooms\";s:3:\"4.0\";s:15:\"fave_plan_price\";s:10:\"3400000.00\";s:23:\"fave_plan_price_postfix\";s:0:\"\";s:14:\"fave_plan_size\";s:10:\"209.00 m\u00b2\";s:15:\"fave_plan_image\";s:88:\"https:\/\/arr.pt\/wp-content\/uploads\/2026\/09\/sava-molhe-da-montevideu-plan-2b47a8492962.pdf\";s:21:\"fave_plan_description\";s:0:\"\";}i:16;a:8:{s:15:\"fave_plan_title\";s:12:\"T3 107260356\";s:15:\"fave_plan_rooms\";s:1:\"3\";s:19:\"fave_plan_bathrooms\";s:3:\"4.0\";s:15:\"fave_plan_price\";s:10:\"4870000.00\";s:23:\"fave_plan_price_postfix\";s:0:\"\";s:14:\"fave_plan_size\";s:10:\"250.00 m\u00b2\";s:15:\"fave_plan_image\";s:88:\"https:\/\/arr.pt\/wp-content\/uploads\/2026\/09\/sava-molhe-da-montevideu-plan-ce89095c08a6.pdf\";s:21:\"fave_plan_description\";s:0:\"\";}i:17;a:8:{s:15:\"fave_plan_title\";s:17:\"T3 Bloco 4, Fr. P\";s:15:\"fave_plan_rooms\";s:1:\"3\";s:19:\"fave_plan_bathrooms\";s:3:\"4.0\";s:15:\"fave_plan_price\";s:10:\"4870000.00\";s:23:\"fave_plan_price_postfix\";s:0:\"\";s:14:\"fave_plan_size\";s:10:\"305.10 m\u00b2\";s:15:\"fave_plan_image\";s:88:\"https:\/\/arr.pt\/wp-content\/uploads\/2026\/09\/sava-molhe-da-montevideu-plan-74f405e7d467.jpg\";s:21:\"fave_plan_description\";s:0:\"\";}i:18;a:8:{s:15:\"fave_plan_title\";s:24:\"T3 Duplex Bloco A, Fr. A\";s:15:\"fave_plan_rooms\";s:1:\"3\";s:19:\"fave_plan_bathrooms\";s:3:\"4.0\";s:15:\"fave_plan_price\";s:10:\"3400000.00\";s:23:\"fave_plan_price_postfix\";s:0:\"\";s:14:\"fave_plan_size\";s:10:\"232.05 m\u00b2\";s:15:\"fave_plan_image\";s:88:\"https:\/\/arr.pt\/wp-content\/uploads\/2026\/09\/sava-molhe-da-montevideu-plan-db2a7423c64d.jpg\";s:21:\"fave_plan_description\";s:0:\"\";}}"],"_sava_arr_last_availability_sync":["2026-09-03T13:16:22+00:00"],"_eael_post_view_count":["6"],"houzez_total_property_views":["6"],"houzez_views_by_date":["a:1:{s:10:\"09-03-2026\";i:6;}"],"houzez_recently_viewed":["2026-09-03 15:41:28"]},"_links":{"self":[{"href":"https:\/\/arr.pt\/pt\/wp-json\/wp\/v2\/properties\/38212","targetHints":{"allow":["GET"]}}],"collection":[{"href":"https:\/\/arr.pt\/pt\/wp-json\/wp\/v2\/properties"}],"about":[{"href":"https:\/\/arr.pt\/pt\/wp-json\/wp\/v2\/types\/property"}],"author":[{"embeddable":true,"href":"https:\/\/arr.pt\/pt\/wp-json\/wp\/v2\/users\/1"}],"version-history":[{"count":0,"href":"https:\/\/arr.pt\/pt\/wp-json\/wp\/v2\/properties\/38212\/revisions"}],"wp:featuredmedia":[{"embeddable":true,"href":"https:\/\/arr.pt\/pt\/wp-json\/wp\/v2\/media\/38213"}],"wp:attachment":[{"href":"https:\/\/arr.pt\/pt\/wp-json\/wp\/v2\/media?parent=38212"}],"wp:term":[{"taxonomy":"property_type","embeddable":true,"href":"https:\/\/arr.pt\/pt\/wp-json\/wp\/v2\/property_type?post=38212"},{"taxonomy":"property_status","embeddable":true,"href":"https:\/\/arr.pt\/pt\/wp-json\/wp\/v2\/property_status?post=38212"},{"taxonomy":"property_feature","embeddable":true,"href":"https:\/\/arr.pt\/pt\/wp-json\/wp\/v2\/property_feature?post=38212"},{"taxonomy":"property_label","embeddable":true,"href":"https:\/\/arr.pt\/pt\/wp-json\/wp\/v2\/property_label?post=38212"},{"taxonomy":"property_city","embeddable":true,"href":"https:\/\/arr.pt\/pt\/wp-json\/wp\/v2\/property_city?post=38212"}],"curies":[{"name":"wp","href":"https:\/\/api.w.org\/{rel}","templated":true}]}}