{"id":38196,"date":"2026-09-03T13:15:31","date_gmt":"2026-09-03T13:15:31","guid":{"rendered":"https:\/\/arr.pt\/property\/moinho-de-vento-flats\/"},"modified":"2026-09-03T13:15:31","modified_gmt":"2026-09-03T13:15:31","slug":"moinho-de-vento-flats","status":"publish","type":"property","link":"https:\/\/arr.pt\/pt\/property\/moinho-de-vento-flats\/","title":{"rendered":"Moinho de Vento Flats"},"content":{"rendered":"<p>\u0416\u0438\u043b\u043e\u0439 \u043a\u043e\u043c\u043f\u043b\u0435\u043a\u0441 Moinho de Vento Flats \u0440\u0430\u0441\u043f\u043e\u043b\u043e\u0436\u0435\u043d \u0432 Le\u00e7a da Palmeira, Matosinhos. \u0414\u043e\u0441\u0442\u0443\u043f\u043d\u044b \u0442\u0438\u043f\u043e\u043b\u043e\u0433\u0438\u0438 T0. \u0426\u0435\u043d\u044b \u043d\u0430\u0447\u0438\u043d\u0430\u044e\u0442\u0441\u044f \u043e\u0442 \u20ac240.000.<\/p>","protected":false},"excerpt":{"rendered":"<p>\u0416\u0438\u043b\u043e\u0439 \u043a\u043e\u043c\u043f\u043b\u0435\u043a\u0441 Moinho de Vento Flats \u0440\u0430\u0441\u043f\u043e\u043b\u043e\u0436\u0435\u043d \u0432 Le\u00e7a da Palmeira, Matosinhos. \u0414\u043e\u0441\u0442\u0443\u043f\u043d\u044b \u0442\u0438\u043f\u043e\u043b\u043e\u0433\u0438\u0438 T0. \u0426\u0435\u043d\u044b \u043d\u0430\u0447\u0438\u043d\u0430\u044e\u0442\u0441\u044f \u043e\u0442 \u20ac240.000.<\/p>","protected":false},"author":1,"featured_media":38197,"parent":0,"menu_order":0,"template":"","property_type":[209],"property_status":[232],"property_feature":[],"property_label":[],"property_city":[113],"class_list":["post-38196","property","type-property","status-publish","has-post-thumbnail","hentry","property_type-new","property_status-sale","property_city-matosinhos"],"aioseo_notices":[],"aioseo_head":"\n\t\t<!-- All in One SEO 5.0.1.1 - aioseo.com -->\n\t<meta name=\"description\" content=\"\u0416\u0438\u043b\u043e\u0439 \u043a\u043e\u043c\u043f\u043b\u0435\u043a\u0441 Moinho de Vento Flats \u0440\u0430\u0441\u043f\u043e\u043b\u043e\u0436\u0435\u043d \u0432 Le\u00e7a da Palmeira, Matosinhos. \u0414\u043e\u0441\u0442\u0443\u043f\u043d\u044b \u0442\u0438\u043f\u043e\u043b\u043e\u0433\u0438\u0438 T0. \u0426\u0435\u043d\u044b \u043d\u0430\u0447\u0438\u043d\u0430\u044e\u0442\u0441\u044f \u043e\u0442 \u20ac240.000.\" \/>\n\t<meta name=\"robots\" content=\"max-image-preview:large\" \/>\n\t<meta name=\"author\" content=\"arr\"\/>\n\t<link rel=\"canonical\" href=\"https:\/\/arr.pt\/pt\/property\/moinho-de-vento-flats\/\" \/>\n\t<meta name=\"generator\" content=\"All in One SEO (AIOSEO) 5.0.1.1\" \/>\n\t\t<meta property=\"og:locale\" content=\"pt_PT\" \/>\n\t\t<meta property=\"og:site_name\" content=\"\u041d\u0435\u0434\u0432\u0438\u0436\u0438\u043c\u043e\u0441\u0442\u044c \u0432 \u041f\u043e\u0440\u0442\u0443\u0433\u0430\u043b\u0438\u0438 -\" \/>\n\t\t<meta property=\"og:type\" content=\"article\" \/>\n\t\t<meta property=\"og:title\" content=\"Moinho de Vento Flats - \u041d\u0435\u0434\u0432\u0438\u0436\u0438\u043c\u043e\u0441\u0442\u044c \u0432 \u041f\u043e\u0440\u0442\u0443\u0433\u0430\u043b\u0438\u0438\" \/>\n\t\t<meta property=\"og:description\" content=\"\u0416\u0438\u043b\u043e\u0439 \u043a\u043e\u043c\u043f\u043b\u0435\u043a\u0441 Moinho de Vento Flats \u0440\u0430\u0441\u043f\u043e\u043b\u043e\u0436\u0435\u043d \u0432 Le\u00e7a da Palmeira, Matosinhos. \u0414\u043e\u0441\u0442\u0443\u043f\u043d\u044b \u0442\u0438\u043f\u043e\u043b\u043e\u0433\u0438\u0438 T0. \u0426\u0435\u043d\u044b \u043d\u0430\u0447\u0438\u043d\u0430\u044e\u0442\u0441\u044f \u043e\u0442 \u20ac240.000.\" \/>\n\t\t<meta property=\"og:url\" content=\"https:\/\/arr.pt\/pt\/property\/moinho-de-vento-flats\/\" \/>\n\t\t<meta property=\"og:image\" content=\"https:\/\/arr.pt\/wp-content\/uploads\/2022\/01\/logo.svg\" \/>\n\t\t<meta property=\"og:image:secure_url\" content=\"https:\/\/arr.pt\/wp-content\/uploads\/2022\/01\/logo.svg\" \/>\n\t\t<meta property=\"og:image:width\" content=\"432\" \/>\n\t\t<meta property=\"og:image:height\" content=\"140\" \/>\n\t\t<meta property=\"article:published_time\" content=\"2026-09-03T13:15:31+00:00\" \/>\n\t\t<meta property=\"article:modified_time\" content=\"2026-09-03T13:15:31+00:00\" \/>\n\t\t<meta property=\"article:publisher\" content=\"https:\/\/www.facebook.com\/arr.portugal\" \/>\n\t\t<meta name=\"twitter:card\" content=\"summary\" \/>\n\t\t<meta name=\"twitter:site\" content=\"@arrpt2\" \/>\n\t\t<meta name=\"twitter:title\" content=\"Moinho de Vento Flats - \u041d\u0435\u0434\u0432\u0438\u0436\u0438\u043c\u043e\u0441\u0442\u044c \u0432 \u041f\u043e\u0440\u0442\u0443\u0433\u0430\u043b\u0438\u0438\" \/>\n\t\t<meta name=\"twitter:description\" content=\"\u0416\u0438\u043b\u043e\u0439 \u043a\u043e\u043c\u043f\u043b\u0435\u043a\u0441 Moinho de Vento Flats \u0440\u0430\u0441\u043f\u043e\u043b\u043e\u0436\u0435\u043d \u0432 Le\u00e7a da Palmeira, Matosinhos. \u0414\u043e\u0441\u0442\u0443\u043f\u043d\u044b \u0442\u0438\u043f\u043e\u043b\u043e\u0433\u0438\u0438 T0. \u0426\u0435\u043d\u044b \u043d\u0430\u0447\u0438\u043d\u0430\u044e\u0442\u0441\u044f \u043e\u0442 \u20ac240.000.\" \/>\n\t\t<meta name=\"twitter:creator\" content=\"@arrpt2\" \/>\n\t\t<meta name=\"twitter:image\" content=\"https:\/\/arr.pt\/wp-content\/uploads\/2022\/01\/logo.svg\" \/>\n\t\t<script type=\"application\/ld+json\" class=\"aioseo-schema\">\n\t\t\t{\"@context\":\"https:\\\/\\\/schema.org\",\"@graph\":[{\"@type\":\"ApartmentComplex\",\"@id\":\"https:\\\/\\\/arr.pt\\\/pt\\\/property\\\/moinho-de-vento-flats\\\/#property\",\"name\":\"Moinho de Vento Flats\",\"url\":\"https:\\\/\\\/arr.pt\\\/pt\\\/property\\\/moinho-de-vento-flats\\\/\",\"mainEntityOfPage\":{\"@id\":\"https:\\\/\\\/arr.pt\\\/pt\\\/property\\\/moinho-de-vento-flats\\\/#webpage\"},\"description\":\"\\u0416\\u0438\\u043b\\u043e\\u0439 \\u043a\\u043e\\u043c\\u043f\\u043b\\u0435\\u043a\\u0441 Moinho de Vento Flats \\u0440\\u0430\\u0441\\u043f\\u043e\\u043b\\u043e\\u0436\\u0435\\u043d \\u0432 Le\\u00e7a da Palmeira, Matosinhos. \\u0414\\u043e\\u0441\\u0442\\u0443\\u043f\\u043d\\u044b \\u0442\\u0438\\u043f\\u043e\\u043b\\u043e\\u0433\\u0438\\u0438 T0. \\u0426\\u0435\\u043d\\u044b \\u043d\\u0430\\u0447\\u0438\\u043d\\u0430\\u044e\\u0442\\u0441\\u044f \\u043e\\u0442 \\u20ac240.000.\",\"image\":\"https:\\\/\\\/arr.pt\\\/wp-content\\\/uploads\\\/2026\\\/09\\\/sava-moinho-de-vento-flats-gallery-e454025393ea.jpg\",\"address\":{\"@type\":\"PostalAddress\",\"addressCountry\":\"PT\",\"addressLocality\":\"Matosinhos\"}},{\"@type\":\"BreadcrumbList\",\"@id\":\"https:\\\/\\\/arr.pt\\\/pt\\\/property\\\/moinho-de-vento-flats\\\/#breadcrumblist\",\"itemListElement\":[{\"@type\":\"ListItem\",\"@id\":\"https:\\\/\\\/arr.pt\\\/pt#listItem\",\"position\":1,\"name\":\"\\u0413\\u043b\\u0430\\u0432\\u043d\\u0430\\u044f\",\"item\":\"https:\\\/\\\/arr.pt\\\/pt\",\"nextItem\":{\"@type\":\"ListItem\",\"@id\":\"https:\\\/\\\/arr.pt\\\/pt\\\/property\\\/#listItem\",\"name\":\"Propriedades\"}},{\"@type\":\"ListItem\",\"@id\":\"https:\\\/\\\/arr.pt\\\/pt\\\/property\\\/#listItem\",\"position\":2,\"name\":\"Propriedades\",\"item\":\"https:\\\/\\\/arr.pt\\\/pt\\\/property\\\/\",\"nextItem\":{\"@type\":\"ListItem\",\"@id\":\"https:\\\/\\\/arr.pt\\\/pt\\\/property_type\\\/new\\\/#listItem\",\"name\":\"\\u041d\\u043e\\u0432\\u043e\\u0441\\u0442\\u0440\\u043e\\u0439\\u043a\\u0430\"},\"previousItem\":{\"@type\":\"ListItem\",\"@id\":\"https:\\\/\\\/arr.pt\\\/pt#listItem\",\"name\":\"\\u0413\\u043b\\u0430\\u0432\\u043d\\u0430\\u044f\"}},{\"@type\":\"ListItem\",\"@id\":\"https:\\\/\\\/arr.pt\\\/pt\\\/property_type\\\/new\\\/#listItem\",\"position\":3,\"name\":\"\\u041d\\u043e\\u0432\\u043e\\u0441\\u0442\\u0440\\u043e\\u0439\\u043a\\u0430\",\"item\":\"https:\\\/\\\/arr.pt\\\/pt\\\/property_type\\\/new\\\/\",\"nextItem\":{\"@type\":\"ListItem\",\"@id\":\"https:\\\/\\\/arr.pt\\\/pt\\\/property\\\/moinho-de-vento-flats\\\/#listItem\",\"name\":\"Moinho de Vento Flats\"},\"previousItem\":{\"@type\":\"ListItem\",\"@id\":\"https:\\\/\\\/arr.pt\\\/pt\\\/property\\\/#listItem\",\"name\":\"Propriedades\"}},{\"@type\":\"ListItem\",\"@id\":\"https:\\\/\\\/arr.pt\\\/pt\\\/property\\\/moinho-de-vento-flats\\\/#listItem\",\"position\":4,\"name\":\"Moinho de Vento Flats\",\"previousItem\":{\"@type\":\"ListItem\",\"@id\":\"https:\\\/\\\/arr.pt\\\/pt\\\/property_type\\\/new\\\/#listItem\",\"name\":\"\\u041d\\u043e\\u0432\\u043e\\u0441\\u0442\\u0440\\u043e\\u0439\\u043a\\u0430\"}}]},{\"@type\":\"Offer\",\"@id\":\"https:\\\/\\\/arr.pt\\\/pt\\\/property\\\/moinho-de-vento-flats\\\/#offer\",\"url\":\"https:\\\/\\\/arr.pt\\\/pt\\\/property\\\/moinho-de-vento-flats\\\/\",\"priceCurrency\":\"EUR\",\"businessFunction\":\"https:\\\/\\\/purl.org\\\/goodrelations\\\/v1#Sell\",\"seller\":{\"@id\":\"https:\\\/\\\/arr.pt\\\/#organization\"},\"offeredBy\":{\"@id\":\"https:\\\/\\\/arr.pt\\\/#organization\"},\"itemOffered\":{\"@id\":\"https:\\\/\\\/arr.pt\\\/pt\\\/property\\\/moinho-de-vento-flats\\\/#property\"}},{\"@type\":\"RealEstateAgent\",\"@id\":\"https:\\\/\\\/arr.pt\\\/#organization\",\"name\":\"ARR\",\"description\":\"Ag\\u00eancia de media\\u00e7\\u00e3o imobili\\u00e1ria e intermedi\\u00e1rio de cr\\u00e9dito em Portugal.\",\"url\":\"https:\\\/\\\/arr.pt\\\/\",\"email\":\"ola@arr.pt\",\"telephone\":\"+351911755010\",\"logo\":{\"@type\":\"ImageObject\",\"@id\":\"https:\\\/\\\/arr.pt\\\/#logo\",\"url\":\"https:\\\/\\\/arr.pt\\\/wp-content\\\/uploads\\\/2022\\\/01\\\/logo.svg\",\"width\":432,\"height\":140},\"image\":{\"@id\":\"https:\\\/\\\/arr.pt\\\/#logo\"},\"sameAs\":[\"https:\\\/\\\/www.facebook.com\\\/arr.portugal\",\"https:\\\/\\\/twitter.com\\\/arrpt2\",\"https:\\\/\\\/www.instagram.com\\\/arr.portugal\\\/\"],\"legalName\":\"Segredos Pr\\u00f3speros, Unipessoal Lda\",\"taxID\":\"517557851\",\"currenciesAccepted\":\"EUR\",\"knowsLanguage\":[\"pt-PT\",\"en-GB\",\"ru-RU\"],\"areaServed\":{\"@type\":\"Country\",\"name\":\"Portugal\"},\"address\":{\"@type\":\"PostalAddress\",\"streetAddress\":\"Rua Eduardo Coelho, 66, 1.\\u00ba F\",\"postalCode\":\"1200-164\",\"addressLocality\":\"Lisboa\",\"addressCountry\":\"PT\"},\"contactPoint\":{\"@type\":\"ContactPoint\",\"telephone\":\"+351911755010\",\"email\":\"ola@arr.pt\",\"contactType\":\"customer service\",\"availableLanguage\":[\"Portuguese\",\"English\",\"Russian\"]},\"identifier\":{\"@type\":\"PropertyValue\",\"propertyID\":\"AMI\",\"value\":\"22515\"}},{\"@type\":\"RealEstateListing\",\"@id\":\"https:\\\/\\\/arr.pt\\\/pt\\\/property\\\/moinho-de-vento-flats\\\/#webpage\",\"url\":\"https:\\\/\\\/arr.pt\\\/pt\\\/property\\\/moinho-de-vento-flats\\\/\",\"name\":\"Moinho de Vento Flats - \\u041d\\u0435\\u0434\\u0432\\u0438\\u0436\\u0438\\u043c\\u043e\\u0441\\u0442\\u044c \\u0432 \\u041f\\u043e\\u0440\\u0442\\u0443\\u0433\\u0430\\u043b\\u0438\\u0438\",\"description\":\"\\u0416\\u0438\\u043b\\u043e\\u0439 \\u043a\\u043e\\u043c\\u043f\\u043b\\u0435\\u043a\\u0441 Moinho de Vento Flats \\u0440\\u0430\\u0441\\u043f\\u043e\\u043b\\u043e\\u0436\\u0435\\u043d \\u0432 Le\\u00e7a da Palmeira, Matosinhos. \\u0414\\u043e\\u0441\\u0442\\u0443\\u043f\\u043d\\u044b \\u0442\\u0438\\u043f\\u043e\\u043b\\u043e\\u0433\\u0438\\u0438 T0. \\u0426\\u0435\\u043d\\u044b \\u043d\\u0430\\u0447\\u0438\\u043d\\u0430\\u044e\\u0442\\u0441\\u044f \\u043e\\u0442 \\u20ac240.000.\",\"inLanguage\":\"pt-PT\",\"isPartOf\":{\"@id\":\"https:\\\/\\\/arr.pt\\\/pt\\\/#website\"},\"breadcrumb\":{\"@id\":\"https:\\\/\\\/arr.pt\\\/pt\\\/property\\\/moinho-de-vento-flats\\\/#breadcrumblist\"},\"author\":{\"@id\":\"https:\\\/\\\/arr.pt\\\/#organization\"},\"creator\":{\"@id\":\"https:\\\/\\\/arr.pt\\\/#organization\"},\"image\":{\"@type\":\"ImageObject\",\"url\":\"https:\\\/\\\/arr.pt\\\/wp-content\\\/uploads\\\/2026\\\/09\\\/sava-moinho-de-vento-flats-gallery-e454025393ea.jpg\",\"@id\":\"https:\\\/\\\/arr.pt\\\/pt\\\/property\\\/moinho-de-vento-flats\\\/#mainImage\",\"width\":2048,\"height\":1536},\"primaryImageOfPage\":{\"@id\":\"https:\\\/\\\/arr.pt\\\/pt\\\/property\\\/moinho-de-vento-flats\\\/#mainImage\"},\"datePublished\":\"2026-09-03T13:15:31+00:00\",\"dateModified\":\"2026-09-03T13:15:31+00:00\",\"datePosted\":\"2026-09-03T13:15:31+00:00\",\"mainEntity\":{\"@id\":\"https:\\\/\\\/arr.pt\\\/pt\\\/property\\\/moinho-de-vento-flats\\\/#property\"},\"about\":{\"@id\":\"https:\\\/\\\/arr.pt\\\/pt\\\/property\\\/moinho-de-vento-flats\\\/#property\"},\"offers\":{\"@id\":\"https:\\\/\\\/arr.pt\\\/pt\\\/property\\\/moinho-de-vento-flats\\\/#offer\"},\"publisher\":{\"@id\":\"https:\\\/\\\/arr.pt\\\/#organization\"},\"provider\":{\"@id\":\"https:\\\/\\\/arr.pt\\\/#organization\"}},{\"@type\":\"WebSite\",\"@id\":\"https:\\\/\\\/arr.pt\\\/pt\\\/#website\",\"url\":\"https:\\\/\\\/arr.pt\\\/pt\\\/\",\"name\":\"\\u041d\\u0435\\u0434\\u0432\\u0438\\u0436\\u0438\\u043c\\u043e\\u0441\\u0442\\u044c \\u0432 \\u041f\\u043e\\u0440\\u0442\\u0443\\u0433\\u0430\\u043b\\u0438\\u0438\",\"inLanguage\":\"pt-PT\",\"publisher\":{\"@id\":\"https:\\\/\\\/arr.pt\\\/#organization\"}}]}\n\t\t<\/script>\n\t\t<!-- All in One SEO -->\n\n","aioseo_head_json":{"title":"Moinho de Vento Flats - Imobili\u00e1rio em Portugal","description":"\u0416\u0438\u043b\u043e\u0439 \u043a\u043e\u043c\u043f\u043b\u0435\u043a\u0441 Moinho de Vento Flats \u0440\u0430\u0441\u043f\u043e\u043b\u043e\u0436\u0435\u043d \u0432 Le\u00e7a da Palmeira, Matosinhos. \u0414\u043e\u0441\u0442\u0443\u043f\u043d\u044b \u0442\u0438\u043f\u043e\u043b\u043e\u0433\u0438\u0438 T0. \u0426\u0435\u043d\u044b \u043d\u0430\u0447\u0438\u043d\u0430\u044e\u0442\u0441\u044f \u043e\u0442 \u20ac240.000.","canonical_url":"https:\/\/arr.pt\/pt\/property\/moinho-de-vento-flats\/","robots":"max-image-preview:large","keywords":"","webmasterTools":{"miscellaneous":""},"schema":{"@context":"https:\/\/schema.org","@graph":[{"@type":"ApartmentComplex","@id":"https:\/\/arr.pt\/pt\/property\/moinho-de-vento-flats\/#property","name":"Moinho de Vento Flats","url":"https:\/\/arr.pt\/pt\/property\/moinho-de-vento-flats\/","mainEntityOfPage":{"@id":"https:\/\/arr.pt\/pt\/property\/moinho-de-vento-flats\/#webpage"},"description":"\u0416\u0438\u043b\u043e\u0439 \u043a\u043e\u043c\u043f\u043b\u0435\u043a\u0441 Moinho de Vento Flats \u0440\u0430\u0441\u043f\u043e\u043b\u043e\u0436\u0435\u043d \u0432 Le\u00e7a da Palmeira, Matosinhos. \u0414\u043e\u0441\u0442\u0443\u043f\u043d\u044b \u0442\u0438\u043f\u043e\u043b\u043e\u0433\u0438\u0438 T0. \u0426\u0435\u043d\u044b \u043d\u0430\u0447\u0438\u043d\u0430\u044e\u0442\u0441\u044f \u043e\u0442 \u20ac240.000.","image":"https:\/\/arr.pt\/wp-content\/uploads\/2026\/09\/sava-moinho-de-vento-flats-gallery-e454025393ea.jpg","address":{"@type":"PostalAddress","addressCountry":"PT","addressLocality":"Matosinhos"}},{"@type":"BreadcrumbList","@id":"https:\/\/arr.pt\/pt\/property\/moinho-de-vento-flats\/#breadcrumblist","itemListElement":[{"@type":"ListItem","@id":"https:\/\/arr.pt\/pt#listItem","position":1,"name":"\u0413\u043b\u0430\u0432\u043d\u0430\u044f","item":"https:\/\/arr.pt\/pt","nextItem":{"@type":"ListItem","@id":"https:\/\/arr.pt\/pt\/property\/#listItem","name":"Propriedades"}},{"@type":"ListItem","@id":"https:\/\/arr.pt\/pt\/property\/#listItem","position":2,"name":"Propriedades","item":"https:\/\/arr.pt\/pt\/property\/","nextItem":{"@type":"ListItem","@id":"https:\/\/arr.pt\/pt\/property_type\/new\/#listItem","name":"\u041d\u043e\u0432\u043e\u0441\u0442\u0440\u043e\u0439\u043a\u0430"},"previousItem":{"@type":"ListItem","@id":"https:\/\/arr.pt\/pt#listItem","name":"\u0413\u043b\u0430\u0432\u043d\u0430\u044f"}},{"@type":"ListItem","@id":"https:\/\/arr.pt\/pt\/property_type\/new\/#listItem","position":3,"name":"\u041d\u043e\u0432\u043e\u0441\u0442\u0440\u043e\u0439\u043a\u0430","item":"https:\/\/arr.pt\/pt\/property_type\/new\/","nextItem":{"@type":"ListItem","@id":"https:\/\/arr.pt\/pt\/property\/moinho-de-vento-flats\/#listItem","name":"Moinho de Vento Flats"},"previousItem":{"@type":"ListItem","@id":"https:\/\/arr.pt\/pt\/property\/#listItem","name":"Propriedades"}},{"@type":"ListItem","@id":"https:\/\/arr.pt\/pt\/property\/moinho-de-vento-flats\/#listItem","position":4,"name":"Moinho de Vento Flats","previousItem":{"@type":"ListItem","@id":"https:\/\/arr.pt\/pt\/property_type\/new\/#listItem","name":"\u041d\u043e\u0432\u043e\u0441\u0442\u0440\u043e\u0439\u043a\u0430"}}]},{"@type":"Offer","@id":"https:\/\/arr.pt\/pt\/property\/moinho-de-vento-flats\/#offer","url":"https:\/\/arr.pt\/pt\/property\/moinho-de-vento-flats\/","priceCurrency":"EUR","businessFunction":"https:\/\/purl.org\/goodrelations\/v1#Sell","seller":{"@id":"https:\/\/arr.pt\/#organization"},"offeredBy":{"@id":"https:\/\/arr.pt\/#organization"},"itemOffered":{"@id":"https:\/\/arr.pt\/pt\/property\/moinho-de-vento-flats\/#property"}},{"@type":"RealEstateAgent","@id":"https:\/\/arr.pt\/#organization","name":"ARR","description":"Ag\u00eancia de media\u00e7\u00e3o imobili\u00e1ria e intermedi\u00e1rio de cr\u00e9dito em Portugal.","url":"https:\/\/arr.pt\/","email":"ola@arr.pt","telephone":"+351911755010","logo":{"@type":"ImageObject","@id":"https:\/\/arr.pt\/#logo","url":"https:\/\/arr.pt\/wp-content\/uploads\/2022\/01\/logo.svg","width":432,"height":140},"image":{"@id":"https:\/\/arr.pt\/#logo"},"sameAs":["https:\/\/www.facebook.com\/arr.portugal","https:\/\/twitter.com\/arrpt2","https:\/\/www.instagram.com\/arr.portugal\/"],"legalName":"Segredos Pr\u00f3speros, Unipessoal Lda","taxID":"517557851","currenciesAccepted":"EUR","knowsLanguage":["pt-PT","en-GB","ru-RU"],"areaServed":{"@type":"Country","name":"Portugal"},"address":{"@type":"PostalAddress","streetAddress":"Rua Eduardo Coelho, 66, 1.\u00ba F","postalCode":"1200-164","addressLocality":"Lisboa","addressCountry":"PT"},"contactPoint":{"@type":"ContactPoint","telephone":"+351911755010","email":"ola@arr.pt","contactType":"customer service","availableLanguage":["Portuguese","English","Russian"]},"identifier":{"@type":"PropertyValue","propertyID":"AMI","value":"22515"}},{"@type":"RealEstateListing","@id":"https:\/\/arr.pt\/pt\/property\/moinho-de-vento-flats\/#webpage","url":"https:\/\/arr.pt\/pt\/property\/moinho-de-vento-flats\/","name":"Moinho de Vento Flats - \u041d\u0435\u0434\u0432\u0438\u0436\u0438\u043c\u043e\u0441\u0442\u044c \u0432 \u041f\u043e\u0440\u0442\u0443\u0433\u0430\u043b\u0438\u0438","description":"\u0416\u0438\u043b\u043e\u0439 \u043a\u043e\u043c\u043f\u043b\u0435\u043a\u0441 Moinho de Vento Flats \u0440\u0430\u0441\u043f\u043e\u043b\u043e\u0436\u0435\u043d \u0432 Le\u00e7a da Palmeira, Matosinhos. \u0414\u043e\u0441\u0442\u0443\u043f\u043d\u044b \u0442\u0438\u043f\u043e\u043b\u043e\u0433\u0438\u0438 T0. \u0426\u0435\u043d\u044b \u043d\u0430\u0447\u0438\u043d\u0430\u044e\u0442\u0441\u044f \u043e\u0442 \u20ac240.000.","inLanguage":"pt-PT","isPartOf":{"@id":"https:\/\/arr.pt\/pt\/#website"},"breadcrumb":{"@id":"https:\/\/arr.pt\/pt\/property\/moinho-de-vento-flats\/#breadcrumblist"},"author":{"@id":"https:\/\/arr.pt\/#organization"},"creator":{"@id":"https:\/\/arr.pt\/#organization"},"image":{"@type":"ImageObject","url":"https:\/\/arr.pt\/wp-content\/uploads\/2026\/09\/sava-moinho-de-vento-flats-gallery-e454025393ea.jpg","@id":"https:\/\/arr.pt\/pt\/property\/moinho-de-vento-flats\/#mainImage","width":2048,"height":1536},"primaryImageOfPage":{"@id":"https:\/\/arr.pt\/pt\/property\/moinho-de-vento-flats\/#mainImage"},"datePublished":"2026-09-03T13:15:31+00:00","dateModified":"2026-09-03T13:15:31+00:00","datePosted":"2026-09-03T13:15:31+00:00","mainEntity":{"@id":"https:\/\/arr.pt\/pt\/property\/moinho-de-vento-flats\/#property"},"about":{"@id":"https:\/\/arr.pt\/pt\/property\/moinho-de-vento-flats\/#property"},"offers":{"@id":"https:\/\/arr.pt\/pt\/property\/moinho-de-vento-flats\/#offer"},"publisher":{"@id":"https:\/\/arr.pt\/#organization"},"provider":{"@id":"https:\/\/arr.pt\/#organization"}},{"@type":"WebSite","@id":"https:\/\/arr.pt\/pt\/#website","url":"https:\/\/arr.pt\/pt\/","name":"\u041d\u0435\u0434\u0432\u0438\u0436\u0438\u043c\u043e\u0441\u0442\u044c \u0432 \u041f\u043e\u0440\u0442\u0443\u0433\u0430\u043b\u0438\u0438","inLanguage":"pt-PT","publisher":{"@id":"https:\/\/arr.pt\/#organization"}}]},"og:locale":"pt_PT","og:site_name":"\u041d\u0435\u0434\u0432\u0438\u0436\u0438\u043c\u043e\u0441\u0442\u044c \u0432 \u041f\u043e\u0440\u0442\u0443\u0433\u0430\u043b\u0438\u0438 -","og:type":"article","og:title":"Moinho de Vento Flats - \u041d\u0435\u0434\u0432\u0438\u0436\u0438\u043c\u043e\u0441\u0442\u044c \u0432 \u041f\u043e\u0440\u0442\u0443\u0433\u0430\u043b\u0438\u0438","og:description":"\u0416\u0438\u043b\u043e\u0439 \u043a\u043e\u043c\u043f\u043b\u0435\u043a\u0441 Moinho de Vento Flats \u0440\u0430\u0441\u043f\u043e\u043b\u043e\u0436\u0435\u043d \u0432 Le\u00e7a da Palmeira, Matosinhos. \u0414\u043e\u0441\u0442\u0443\u043f\u043d\u044b \u0442\u0438\u043f\u043e\u043b\u043e\u0433\u0438\u0438 T0. \u0426\u0435\u043d\u044b \u043d\u0430\u0447\u0438\u043d\u0430\u044e\u0442\u0441\u044f \u043e\u0442 \u20ac240.000.","og:url":"https:\/\/arr.pt\/pt\/property\/moinho-de-vento-flats\/","og:image":"https:\/\/arr.pt\/wp-content\/uploads\/2022\/01\/logo.svg","og:image:secure_url":"https:\/\/arr.pt\/wp-content\/uploads\/2022\/01\/logo.svg","og:image:width":432,"og:image:height":140,"article:published_time":"2026-09-03T13:15:31+00:00","article:modified_time":"2026-09-03T13:15:31+00:00","article:publisher":"https:\/\/www.facebook.com\/arr.portugal","twitter:card":"summary","twitter:site":"@arrpt2","twitter:title":"Moinho de Vento Flats - \u041d\u0435\u0434\u0432\u0438\u0436\u0438\u043c\u043e\u0441\u0442\u044c \u0432 \u041f\u043e\u0440\u0442\u0443\u0433\u0430\u043b\u0438\u0438","twitter:description":"\u0416\u0438\u043b\u043e\u0439 \u043a\u043e\u043c\u043f\u043b\u0435\u043a\u0441 Moinho de Vento Flats \u0440\u0430\u0441\u043f\u043e\u043b\u043e\u0436\u0435\u043d \u0432 Le\u00e7a da Palmeira, Matosinhos. \u0414\u043e\u0441\u0442\u0443\u043f\u043d\u044b \u0442\u0438\u043f\u043e\u043b\u043e\u0433\u0438\u0438 T0. \u0426\u0435\u043d\u044b \u043d\u0430\u0447\u0438\u043d\u0430\u044e\u0442\u0441\u044f \u043e\u0442 \u20ac240.000.","twitter:creator":"@arrpt2","twitter:image":"https:\/\/arr.pt\/wp-content\/uploads\/2022\/01\/logo.svg"},"aioseo_meta_data":[],"aioseo_breadcrumb":"<div class=\"aioseo-breadcrumbs\"><span class=\"aioseo-breadcrumb\">\n\t\t\t<a href=\"https:\/\/arr.pt\/pt\" title=\"\u0413\u043b\u0430\u0432\u043d\u0430\u044f\">\u0413\u043b\u0430\u0432\u043d\u0430\u044f<\/a>\n\t\t<\/span><span class=\"aioseo-breadcrumb-separator\">&raquo;<\/span><span class=\"aioseo-breadcrumb\">\n\t\t\t<a href=\"https:\/\/arr.pt\/pt\/property\/\" title=\"Propriedades\">Propriedades<\/a>\n\t\t<\/span><span class=\"aioseo-breadcrumb-separator\">&raquo;<\/span><span class=\"aioseo-breadcrumb\">\n\t\t\t<a href=\"https:\/\/arr.pt\/pt\/property_type\/new\/\" title=\"\u041d\u043e\u0432\u043e\u0441\u0442\u0440\u043e\u0439\u043a\u0430\">\u041d\u043e\u0432\u043e\u0441\u0442\u0440\u043e\u0439\u043a\u0430<\/a>\n\t\t<\/span><span class=\"aioseo-breadcrumb-separator\">&raquo;<\/span><span class=\"aioseo-breadcrumb\">\n\t\t\tMoinho de Vento Flats\n\t\t<\/span><\/div>","aioseo_breadcrumb_json":[{"label":"\u0413\u043b\u0430\u0432\u043d\u0430\u044f","link":"https:\/\/arr.pt\/pt"},{"label":"Propriedades","link":"https:\/\/arr.pt\/pt\/property\/"},{"label":"\u041d\u043e\u0432\u043e\u0441\u0442\u0440\u043e\u0439\u043a\u0430","link":"https:\/\/arr.pt\/pt\/property_type\/new\/"},{"label":"Moinho de Vento Flats","link":"https:\/\/arr.pt\/pt\/property\/moinho-de-vento-flats\/"}],"property_meta":{"fave_agent_display_option":["agency_info"],"fave_property_agency":["18866"],"fave_featured":["0"],"houzez_featured_listing_date":[""],"fave_property_map_address":["Le\u00e7a da Palmeira, Matosinhos"],"fave_property_address":["Le\u00e7a da Palmeira"],"fave_property_location":["41.18892000,-8.70219000"],"houzez_geolocation_lat":["41.18892000"],"houzez_geolocation_long":["-8.70219000"],"fave_property_year":["2027"],"_thumbnail_id":["38197"],"fave_property_images":["a:24:{i:0;i:38197;i:1;i:38198;i:2;i:38198;i:3;i:38199;i:4;i:38199;i:5;i:38200;i:6;i:38200;i:7;i:38201;i:8;i:38201;i:9;i:38202;i:10;i:38202;i:11;i:38203;i:12;i:38203;i:13;i:38204;i:14;i:38204;i:15;i:38205;i:16;i:38205;i:17;i:38206;i:18;i:38206;i:19;i:38207;i:20;i:38207;i:21;i:38208;i:22;i:38208;i:23;i:38209;}"],"_sava_arr_static_imported":["1"],"_sava_arr_project_id":["330"],"_sava_arr_managed":["1"],"fave_property_price":["T0 \u043e\u0442 \u20ac240.000"],"floor_plans":["a:2:{i:0;a:8:{s:15:\"fave_plan_title\";s:4:\"T0 C\";s:15:\"fave_plan_rooms\";s:1:\"0\";s:19:\"fave_plan_bathrooms\";s:3:\"1.0\";s:15:\"fave_plan_price\";s:9:\"240000.00\";s:23:\"fave_plan_price_postfix\";s:0:\"\";s:14:\"fave_plan_size\";s:9:\"32.00 m\u00b2\";s:15:\"fave_plan_image\";s:90:\"https:\/\/arr.pt\/wp-content\/uploads\/2026\/09\/sava-moinho-de-vento-flats-plan-d7bf83180879.pdf\";s:21:\"fave_plan_description\";s:0:\"\";}i:1;a:8:{s:15:\"fave_plan_title\";s:4:\"T0 H\";s:15:\"fave_plan_rooms\";s:1:\"0\";s:19:\"fave_plan_bathrooms\";s:3:\"1.0\";s:15:\"fave_plan_price\";s:9:\"490000.00\";s:23:\"fave_plan_price_postfix\";s:0:\"\";s:14:\"fave_plan_size\";s:9:\"90.00 m\u00b2\";s:15:\"fave_plan_image\";s:90:\"https:\/\/arr.pt\/wp-content\/uploads\/2026\/09\/sava-moinho-de-vento-flats-plan-a62091b5410c.pdf\";s:21:\"fave_plan_description\";s:0:\"\";}}"],"_sava_arr_last_availability_sync":["2026-09-03T13:15:38+00:00"],"_eael_post_view_count":["6"],"houzez_total_property_views":["6"],"houzez_views_by_date":["a:1:{s:10:\"09-03-2026\";i:6;}"],"houzez_recently_viewed":["2026-09-03 15:41:10"]},"_links":{"self":[{"href":"https:\/\/arr.pt\/pt\/wp-json\/wp\/v2\/properties\/38196","targetHints":{"allow":["GET"]}}],"collection":[{"href":"https:\/\/arr.pt\/pt\/wp-json\/wp\/v2\/properties"}],"about":[{"href":"https:\/\/arr.pt\/pt\/wp-json\/wp\/v2\/types\/property"}],"author":[{"embeddable":true,"href":"https:\/\/arr.pt\/pt\/wp-json\/wp\/v2\/users\/1"}],"version-history":[{"count":0,"href":"https:\/\/arr.pt\/pt\/wp-json\/wp\/v2\/properties\/38196\/revisions"}],"wp:featuredmedia":[{"embeddable":true,"href":"https:\/\/arr.pt\/pt\/wp-json\/wp\/v2\/media\/38197"}],"wp:attachment":[{"href":"https:\/\/arr.pt\/pt\/wp-json\/wp\/v2\/media?parent=38196"}],"wp:term":[{"taxonomy":"property_type","embeddable":true,"href":"https:\/\/arr.pt\/pt\/wp-json\/wp\/v2\/property_type?post=38196"},{"taxonomy":"property_status","embeddable":true,"href":"https:\/\/arr.pt\/pt\/wp-json\/wp\/v2\/property_status?post=38196"},{"taxonomy":"property_feature","embeddable":true,"href":"https:\/\/arr.pt\/pt\/wp-json\/wp\/v2\/property_feature?post=38196"},{"taxonomy":"property_label","embeddable":true,"href":"https:\/\/arr.pt\/pt\/wp-json\/wp\/v2\/property_label?post=38196"},{"taxonomy":"property_city","embeddable":true,"href":"https:\/\/arr.pt\/pt\/wp-json\/wp\/v2\/property_city?post=38196"}],"curies":[{"name":"wp","href":"https:\/\/api.w.org\/{rel}","templated":true}]}}