{"id":37991,"date":"2026-09-03T13:07:37","date_gmt":"2026-09-03T13:07:37","guid":{"rendered":"https:\/\/arr.pt\/property\/madalena-vila-mar\/"},"modified":"2026-09-03T13:07:37","modified_gmt":"2026-09-03T13:07:37","slug":"madalena-vila-mar","status":"publish","type":"property","link":"https:\/\/arr.pt\/pt\/property\/madalena-vila-mar\/","title":{"rendered":"Madalena Vila Mar"},"content":{"rendered":"<p>\u0416\u0438\u043b\u043e\u0439 \u043a\u043e\u043c\u043f\u043b\u0435\u043a\u0441 Madalena Vila Mar \u0440\u0430\u0441\u043f\u043e\u043b\u043e\u0436\u0435\u043d \u0432 Madalena, Vila Nova de Gaia. \u0414\u043e\u0441\u0442\u0443\u043f\u043d\u044b \u0442\u0438\u043f\u043e\u043b\u043e\u0433\u0438\u0438 T4. \u0426\u0435\u043d\u044b \u043d\u0430\u0447\u0438\u043d\u0430\u044e\u0442\u0441\u044f \u043e\u0442 \u20ac1.100.000.<\/p>","protected":false},"excerpt":{"rendered":"<p>\u0416\u0438\u043b\u043e\u0439 \u043a\u043e\u043c\u043f\u043b\u0435\u043a\u0441 Madalena Vila Mar \u0440\u0430\u0441\u043f\u043e\u043b\u043e\u0436\u0435\u043d \u0432 Madalena, Vila Nova de Gaia. \u0414\u043e\u0441\u0442\u0443\u043f\u043d\u044b \u0442\u0438\u043f\u043e\u043b\u043e\u0433\u0438\u0438 T4. \u0426\u0435\u043d\u044b \u043d\u0430\u0447\u0438\u043d\u0430\u044e\u0442\u0441\u044f \u043e\u0442 \u20ac1.100.000.<\/p>","protected":false},"author":1,"featured_media":37992,"parent":0,"menu_order":0,"template":"","property_type":[209],"property_status":[232],"property_feature":[],"property_label":[],"property_city":[142],"class_list":["post-37991","property","type-property","status-publish","has-post-thumbnail","hentry","property_type-new","property_status-sale","property_city-vila-nova-de-gaia"],"aioseo_notices":[],"aioseo_head":"\n\t\t<!-- All in One SEO 5.0.1.1 - aioseo.com -->\n\t<meta name=\"description\" content=\"\u0416\u0438\u043b\u043e\u0439 \u043a\u043e\u043c\u043f\u043b\u0435\u043a\u0441 Madalena Vila Mar \u0440\u0430\u0441\u043f\u043e\u043b\u043e\u0436\u0435\u043d \u0432 Madalena, Vila Nova de Gaia. \u0414\u043e\u0441\u0442\u0443\u043f\u043d\u044b \u0442\u0438\u043f\u043e\u043b\u043e\u0433\u0438\u0438 T4. \u0426\u0435\u043d\u044b \u043d\u0430\u0447\u0438\u043d\u0430\u044e\u0442\u0441\u044f \u043e\u0442 \u20ac1.100.000.\" \/>\n\t<meta name=\"robots\" content=\"max-image-preview:large\" \/>\n\t<meta name=\"author\" content=\"arr\"\/>\n\t<link rel=\"canonical\" href=\"https:\/\/arr.pt\/pt\/property\/madalena-vila-mar\/\" \/>\n\t<meta name=\"generator\" content=\"All in One SEO (AIOSEO) 5.0.1.1\" \/>\n\t\t<meta property=\"og:locale\" content=\"pt_PT\" \/>\n\t\t<meta property=\"og:site_name\" content=\"\u041d\u0435\u0434\u0432\u0438\u0436\u0438\u043c\u043e\u0441\u0442\u044c \u0432 \u041f\u043e\u0440\u0442\u0443\u0433\u0430\u043b\u0438\u0438 -\" \/>\n\t\t<meta property=\"og:type\" content=\"article\" \/>\n\t\t<meta property=\"og:title\" content=\"Madalena Vila Mar - \u041d\u0435\u0434\u0432\u0438\u0436\u0438\u043c\u043e\u0441\u0442\u044c \u0432 \u041f\u043e\u0440\u0442\u0443\u0433\u0430\u043b\u0438\u0438\" \/>\n\t\t<meta property=\"og:description\" content=\"\u0416\u0438\u043b\u043e\u0439 \u043a\u043e\u043c\u043f\u043b\u0435\u043a\u0441 Madalena Vila Mar \u0440\u0430\u0441\u043f\u043e\u043b\u043e\u0436\u0435\u043d \u0432 Madalena, Vila Nova de Gaia. \u0414\u043e\u0441\u0442\u0443\u043f\u043d\u044b \u0442\u0438\u043f\u043e\u043b\u043e\u0433\u0438\u0438 T4. \u0426\u0435\u043d\u044b \u043d\u0430\u0447\u0438\u043d\u0430\u044e\u0442\u0441\u044f \u043e\u0442 \u20ac1.100.000.\" \/>\n\t\t<meta property=\"og:url\" content=\"https:\/\/arr.pt\/pt\/property\/madalena-vila-mar\/\" \/>\n\t\t<meta property=\"og:image\" content=\"https:\/\/arr.pt\/wp-content\/uploads\/2022\/01\/logo.svg\" \/>\n\t\t<meta property=\"og:image:secure_url\" content=\"https:\/\/arr.pt\/wp-content\/uploads\/2022\/01\/logo.svg\" \/>\n\t\t<meta property=\"og:image:width\" content=\"432\" \/>\n\t\t<meta property=\"og:image:height\" content=\"140\" \/>\n\t\t<meta property=\"article:published_time\" content=\"2026-09-03T13:07:37+00:00\" \/>\n\t\t<meta property=\"article:modified_time\" content=\"2026-09-03T13:07:37+00:00\" \/>\n\t\t<meta property=\"article:publisher\" content=\"https:\/\/www.facebook.com\/arr.portugal\" \/>\n\t\t<meta name=\"twitter:card\" content=\"summary\" \/>\n\t\t<meta name=\"twitter:site\" content=\"@arrpt2\" \/>\n\t\t<meta name=\"twitter:title\" content=\"Madalena Vila Mar - \u041d\u0435\u0434\u0432\u0438\u0436\u0438\u043c\u043e\u0441\u0442\u044c \u0432 \u041f\u043e\u0440\u0442\u0443\u0433\u0430\u043b\u0438\u0438\" \/>\n\t\t<meta name=\"twitter:description\" content=\"\u0416\u0438\u043b\u043e\u0439 \u043a\u043e\u043c\u043f\u043b\u0435\u043a\u0441 Madalena Vila Mar \u0440\u0430\u0441\u043f\u043e\u043b\u043e\u0436\u0435\u043d \u0432 Madalena, Vila Nova de Gaia. \u0414\u043e\u0441\u0442\u0443\u043f\u043d\u044b \u0442\u0438\u043f\u043e\u043b\u043e\u0433\u0438\u0438 T4. \u0426\u0435\u043d\u044b \u043d\u0430\u0447\u0438\u043d\u0430\u044e\u0442\u0441\u044f \u043e\u0442 \u20ac1.100.000.\" \/>\n\t\t<meta name=\"twitter:creator\" content=\"@arrpt2\" \/>\n\t\t<meta name=\"twitter:image\" content=\"https:\/\/arr.pt\/wp-content\/uploads\/2022\/01\/logo.svg\" \/>\n\t\t<script type=\"application\/ld+json\" class=\"aioseo-schema\">\n\t\t\t{\"@context\":\"https:\\\/\\\/schema.org\",\"@graph\":[{\"@type\":\"ApartmentComplex\",\"@id\":\"https:\\\/\\\/arr.pt\\\/pt\\\/property\\\/madalena-vila-mar\\\/#property\",\"name\":\"Madalena Vila Mar\",\"url\":\"https:\\\/\\\/arr.pt\\\/pt\\\/property\\\/madalena-vila-mar\\\/\",\"mainEntityOfPage\":{\"@id\":\"https:\\\/\\\/arr.pt\\\/pt\\\/property\\\/madalena-vila-mar\\\/#webpage\"},\"description\":\"\\u0416\\u0438\\u043b\\u043e\\u0439 \\u043a\\u043e\\u043c\\u043f\\u043b\\u0435\\u043a\\u0441 Madalena Vila Mar \\u0440\\u0430\\u0441\\u043f\\u043e\\u043b\\u043e\\u0436\\u0435\\u043d \\u0432 Madalena, Vila Nova de Gaia. \\u0414\\u043e\\u0441\\u0442\\u0443\\u043f\\u043d\\u044b \\u0442\\u0438\\u043f\\u043e\\u043b\\u043e\\u0433\\u0438\\u0438 T4. \\u0426\\u0435\\u043d\\u044b \\u043d\\u0430\\u0447\\u0438\\u043d\\u0430\\u044e\\u0442\\u0441\\u044f \\u043e\\u0442 \\u20ac1.100.000.\",\"image\":\"https:\\\/\\\/arr.pt\\\/wp-content\\\/uploads\\\/2026\\\/09\\\/sava-madalena-vila-mar-gallery-1babe660c7bb.jpg\",\"address\":{\"@type\":\"PostalAddress\",\"addressCountry\":\"PT\",\"addressLocality\":\"Vila Nova de Gaia\"}},{\"@type\":\"BreadcrumbList\",\"@id\":\"https:\\\/\\\/arr.pt\\\/pt\\\/property\\\/madalena-vila-mar\\\/#breadcrumblist\",\"itemListElement\":[{\"@type\":\"ListItem\",\"@id\":\"https:\\\/\\\/arr.pt\\\/pt#listItem\",\"position\":1,\"name\":\"\\u0413\\u043b\\u0430\\u0432\\u043d\\u0430\\u044f\",\"item\":\"https:\\\/\\\/arr.pt\\\/pt\",\"nextItem\":{\"@type\":\"ListItem\",\"@id\":\"https:\\\/\\\/arr.pt\\\/pt\\\/property\\\/#listItem\",\"name\":\"Propriedades\"}},{\"@type\":\"ListItem\",\"@id\":\"https:\\\/\\\/arr.pt\\\/pt\\\/property\\\/#listItem\",\"position\":2,\"name\":\"Propriedades\",\"item\":\"https:\\\/\\\/arr.pt\\\/pt\\\/property\\\/\",\"nextItem\":{\"@type\":\"ListItem\",\"@id\":\"https:\\\/\\\/arr.pt\\\/pt\\\/property_type\\\/new\\\/#listItem\",\"name\":\"\\u041d\\u043e\\u0432\\u043e\\u0441\\u0442\\u0440\\u043e\\u0439\\u043a\\u0430\"},\"previousItem\":{\"@type\":\"ListItem\",\"@id\":\"https:\\\/\\\/arr.pt\\\/pt#listItem\",\"name\":\"\\u0413\\u043b\\u0430\\u0432\\u043d\\u0430\\u044f\"}},{\"@type\":\"ListItem\",\"@id\":\"https:\\\/\\\/arr.pt\\\/pt\\\/property_type\\\/new\\\/#listItem\",\"position\":3,\"name\":\"\\u041d\\u043e\\u0432\\u043e\\u0441\\u0442\\u0440\\u043e\\u0439\\u043a\\u0430\",\"item\":\"https:\\\/\\\/arr.pt\\\/pt\\\/property_type\\\/new\\\/\",\"nextItem\":{\"@type\":\"ListItem\",\"@id\":\"https:\\\/\\\/arr.pt\\\/pt\\\/property\\\/madalena-vila-mar\\\/#listItem\",\"name\":\"Madalena Vila Mar\"},\"previousItem\":{\"@type\":\"ListItem\",\"@id\":\"https:\\\/\\\/arr.pt\\\/pt\\\/property\\\/#listItem\",\"name\":\"Propriedades\"}},{\"@type\":\"ListItem\",\"@id\":\"https:\\\/\\\/arr.pt\\\/pt\\\/property\\\/madalena-vila-mar\\\/#listItem\",\"position\":4,\"name\":\"Madalena Vila Mar\",\"previousItem\":{\"@type\":\"ListItem\",\"@id\":\"https:\\\/\\\/arr.pt\\\/pt\\\/property_type\\\/new\\\/#listItem\",\"name\":\"\\u041d\\u043e\\u0432\\u043e\\u0441\\u0442\\u0440\\u043e\\u0439\\u043a\\u0430\"}}]},{\"@type\":\"Offer\",\"@id\":\"https:\\\/\\\/arr.pt\\\/pt\\\/property\\\/madalena-vila-mar\\\/#offer\",\"url\":\"https:\\\/\\\/arr.pt\\\/pt\\\/property\\\/madalena-vila-mar\\\/\",\"priceCurrency\":\"EUR\",\"businessFunction\":\"https:\\\/\\\/purl.org\\\/goodrelations\\\/v1#Sell\",\"seller\":{\"@id\":\"https:\\\/\\\/arr.pt\\\/#organization\"},\"offeredBy\":{\"@id\":\"https:\\\/\\\/arr.pt\\\/#organization\"},\"itemOffered\":{\"@id\":\"https:\\\/\\\/arr.pt\\\/pt\\\/property\\\/madalena-vila-mar\\\/#property\"}},{\"@type\":\"RealEstateAgent\",\"@id\":\"https:\\\/\\\/arr.pt\\\/#organization\",\"name\":\"ARR\",\"description\":\"Ag\\u00eancia de media\\u00e7\\u00e3o imobili\\u00e1ria e intermedi\\u00e1rio de cr\\u00e9dito em Portugal.\",\"url\":\"https:\\\/\\\/arr.pt\\\/\",\"email\":\"ola@arr.pt\",\"telephone\":\"+351911755010\",\"logo\":{\"@type\":\"ImageObject\",\"@id\":\"https:\\\/\\\/arr.pt\\\/#logo\",\"url\":\"https:\\\/\\\/arr.pt\\\/wp-content\\\/uploads\\\/2022\\\/01\\\/logo.svg\",\"width\":432,\"height\":140},\"image\":{\"@id\":\"https:\\\/\\\/arr.pt\\\/#logo\"},\"sameAs\":[\"https:\\\/\\\/www.facebook.com\\\/arr.portugal\",\"https:\\\/\\\/twitter.com\\\/arrpt2\",\"https:\\\/\\\/www.instagram.com\\\/arr.portugal\\\/\"],\"legalName\":\"Segredos Pr\\u00f3speros, Unipessoal Lda\",\"taxID\":\"517557851\",\"currenciesAccepted\":\"EUR\",\"knowsLanguage\":[\"pt-PT\",\"en-GB\",\"ru-RU\"],\"areaServed\":{\"@type\":\"Country\",\"name\":\"Portugal\"},\"address\":{\"@type\":\"PostalAddress\",\"streetAddress\":\"Rua Eduardo Coelho, 66, 1.\\u00ba F\",\"postalCode\":\"1200-164\",\"addressLocality\":\"Lisboa\",\"addressCountry\":\"PT\"},\"contactPoint\":{\"@type\":\"ContactPoint\",\"telephone\":\"+351911755010\",\"email\":\"ola@arr.pt\",\"contactType\":\"customer service\",\"availableLanguage\":[\"Portuguese\",\"English\",\"Russian\"]},\"identifier\":{\"@type\":\"PropertyValue\",\"propertyID\":\"AMI\",\"value\":\"22515\"}},{\"@type\":\"RealEstateListing\",\"@id\":\"https:\\\/\\\/arr.pt\\\/pt\\\/property\\\/madalena-vila-mar\\\/#webpage\",\"url\":\"https:\\\/\\\/arr.pt\\\/pt\\\/property\\\/madalena-vila-mar\\\/\",\"name\":\"Madalena Vila Mar - \\u041d\\u0435\\u0434\\u0432\\u0438\\u0436\\u0438\\u043c\\u043e\\u0441\\u0442\\u044c \\u0432 \\u041f\\u043e\\u0440\\u0442\\u0443\\u0433\\u0430\\u043b\\u0438\\u0438\",\"description\":\"\\u0416\\u0438\\u043b\\u043e\\u0439 \\u043a\\u043e\\u043c\\u043f\\u043b\\u0435\\u043a\\u0441 Madalena Vila Mar \\u0440\\u0430\\u0441\\u043f\\u043e\\u043b\\u043e\\u0436\\u0435\\u043d \\u0432 Madalena, Vila Nova de Gaia. \\u0414\\u043e\\u0441\\u0442\\u0443\\u043f\\u043d\\u044b \\u0442\\u0438\\u043f\\u043e\\u043b\\u043e\\u0433\\u0438\\u0438 T4. \\u0426\\u0435\\u043d\\u044b \\u043d\\u0430\\u0447\\u0438\\u043d\\u0430\\u044e\\u0442\\u0441\\u044f \\u043e\\u0442 \\u20ac1.100.000.\",\"inLanguage\":\"pt-PT\",\"isPartOf\":{\"@id\":\"https:\\\/\\\/arr.pt\\\/pt\\\/#website\"},\"breadcrumb\":{\"@id\":\"https:\\\/\\\/arr.pt\\\/pt\\\/property\\\/madalena-vila-mar\\\/#breadcrumblist\"},\"author\":{\"@id\":\"https:\\\/\\\/arr.pt\\\/#organization\"},\"creator\":{\"@id\":\"https:\\\/\\\/arr.pt\\\/#organization\"},\"image\":{\"@type\":\"ImageObject\",\"url\":\"https:\\\/\\\/arr.pt\\\/wp-content\\\/uploads\\\/2026\\\/09\\\/sava-madalena-vila-mar-gallery-1babe660c7bb.jpg\",\"@id\":\"https:\\\/\\\/arr.pt\\\/pt\\\/property\\\/madalena-vila-mar\\\/#mainImage\",\"width\":1600,\"height\":864},\"primaryImageOfPage\":{\"@id\":\"https:\\\/\\\/arr.pt\\\/pt\\\/property\\\/madalena-vila-mar\\\/#mainImage\"},\"datePublished\":\"2026-09-03T13:07:37+00:00\",\"dateModified\":\"2026-09-03T13:07:37+00:00\",\"datePosted\":\"2026-09-03T13:07:37+00:00\",\"mainEntity\":{\"@id\":\"https:\\\/\\\/arr.pt\\\/pt\\\/property\\\/madalena-vila-mar\\\/#property\"},\"about\":{\"@id\":\"https:\\\/\\\/arr.pt\\\/pt\\\/property\\\/madalena-vila-mar\\\/#property\"},\"offers\":{\"@id\":\"https:\\\/\\\/arr.pt\\\/pt\\\/property\\\/madalena-vila-mar\\\/#offer\"},\"publisher\":{\"@id\":\"https:\\\/\\\/arr.pt\\\/#organization\"},\"provider\":{\"@id\":\"https:\\\/\\\/arr.pt\\\/#organization\"}},{\"@type\":\"WebSite\",\"@id\":\"https:\\\/\\\/arr.pt\\\/pt\\\/#website\",\"url\":\"https:\\\/\\\/arr.pt\\\/pt\\\/\",\"name\":\"\\u041d\\u0435\\u0434\\u0432\\u0438\\u0436\\u0438\\u043c\\u043e\\u0441\\u0442\\u044c \\u0432 \\u041f\\u043e\\u0440\\u0442\\u0443\\u0433\\u0430\\u043b\\u0438\\u0438\",\"inLanguage\":\"pt-PT\",\"publisher\":{\"@id\":\"https:\\\/\\\/arr.pt\\\/#organization\"}}]}\n\t\t<\/script>\n\t\t<!-- All in One SEO -->\n\n","aioseo_head_json":{"title":"Madalena Vila Mar - Imobili\u00e1rio em Portugal","description":"\u0416\u0438\u043b\u043e\u0439 \u043a\u043e\u043c\u043f\u043b\u0435\u043a\u0441 Madalena Vila Mar \u0440\u0430\u0441\u043f\u043e\u043b\u043e\u0436\u0435\u043d \u0432 Madalena, Vila Nova de Gaia. \u0414\u043e\u0441\u0442\u0443\u043f\u043d\u044b \u0442\u0438\u043f\u043e\u043b\u043e\u0433\u0438\u0438 T4. \u0426\u0435\u043d\u044b \u043d\u0430\u0447\u0438\u043d\u0430\u044e\u0442\u0441\u044f \u043e\u0442 \u20ac1.100.000.","canonical_url":"https:\/\/arr.pt\/pt\/property\/madalena-vila-mar\/","robots":"max-image-preview:large","keywords":"","webmasterTools":{"miscellaneous":""},"schema":{"@context":"https:\/\/schema.org","@graph":[{"@type":"ApartmentComplex","@id":"https:\/\/arr.pt\/pt\/property\/madalena-vila-mar\/#property","name":"Madalena Vila Mar","url":"https:\/\/arr.pt\/pt\/property\/madalena-vila-mar\/","mainEntityOfPage":{"@id":"https:\/\/arr.pt\/pt\/property\/madalena-vila-mar\/#webpage"},"description":"\u0416\u0438\u043b\u043e\u0439 \u043a\u043e\u043c\u043f\u043b\u0435\u043a\u0441 Madalena Vila Mar \u0440\u0430\u0441\u043f\u043e\u043b\u043e\u0436\u0435\u043d \u0432 Madalena, Vila Nova de Gaia. \u0414\u043e\u0441\u0442\u0443\u043f\u043d\u044b \u0442\u0438\u043f\u043e\u043b\u043e\u0433\u0438\u0438 T4. \u0426\u0435\u043d\u044b \u043d\u0430\u0447\u0438\u043d\u0430\u044e\u0442\u0441\u044f \u043e\u0442 \u20ac1.100.000.","image":"https:\/\/arr.pt\/wp-content\/uploads\/2026\/09\/sava-madalena-vila-mar-gallery-1babe660c7bb.jpg","address":{"@type":"PostalAddress","addressCountry":"PT","addressLocality":"Vila Nova de Gaia"}},{"@type":"BreadcrumbList","@id":"https:\/\/arr.pt\/pt\/property\/madalena-vila-mar\/#breadcrumblist","itemListElement":[{"@type":"ListItem","@id":"https:\/\/arr.pt\/pt#listItem","position":1,"name":"\u0413\u043b\u0430\u0432\u043d\u0430\u044f","item":"https:\/\/arr.pt\/pt","nextItem":{"@type":"ListItem","@id":"https:\/\/arr.pt\/pt\/property\/#listItem","name":"Propriedades"}},{"@type":"ListItem","@id":"https:\/\/arr.pt\/pt\/property\/#listItem","position":2,"name":"Propriedades","item":"https:\/\/arr.pt\/pt\/property\/","nextItem":{"@type":"ListItem","@id":"https:\/\/arr.pt\/pt\/property_type\/new\/#listItem","name":"\u041d\u043e\u0432\u043e\u0441\u0442\u0440\u043e\u0439\u043a\u0430"},"previousItem":{"@type":"ListItem","@id":"https:\/\/arr.pt\/pt#listItem","name":"\u0413\u043b\u0430\u0432\u043d\u0430\u044f"}},{"@type":"ListItem","@id":"https:\/\/arr.pt\/pt\/property_type\/new\/#listItem","position":3,"name":"\u041d\u043e\u0432\u043e\u0441\u0442\u0440\u043e\u0439\u043a\u0430","item":"https:\/\/arr.pt\/pt\/property_type\/new\/","nextItem":{"@type":"ListItem","@id":"https:\/\/arr.pt\/pt\/property\/madalena-vila-mar\/#listItem","name":"Madalena Vila Mar"},"previousItem":{"@type":"ListItem","@id":"https:\/\/arr.pt\/pt\/property\/#listItem","name":"Propriedades"}},{"@type":"ListItem","@id":"https:\/\/arr.pt\/pt\/property\/madalena-vila-mar\/#listItem","position":4,"name":"Madalena Vila Mar","previousItem":{"@type":"ListItem","@id":"https:\/\/arr.pt\/pt\/property_type\/new\/#listItem","name":"\u041d\u043e\u0432\u043e\u0441\u0442\u0440\u043e\u0439\u043a\u0430"}}]},{"@type":"Offer","@id":"https:\/\/arr.pt\/pt\/property\/madalena-vila-mar\/#offer","url":"https:\/\/arr.pt\/pt\/property\/madalena-vila-mar\/","priceCurrency":"EUR","businessFunction":"https:\/\/purl.org\/goodrelations\/v1#Sell","seller":{"@id":"https:\/\/arr.pt\/#organization"},"offeredBy":{"@id":"https:\/\/arr.pt\/#organization"},"itemOffered":{"@id":"https:\/\/arr.pt\/pt\/property\/madalena-vila-mar\/#property"}},{"@type":"RealEstateAgent","@id":"https:\/\/arr.pt\/#organization","name":"ARR","description":"Ag\u00eancia de media\u00e7\u00e3o imobili\u00e1ria e intermedi\u00e1rio de cr\u00e9dito em Portugal.","url":"https:\/\/arr.pt\/","email":"ola@arr.pt","telephone":"+351911755010","logo":{"@type":"ImageObject","@id":"https:\/\/arr.pt\/#logo","url":"https:\/\/arr.pt\/wp-content\/uploads\/2022\/01\/logo.svg","width":432,"height":140},"image":{"@id":"https:\/\/arr.pt\/#logo"},"sameAs":["https:\/\/www.facebook.com\/arr.portugal","https:\/\/twitter.com\/arrpt2","https:\/\/www.instagram.com\/arr.portugal\/"],"legalName":"Segredos Pr\u00f3speros, Unipessoal Lda","taxID":"517557851","currenciesAccepted":"EUR","knowsLanguage":["pt-PT","en-GB","ru-RU"],"areaServed":{"@type":"Country","name":"Portugal"},"address":{"@type":"PostalAddress","streetAddress":"Rua Eduardo Coelho, 66, 1.\u00ba F","postalCode":"1200-164","addressLocality":"Lisboa","addressCountry":"PT"},"contactPoint":{"@type":"ContactPoint","telephone":"+351911755010","email":"ola@arr.pt","contactType":"customer service","availableLanguage":["Portuguese","English","Russian"]},"identifier":{"@type":"PropertyValue","propertyID":"AMI","value":"22515"}},{"@type":"RealEstateListing","@id":"https:\/\/arr.pt\/pt\/property\/madalena-vila-mar\/#webpage","url":"https:\/\/arr.pt\/pt\/property\/madalena-vila-mar\/","name":"Madalena Vila Mar - \u041d\u0435\u0434\u0432\u0438\u0436\u0438\u043c\u043e\u0441\u0442\u044c \u0432 \u041f\u043e\u0440\u0442\u0443\u0433\u0430\u043b\u0438\u0438","description":"\u0416\u0438\u043b\u043e\u0439 \u043a\u043e\u043c\u043f\u043b\u0435\u043a\u0441 Madalena Vila Mar \u0440\u0430\u0441\u043f\u043e\u043b\u043e\u0436\u0435\u043d \u0432 Madalena, Vila Nova de Gaia. \u0414\u043e\u0441\u0442\u0443\u043f\u043d\u044b \u0442\u0438\u043f\u043e\u043b\u043e\u0433\u0438\u0438 T4. \u0426\u0435\u043d\u044b \u043d\u0430\u0447\u0438\u043d\u0430\u044e\u0442\u0441\u044f \u043e\u0442 \u20ac1.100.000.","inLanguage":"pt-PT","isPartOf":{"@id":"https:\/\/arr.pt\/pt\/#website"},"breadcrumb":{"@id":"https:\/\/arr.pt\/pt\/property\/madalena-vila-mar\/#breadcrumblist"},"author":{"@id":"https:\/\/arr.pt\/#organization"},"creator":{"@id":"https:\/\/arr.pt\/#organization"},"image":{"@type":"ImageObject","url":"https:\/\/arr.pt\/wp-content\/uploads\/2026\/09\/sava-madalena-vila-mar-gallery-1babe660c7bb.jpg","@id":"https:\/\/arr.pt\/pt\/property\/madalena-vila-mar\/#mainImage","width":1600,"height":864},"primaryImageOfPage":{"@id":"https:\/\/arr.pt\/pt\/property\/madalena-vila-mar\/#mainImage"},"datePublished":"2026-09-03T13:07:37+00:00","dateModified":"2026-09-03T13:07:37+00:00","datePosted":"2026-09-03T13:07:37+00:00","mainEntity":{"@id":"https:\/\/arr.pt\/pt\/property\/madalena-vila-mar\/#property"},"about":{"@id":"https:\/\/arr.pt\/pt\/property\/madalena-vila-mar\/#property"},"offers":{"@id":"https:\/\/arr.pt\/pt\/property\/madalena-vila-mar\/#offer"},"publisher":{"@id":"https:\/\/arr.pt\/#organization"},"provider":{"@id":"https:\/\/arr.pt\/#organization"}},{"@type":"WebSite","@id":"https:\/\/arr.pt\/pt\/#website","url":"https:\/\/arr.pt\/pt\/","name":"\u041d\u0435\u0434\u0432\u0438\u0436\u0438\u043c\u043e\u0441\u0442\u044c \u0432 \u041f\u043e\u0440\u0442\u0443\u0433\u0430\u043b\u0438\u0438","inLanguage":"pt-PT","publisher":{"@id":"https:\/\/arr.pt\/#organization"}}]},"og:locale":"pt_PT","og:site_name":"\u041d\u0435\u0434\u0432\u0438\u0436\u0438\u043c\u043e\u0441\u0442\u044c \u0432 \u041f\u043e\u0440\u0442\u0443\u0433\u0430\u043b\u0438\u0438 -","og:type":"article","og:title":"Madalena Vila Mar - \u041d\u0435\u0434\u0432\u0438\u0436\u0438\u043c\u043e\u0441\u0442\u044c \u0432 \u041f\u043e\u0440\u0442\u0443\u0433\u0430\u043b\u0438\u0438","og:description":"\u0416\u0438\u043b\u043e\u0439 \u043a\u043e\u043c\u043f\u043b\u0435\u043a\u0441 Madalena Vila Mar \u0440\u0430\u0441\u043f\u043e\u043b\u043e\u0436\u0435\u043d \u0432 Madalena, Vila Nova de Gaia. \u0414\u043e\u0441\u0442\u0443\u043f\u043d\u044b \u0442\u0438\u043f\u043e\u043b\u043e\u0433\u0438\u0438 T4. \u0426\u0435\u043d\u044b \u043d\u0430\u0447\u0438\u043d\u0430\u044e\u0442\u0441\u044f \u043e\u0442 \u20ac1.100.000.","og:url":"https:\/\/arr.pt\/pt\/property\/madalena-vila-mar\/","og:image":"https:\/\/arr.pt\/wp-content\/uploads\/2022\/01\/logo.svg","og:image:secure_url":"https:\/\/arr.pt\/wp-content\/uploads\/2022\/01\/logo.svg","og:image:width":432,"og:image:height":140,"article:published_time":"2026-09-03T13:07:37+00:00","article:modified_time":"2026-09-03T13:07:37+00:00","article:publisher":"https:\/\/www.facebook.com\/arr.portugal","twitter:card":"summary","twitter:site":"@arrpt2","twitter:title":"Madalena Vila Mar - \u041d\u0435\u0434\u0432\u0438\u0436\u0438\u043c\u043e\u0441\u0442\u044c \u0432 \u041f\u043e\u0440\u0442\u0443\u0433\u0430\u043b\u0438\u0438","twitter:description":"\u0416\u0438\u043b\u043e\u0439 \u043a\u043e\u043c\u043f\u043b\u0435\u043a\u0441 Madalena Vila Mar \u0440\u0430\u0441\u043f\u043e\u043b\u043e\u0436\u0435\u043d \u0432 Madalena, Vila Nova de Gaia. \u0414\u043e\u0441\u0442\u0443\u043f\u043d\u044b \u0442\u0438\u043f\u043e\u043b\u043e\u0433\u0438\u0438 T4. \u0426\u0435\u043d\u044b \u043d\u0430\u0447\u0438\u043d\u0430\u044e\u0442\u0441\u044f \u043e\u0442 \u20ac1.100.000.","twitter:creator":"@arrpt2","twitter:image":"https:\/\/arr.pt\/wp-content\/uploads\/2022\/01\/logo.svg"},"aioseo_meta_data":[],"aioseo_breadcrumb":"<div class=\"aioseo-breadcrumbs\"><span class=\"aioseo-breadcrumb\">\n\t\t\t<a href=\"https:\/\/arr.pt\/pt\" title=\"\u0413\u043b\u0430\u0432\u043d\u0430\u044f\">\u0413\u043b\u0430\u0432\u043d\u0430\u044f<\/a>\n\t\t<\/span><span class=\"aioseo-breadcrumb-separator\">&raquo;<\/span><span class=\"aioseo-breadcrumb\">\n\t\t\t<a href=\"https:\/\/arr.pt\/pt\/property\/\" title=\"Propriedades\">Propriedades<\/a>\n\t\t<\/span><span class=\"aioseo-breadcrumb-separator\">&raquo;<\/span><span class=\"aioseo-breadcrumb\">\n\t\t\t<a href=\"https:\/\/arr.pt\/pt\/property_type\/new\/\" title=\"\u041d\u043e\u0432\u043e\u0441\u0442\u0440\u043e\u0439\u043a\u0430\">\u041d\u043e\u0432\u043e\u0441\u0442\u0440\u043e\u0439\u043a\u0430<\/a>\n\t\t<\/span><span class=\"aioseo-breadcrumb-separator\">&raquo;<\/span><span class=\"aioseo-breadcrumb\">\n\t\t\tMadalena Vila Mar\n\t\t<\/span><\/div>","aioseo_breadcrumb_json":[{"label":"\u0413\u043b\u0430\u0432\u043d\u0430\u044f","link":"https:\/\/arr.pt\/pt"},{"label":"Propriedades","link":"https:\/\/arr.pt\/pt\/property\/"},{"label":"\u041d\u043e\u0432\u043e\u0441\u0442\u0440\u043e\u0439\u043a\u0430","link":"https:\/\/arr.pt\/pt\/property_type\/new\/"},{"label":"Madalena Vila Mar","link":"https:\/\/arr.pt\/pt\/property\/madalena-vila-mar\/"}],"property_meta":{"fave_agent_display_option":["agency_info"],"fave_property_agency":["18866"],"fave_featured":["0"],"houzez_featured_listing_date":[""],"fave_property_map_address":["Madalena, Vila Nova de Gaia"],"fave_property_address":["Madalena"],"fave_property_location":["41.10020000,-8.65920000"],"houzez_geolocation_lat":["41.10020000"],"houzez_geolocation_long":["-8.65920000"],"fave_property_year":["2026"],"_thumbnail_id":["37992"],"fave_property_images":["a:7:{i:0;i:37992;i:1;i:37992;i:2;i:37993;i:3;i:37994;i:4;i:37995;i:5;i:37996;i:6;i:37997;}"],"_sava_arr_static_imported":["1"],"_sava_arr_project_id":["340"],"_sava_arr_managed":["1"],"fave_property_price":["T4 \u043e\u0442 \u20ac1.100.000"],"floor_plans":["a:15:{i:0;a:8:{s:15:\"fave_plan_title\";s:2:\"T4\";s:15:\"fave_plan_rooms\";s:1:\"4\";s:19:\"fave_plan_bathrooms\";s:3:\"4.0\";s:15:\"fave_plan_price\";s:10:\"1100000.00\";s:23:\"fave_plan_price_postfix\";s:0:\"\";s:14:\"fave_plan_size\";s:10:\"279.76 m\u00b2\";s:15:\"fave_plan_image\";s:86:\"https:\/\/arr.pt\/wp-content\/uploads\/2026\/09\/sava-madalena-vila-mar-plan-bad3c50a3137.pdf\";s:21:\"fave_plan_description\";s:0:\"\";}i:1;a:8:{s:15:\"fave_plan_title\";s:6:\"T4 M02\";s:15:\"fave_plan_rooms\";s:1:\"4\";s:19:\"fave_plan_bathrooms\";s:3:\"4.0\";s:15:\"fave_plan_price\";s:10:\"1100000.00\";s:23:\"fave_plan_price_postfix\";s:0:\"\";s:14:\"fave_plan_size\";s:10:\"240.00 m\u00b2\";s:15:\"fave_plan_image\";s:86:\"https:\/\/arr.pt\/wp-content\/uploads\/2026\/09\/sava-madalena-vila-mar-plan-f6b128b237d8.pdf\";s:21:\"fave_plan_description\";s:0:\"\";}i:2;a:8:{s:15:\"fave_plan_title\";s:6:\"T4 M01\";s:15:\"fave_plan_rooms\";s:1:\"4\";s:19:\"fave_plan_bathrooms\";s:3:\"4.0\";s:15:\"fave_plan_price\";s:10:\"1100000.00\";s:23:\"fave_plan_price_postfix\";s:0:\"\";s:14:\"fave_plan_size\";s:10:\"240.00 m\u00b2\";s:15:\"fave_plan_image\";s:86:\"https:\/\/arr.pt\/wp-content\/uploads\/2026\/09\/sava-madalena-vila-mar-plan-3e2f075ef9da.pdf\";s:21:\"fave_plan_description\";s:0:\"\";}i:3;a:8:{s:15:\"fave_plan_title\";s:2:\"T4\";s:15:\"fave_plan_rooms\";s:1:\"4\";s:19:\"fave_plan_bathrooms\";s:3:\"4.0\";s:15:\"fave_plan_price\";s:10:\"1100000.00\";s:23:\"fave_plan_price_postfix\";s:0:\"\";s:14:\"fave_plan_size\";s:10:\"279.76 m\u00b2\";s:15:\"fave_plan_image\";s:86:\"https:\/\/arr.pt\/wp-content\/uploads\/2026\/09\/sava-madalena-vila-mar-plan-e93b66a83a7c.pdf\";s:21:\"fave_plan_description\";s:0:\"\";}i:4;a:8:{s:15:\"fave_plan_title\";s:6:\"T4 M03\";s:15:\"fave_plan_rooms\";s:1:\"4\";s:19:\"fave_plan_bathrooms\";s:3:\"4.0\";s:15:\"fave_plan_price\";s:10:\"1100000.00\";s:23:\"fave_plan_price_postfix\";s:0:\"\";s:14:\"fave_plan_size\";s:10:\"246.00 m\u00b2\";s:15:\"fave_plan_image\";s:86:\"https:\/\/arr.pt\/wp-content\/uploads\/2026\/09\/sava-madalena-vila-mar-plan-e11923859e9a.pdf\";s:21:\"fave_plan_description\";s:0:\"\";}i:5;a:8:{s:15:\"fave_plan_title\";s:2:\"T4\";s:15:\"fave_plan_rooms\";s:1:\"4\";s:19:\"fave_plan_bathrooms\";s:3:\"4.0\";s:15:\"fave_plan_price\";s:10:\"1100000.00\";s:23:\"fave_plan_price_postfix\";s:0:\"\";s:14:\"fave_plan_size\";s:10:\"279.76 m\u00b2\";s:15:\"fave_plan_image\";s:86:\"https:\/\/arr.pt\/wp-content\/uploads\/2026\/09\/sava-madalena-vila-mar-plan-ed61dc244cc1.pdf\";s:21:\"fave_plan_description\";s:0:\"\";}i:6;a:8:{s:15:\"fave_plan_title\";s:6:\"T4 M13\";s:15:\"fave_plan_rooms\";s:1:\"4\";s:19:\"fave_plan_bathrooms\";s:3:\"4.0\";s:15:\"fave_plan_price\";s:10:\"1175000.00\";s:23:\"fave_plan_price_postfix\";s:0:\"\";s:14:\"fave_plan_size\";s:10:\"240.00 m\u00b2\";s:15:\"fave_plan_image\";s:86:\"https:\/\/arr.pt\/wp-content\/uploads\/2026\/09\/sava-madalena-vila-mar-plan-86891b60590f.pdf\";s:21:\"fave_plan_description\";s:0:\"\";}i:7;a:8:{s:15:\"fave_plan_title\";s:2:\"T4\";s:15:\"fave_plan_rooms\";s:1:\"4\";s:19:\"fave_plan_bathrooms\";s:3:\"4.0\";s:15:\"fave_plan_price\";s:10:\"1175000.00\";s:23:\"fave_plan_price_postfix\";s:0:\"\";s:14:\"fave_plan_size\";s:10:\"279.76 m\u00b2\";s:15:\"fave_plan_image\";s:86:\"https:\/\/arr.pt\/wp-content\/uploads\/2026\/09\/sava-madalena-vila-mar-plan-b3549214c335.jpg\";s:21:\"fave_plan_description\";s:0:\"\";}i:8;a:8:{s:15:\"fave_plan_title\";s:2:\"T4\";s:15:\"fave_plan_rooms\";s:1:\"4\";s:19:\"fave_plan_bathrooms\";s:3:\"4.0\";s:15:\"fave_plan_price\";s:10:\"1175000.00\";s:23:\"fave_plan_price_postfix\";s:0:\"\";s:14:\"fave_plan_size\";s:10:\"279.76 m\u00b2\";s:15:\"fave_plan_image\";s:86:\"https:\/\/arr.pt\/wp-content\/uploads\/2026\/09\/sava-madalena-vila-mar-plan-363dd3c2437e.pdf\";s:21:\"fave_plan_description\";s:0:\"\";}i:9;a:8:{s:15:\"fave_plan_title\";s:6:\"T4 M12\";s:15:\"fave_plan_rooms\";s:1:\"4\";s:19:\"fave_plan_bathrooms\";s:3:\"4.0\";s:15:\"fave_plan_price\";s:10:\"1175000.00\";s:23:\"fave_plan_price_postfix\";s:0:\"\";s:14:\"fave_plan_size\";s:10:\"240.00 m\u00b2\";s:15:\"fave_plan_image\";s:86:\"https:\/\/arr.pt\/wp-content\/uploads\/2026\/09\/sava-madalena-vila-mar-plan-027c637314a4.pdf\";s:21:\"fave_plan_description\";s:0:\"\";}i:10;a:8:{s:15:\"fave_plan_title\";s:6:\"T4 M10\";s:15:\"fave_plan_rooms\";s:1:\"4\";s:19:\"fave_plan_bathrooms\";s:3:\"4.0\";s:15:\"fave_plan_price\";s:10:\"1200000.00\";s:23:\"fave_plan_price_postfix\";s:0:\"\";s:14:\"fave_plan_size\";s:10:\"279.76 m\u00b2\";s:15:\"fave_plan_image\";s:86:\"https:\/\/arr.pt\/wp-content\/uploads\/2026\/09\/sava-madalena-vila-mar-plan-79b0ba374c2e.jpg\";s:21:\"fave_plan_description\";s:0:\"\";}i:11;a:8:{s:15:\"fave_plan_title\";s:6:\"T4 M10\";s:15:\"fave_plan_rooms\";s:1:\"4\";s:19:\"fave_plan_bathrooms\";s:3:\"4.0\";s:15:\"fave_plan_price\";s:10:\"1200000.00\";s:23:\"fave_plan_price_postfix\";s:0:\"\";s:14:\"fave_plan_size\";s:10:\"240.00 m\u00b2\";s:15:\"fave_plan_image\";s:86:\"https:\/\/arr.pt\/wp-content\/uploads\/2026\/09\/sava-madalena-vila-mar-plan-dc73564fefcf.pdf\";s:21:\"fave_plan_description\";s:0:\"\";}i:12;a:8:{s:15:\"fave_plan_title\";s:6:\"T4 M18\";s:15:\"fave_plan_rooms\";s:1:\"4\";s:19:\"fave_plan_bathrooms\";s:3:\"4.0\";s:15:\"fave_plan_price\";s:10:\"1250000.00\";s:23:\"fave_plan_price_postfix\";s:0:\"\";s:14:\"fave_plan_size\";s:10:\"240.00 m\u00b2\";s:15:\"fave_plan_image\";s:86:\"https:\/\/arr.pt\/wp-content\/uploads\/2026\/09\/sava-madalena-vila-mar-plan-a92ed93802cb.pdf\";s:21:\"fave_plan_description\";s:0:\"\";}i:13;a:8:{s:15:\"fave_plan_title\";s:2:\"T4\";s:15:\"fave_plan_rooms\";s:1:\"4\";s:19:\"fave_plan_bathrooms\";s:3:\"4.0\";s:15:\"fave_plan_price\";s:10:\"1250000.00\";s:23:\"fave_plan_price_postfix\";s:0:\"\";s:14:\"fave_plan_size\";s:10:\"279.76 m\u00b2\";s:15:\"fave_plan_image\";s:86:\"https:\/\/arr.pt\/wp-content\/uploads\/2026\/09\/sava-madalena-vila-mar-plan-15258b4ea0c8.pdf\";s:21:\"fave_plan_description\";s:0:\"\";}i:14;a:8:{s:15:\"fave_plan_title\";s:6:\"T4 M16\";s:15:\"fave_plan_rooms\";s:1:\"4\";s:19:\"fave_plan_bathrooms\";s:3:\"4.0\";s:15:\"fave_plan_price\";s:10:\"1250000.00\";s:23:\"fave_plan_price_postfix\";s:0:\"\";s:14:\"fave_plan_size\";s:10:\"240.00 m\u00b2\";s:15:\"fave_plan_image\";s:86:\"https:\/\/arr.pt\/wp-content\/uploads\/2026\/09\/sava-madalena-vila-mar-plan-d5090e9c81f4.pdf\";s:21:\"fave_plan_description\";s:0:\"\";}}"],"_sava_arr_last_availability_sync":["2026-09-03T13:07:53+00:00"],"_eael_post_view_count":["6"],"houzez_total_property_views":["5"],"houzez_views_by_date":["a:1:{s:10:\"09-03-2026\";i:5;}"],"houzez_recently_viewed":["2026-09-03 15:41:05"]},"_links":{"self":[{"href":"https:\/\/arr.pt\/pt\/wp-json\/wp\/v2\/properties\/37991","targetHints":{"allow":["GET"]}}],"collection":[{"href":"https:\/\/arr.pt\/pt\/wp-json\/wp\/v2\/properties"}],"about":[{"href":"https:\/\/arr.pt\/pt\/wp-json\/wp\/v2\/types\/property"}],"author":[{"embeddable":true,"href":"https:\/\/arr.pt\/pt\/wp-json\/wp\/v2\/users\/1"}],"version-history":[{"count":0,"href":"https:\/\/arr.pt\/pt\/wp-json\/wp\/v2\/properties\/37991\/revisions"}],"wp:featuredmedia":[{"embeddable":true,"href":"https:\/\/arr.pt\/pt\/wp-json\/wp\/v2\/media\/37992"}],"wp:attachment":[{"href":"https:\/\/arr.pt\/pt\/wp-json\/wp\/v2\/media?parent=37991"}],"wp:term":[{"taxonomy":"property_type","embeddable":true,"href":"https:\/\/arr.pt\/pt\/wp-json\/wp\/v2\/property_type?post=37991"},{"taxonomy":"property_status","embeddable":true,"href":"https:\/\/arr.pt\/pt\/wp-json\/wp\/v2\/property_status?post=37991"},{"taxonomy":"property_feature","embeddable":true,"href":"https:\/\/arr.pt\/pt\/wp-json\/wp\/v2\/property_feature?post=37991"},{"taxonomy":"property_label","embeddable":true,"href":"https:\/\/arr.pt\/pt\/wp-json\/wp\/v2\/property_label?post=37991"},{"taxonomy":"property_city","embeddable":true,"href":"https:\/\/arr.pt\/pt\/wp-json\/wp\/v2\/property_city?post=37991"}],"curies":[{"name":"wp","href":"https:\/\/api.w.org\/{rel}","templated":true}]}}